

{"id":4897,"date":"2025-04-12T19:07:11","date_gmt":"2025-04-12T17:07:11","guid":{"rendered":"https:\/\/pehsu.org\/wp\/?page_id=4897"},"modified":"2025-06-28T11:49:14","modified_gmt":"2025-06-28T09:49:14","slug":"hoja-verde-electronica-de-diagnostico-salud-medioambiental-escolar","status":"publish","type":"page","link":"https:\/\/pehsu.org\/wp\/?page_id=4897","title":{"rendered":"Hoja verde electr\u00f3nica de diagn\u00f3stico salud medioambiental escolar"},"content":{"rendered":"\n<p><em>Ortega Garc\u00eda JA, S\u00e1nchez Sauco MF, C\u00e1novas Conesa CA, Ferris i Tortajada J (2020). Hoja verde electr\u00f3nica de diagn\u00f3stico salud medioambiental escolar. 2\u00ba Edici\u00f3n. Gu\u00eda de Acci\u00f3n Medioambiental Escolar. Unidad de Salud Medioambiental Pedi\u00e1trica Murcia, 2020. Espa\u00f1a. Visitado: (fecha de acceso) Disponible en: <\/em><a href=\"https:\/\/pehsu.org\/wp\/?p=2258\">https:\/\/pehsu.org\/wp\/?p=2258<\/a> <\/p>\n\n\n\n<p><a href=\"https:\/\/pehsu.org\/wp\/?page_id=784\" data-type=\"link\" data-id=\"https:\/\/pehsu.org\/wp\/?page_id=784\" target=\"_blank\" rel=\"noreferrer noopener\">Versi\u00f3n previa (2012) <\/a><\/p>\n\n\n\n<p><strong><u>DIAGN\u00d3STICO DE SALUD MEDIOAMBIENTAL ESCOLAR<\/u><\/strong> (2020, versi\u00f3n 0.1 en activo). <\/p>\n\n\n\n<p>\u00bfTe gustar\u00eda conocer el estado de la Salud Medioambiental Escolar en el centro educativo en el que trabajas o acuden tus hijos\/as? \u00bfQu\u00e9 nivel de resiliencia tiene tu colegio?<\/p>\n\n\n\n<p>Te proponemos conocer el estado de la salud ambiental escolar en tu colegio o instituto. Los ni\u00f1os\/as pasan 40 horas a la semana en los coles, cada vez los padres y madres realizan preguntas sobre los aspectos ambientales del colegio que adem\u00e1s ayuden a ser m\u00e1s resilientes.<\/p>\n\n\n\n<p>Referencia autores: Ortega Garc\u00eda JA, S\u00e1nchez Sauco MF, C\u00e1novas Conesa CA, Ferris i Tortajada J (2020). Hoja verde electr\u00f3nica de diagn\u00f3stico medioambiental escolar. 2\u00ba ed. Gu\u00eda de Acci\u00f3n Medioambiental Escolar. Unidad de Salud Medioambiental Pedi\u00e1trica Murcia, 2020. Espa\u00f1a. Visitado: (fecha de acceso) Disponible en: <a href=\"file:\/\/\/huva_svm_users.ad.sms.carm.es\/compartido\/SaludMedioambiental\/SALUD%20AMBIENTAL%20ESCOLAR\/www.pehsu.org\/\">www.pehsu.org\/<\/a> AQU\u00cd. <a href=\"https:\/\/pehsu.org\/wp\/?p=2258\">https:\/\/pehsu.org\/wp\/?p=2258<\/a><\/p>\n\n\n\n<p><strong>\u00bfTe gustar\u00eda conocer el estado de la Salud Medioambiental Escolar en el centro educativo? \u00bfQu\u00e9 nivel de resiliencia tiene tu centro educativo?<\/strong><\/p>\n\n\n\n<p><strong>Para padres, madres, profesores, enfermeras ambientales escolares, asociaciones de madres y padres de alumnos, asociaciones de alumnos y los propios estudiantes.<\/strong> Los ni\u00f1os\/as pasan 40 horas a la semana en los coles, cada vez los padres realizan preguntas sobre los aspectos ambientales del colegio que adem\u00e1s ayuden a ser m\u00e1s resilientes.<\/p>\n\n\n\n<p>Es una herramienta gratuita. Se proh\u00edbe la distribuci\u00f3n, uso, divulgaci\u00f3n y comercializaci\u00f3n de esta herramienta sin consentimiento expreso de los autores. Solicitar informaci\u00f3n: information@pehsu.org<\/p>\n\n\n\n<p>Grupo de Investigaci\u00f3n de Environment and Human Health Lab (EH2 Lab) del Instituto de Investigaci\u00f3n Biosanitaria Arrixaca, Consejer\u00eda de Salud, Regi\u00f3n de Murcia, Universidad de Murcia, con la Colaboraci\u00f3n con la Asociaci\u00f3n Espa\u00f1ola de Pediatr\u00eda (AEP). Incorporados a la actividad \u201c \u00abEscuela, Salud y Medioambiente\u00bb\u201d cuya finalidad es realizar un estudio sobre la situaci\u00f3n del medioambiente y resiliencia en el entorno escolar infanto-juvenil.<\/p>\n\n\n\n<p><strong>Dura 7+ minutos.&nbsp;&nbsp; <a href=\"https:\/\/pehsu.org\/wp\/?p=2258\" data-type=\"link\" data-id=\"https:\/\/pehsu.org\/wp\/?p=2258\" target=\"_blank\" rel=\"noreferrer noopener\">VAMOS ALL\u00c1<\/a><\/strong><\/p>\n\n\n\n<hr class=\"wp-block-separator has-alpha-channel-opacity\"\/>\n\n\n\n<p>Es una herramienta gratuita. Se proh\u00edbe la distribuci\u00f3n, uso, divulgaci\u00f3n y comercializaci\u00f3n de esta herramienta sin consentimiento expreso de los autores e indicar la referencia del trabajo. Solicitar informaci\u00f3n: information@pehsu.org<\/p>\n\n\n\n<p>Materiales propiedad intelectual del equipo de investigaci\u00f3n. : Grupo de Investigaci\u00f3n de Environment and Human Health (EH2) Lab del Instituto de Investigaci\u00f3n Biosanitaria Arrixaca de la Universidad de Murcia en colaboraci\u00f3n con la Asociaci\u00f3n Espa\u00f1ola de Pediatr\u00eda incorporados a la actividad \u201c \u00abEscuela, Salud y Medioambiente\u00bb\u201d cuya finalidad es realizar un estudio sobre la situaci\u00f3n del medioambiente en el entorno escolar infanto-juvenil.<\/p>\n\n\n\n<p>Los datos de car\u00e1cter personal (email de contacto se solicita de forma voluntaria) se suprimir\u00e1n una vez haya terminado el periodo del estudio o cuando el interesado manifieste su voluntad de no seguir recibiendo informaci\u00f3n al respecto.<\/p>\n\n\n\n<p>Puede ejercitar sus derechos de acceso, rectificaci\u00f3n, supresi\u00f3n y portabilidad de sus datos, de limitaci\u00f3n y oposici\u00f3n a su tratamiento, as\u00ed como a no ser objeto de decisiones basadas \u00fanicamente en el tratamiento automatizado de sus datos, cuando procedan, ante el Human Health and Environment Lab del Instituto de Investigaci\u00f3n Biosanitaria Arrixaca de la Universidad de Murcia CP: 30120 o en la direcci\u00f3n de correo electr\u00f3nico (training@pehsu.org ). IP del proyecto: Ortega Garc\u00eda JA, MD, PhD.<\/p>\n\n\n\n<h3 class=\"wp-block-heading\"><strong>BES \u2013 Bar\u00f3metro de Escuelas Saludables<\/strong><\/h3>\n\n\n\n<div class=\"wp-block-media-text is-stacked-on-mobile\"><figure class=\"wp-block-media-text__media\"><img fetchpriority=\"high\" decoding=\"async\" width=\"683\" height=\"1024\" src=\"https:\/\/pehsu.org\/wp\/wp-content\/uploads\/c249856b-9d56-4bf5-8dbf-b562e112406c-683x1024.png\" alt=\"\" class=\"wp-image-4899 size-full\" srcset=\"https:\/\/pehsu.org\/wp\/wp-content\/uploads\/c249856b-9d56-4bf5-8dbf-b562e112406c-683x1024.png 683w, https:\/\/pehsu.org\/wp\/wp-content\/uploads\/c249856b-9d56-4bf5-8dbf-b562e112406c-200x300.png 200w, https:\/\/pehsu.org\/wp\/wp-content\/uploads\/c249856b-9d56-4bf5-8dbf-b562e112406c.png 1024w\" sizes=\"(max-width: 683px) 100vw, 683px\" \/><\/figure><div class=\"wp-block-media-text__content\">\n<p>El <strong>Bar\u00f3metro de Escuelas Saludables (BES)<\/strong> es el resultado final de una herramienta colaborativa basada en el <strong>Diagn\u00f3stico de Salud Ambiental Escolar<\/strong>, que permite transformar datos en decisiones y escuelas en entornos m\u00e1s protectores.<\/p>\n\n\n\n<p>La evaluaci\u00f3n cualitativa es solo el punto de partida. En paralelo, estamos desarrollando un <strong>modelo predictivo multivariable<\/strong> que generar\u00e1 un <strong>\u00cdndice de Salud Ambiental Escolar (ISAE)<\/strong>: una puntuaci\u00f3n cuantitativa, clara y visual, pensada para priorizar intervenciones, comparar contextos escolares y orientar pol\u00edticas p\u00fablicas.<\/p>\n\n\n\n<p>\ud83d\udd0d El \u00edndice se basa en dimensiones clave:<\/p>\n\n\n\n<ul class=\"wp-block-list\">\n<li>Calidad del aire interior<\/li>\n\n\n\n<li>Contaminantes f\u00edsicos y qu\u00edmicos<\/li>\n\n\n\n<li>Entorno urbano o natural<\/li>\n\n\n\n<li>Acceso a zonas verdes<\/li>\n\n\n\n<li>Estilos de vida del alumnado<\/li>\n\n\n\n<li>Organizaci\u00f3n y cultura escolar<\/li>\n<\/ul>\n\n\n\n<p>\ud83c\udfaf <strong>Objetivo<\/strong>: que cualquier escuela pueda conocer f\u00e1cilmente su nivel ambiental, avanzar hacia la excelencia (nivel verde \ud83c\udf32), y sumarse a un <strong>mapa nacional de entornos escolares saludables<\/strong>.<\/p>\n\n\n\n<p>\ud83d\udccc <em>El BES no solo mide: conecta, transforma y empodera.<\/em><\/p>\n<\/div><\/div>\n\n\n\n<p>El <strong>Bar\u00f3metro de Escuelas Saludables (BES)<\/strong> es un \u00edndice positivo y participativo que eval\u00faa el grado de salud ambiental y resiliencia de un centro educativo. Se basa en evidencias cient\u00edficas y tiene como objetivo reconocer, motivar y acompa\u00f1ar a las comunidades escolares en su camino hacia entornos m\u00e1s sostenibles, seguros y saludables. A diferencia de los indicadores de riesgo, el BES destaca los logros alcanzados y orienta las acciones de mejora continua. Considera aspectos f\u00edsicos, sociales, culturales y organizativos del entorno escolar, desde la calidad del aire interior hasta la participaci\u00f3n en programas de naturaleza o movili dad activa.<\/p>\n\n\n\n<p>El BES se representa de forma visual como una <strong>hoja o \u00e1rbol en crecimiento<\/strong>, con cuatro niveles ascendentes:<\/p>\n\n\n\n<ul class=\"wp-block-list\">\n<li>\ud83c\udf42 <strong>Brotes<\/strong> \u2013 Se identifican oportunidades de mejora.<\/li>\n\n\n\n<li>\ud83c\udf3f <strong>Reto\u00f1os<\/strong> \u2013 Se han iniciado cambios con impacto visible.<\/li>\n\n\n\n<li>\ud83c\udf33 <strong>\u00c1rbol joven<\/strong> \u2013 Entorno saludable y cultura preventiva.<\/li>\n\n\n\n<li>\ud83c\udf32 <strong>Bosque saludable<\/strong> \u2013 Modelo consolidado, replicable e inspirador.<\/li>\n<\/ul>\n\n\n\n<p>Este bar\u00f3metro permite a cada escuela <strong>medirse, compararse, compartir avances<\/strong> y formar parte de un mapa vivo de transformaci\u00f3n escolar saludable.<\/p>\n\n\n\n<p>Puedes escribir a <a href=\"mailto:ortega@pehsu.org\">ortega@pehsu.org<\/a> y solicitar los resultados de la comunidad escolar que has evaluado, y un informe con recomendaciones adaptadas y personalizadas.<\/p>\n\n\n\n<h3 class=\"wp-block-heading\"><strong>ISAE \u2013 \u00cdndice de Salud Ambiental Escolar<\/strong><\/h3>\n\n\n\n<ul class=\"wp-block-list\">\n<li>Es un <strong>\u00edndice t\u00e9cnico, cuantitativo y estandarizado<\/strong>.<\/li>\n\n\n\n<li>Sirve para <strong>medir, comparar y priorizar<\/strong>.<\/li>\n\n\n\n<li>Se genera a partir de variables objetivas y ponderadas del diagn\u00f3stico escolar.<\/li>\n\n\n\n<li>Se expresa normalmente en forma <strong>num\u00e9rica<\/strong> o con <strong>gradientes tipo sem\u00e1foro<\/strong>.<\/li>\n\n\n\n<li>Es \u00fatil para investigadores, administraciones, t\u00e9cnicos, y como base de evaluaci\u00f3n cient\u00edfica.<\/li>\n<\/ul>\n\n\n\n<h3 class=\"wp-block-heading\">\ud83c\udf31 <strong>BES \u2013 Bar\u00f3metro de Escuelas Saludables<\/strong><\/h3>\n\n\n\n<ul class=\"wp-block-list\">\n<li>Es la <strong>traducci\u00f3n visual, accesible y educativa<\/strong> del ISAE.<\/li>\n\n\n\n<li>Tiene un enfoque <strong>positivo, motivador y pedag\u00f3gico<\/strong>.<\/li>\n\n\n\n<li>Se comunica con iconograf\u00eda (hojas, \u00e1rboles, colores) y lenguaje comprensible.<\/li>\n\n\n\n<li>Est\u00e1 pensado para involucrar a la <strong>comunidad escolar, familias y alumnado<\/strong>.<\/li>\n\n\n\n<li>Puede incluir criterios cualitativos (participaci\u00f3n, cultura escolar, resiliencia).<\/li>\n<\/ul>\n\n\n\n<h4 class=\"wp-block-heading\">Modelo de 4 niveles positivos (creciente en salud y resiliencia):<\/h4>\n\n\n\n<figure class=\"wp-block-table\"><table class=\"has-fixed-layout\"><tbody><tr><td><strong>\ud83c\udf31 Nivel<\/strong><\/td><td><strong>Nombre<\/strong><\/td><td><strong>Interpretaci\u00f3n<\/strong><\/td><td><strong>Acci\u00f3n<\/strong><\/td><\/tr><tr><td>\ud83c\udf42 1<\/td><td><strong>Brotes<\/strong><\/td><td>El entorno comienza a mejorar<\/td><td>Sembrar cambios, implicar<\/td><\/tr><tr><td>\ud83c\udf3f 2<\/td><td><strong>Reto\u00f1os<\/strong><\/td><td>Mejora parcial en salud y cultura ambiental<\/td><td>Consolidar buenas pr\u00e1cticas<\/td><\/tr><tr><td>\ud83c\udf33 3<\/td><td><strong>\u00c1rbol Joven<\/strong><\/td><td>Escuela resiliente con buena base ambiental<\/td><td>Compartir, inspirar a otros<\/td><\/tr><tr><td>\ud83c\udf32 4<\/td><td><strong>Bosque Saludable<\/strong><\/td><td>Modelo ejemplar en salud ambiental escolar<\/td><td>Mantener y liderar<\/td><\/tr><\/tbody><\/table><\/figure>\n\n\n\n<p>\u00cdNDICE B\u00c1SICO<\/p>\n\n\n\n<p style=\"font-size:clamp(14px, 0.875rem + ((1vw - 3.2px) * 0.265), 17px);\"><a href=\"#_Toc192596948\">1) PREGUNTAS PREVIAS DEL CENTRO EDUCATIVO. <\/a> (5%) <\/p>\n\n\n\n<p style=\"font-size:clamp(14px, 0.875rem + ((1vw - 3.2px) * 0.265), 17px);\"><a href=\"#_Toc192596949\">2)\u00a0 CARACTER\u00cdSTICAS B\u00c1SICAS DEL CENTRO EDUCATIVO. <\/a>(15%)<\/p>\n\n\n\n<p style=\"font-size:clamp(14px, 0.875rem + ((1vw - 3.2px) * 0.265), 17px);\"><a href=\"#_Toc192596950\">3) CALIDAD DEL AIRE INTERIOR. <\/a> (20%)<\/p>\n\n\n\n<p style=\"font-size:clamp(14px, 0.875rem + ((1vw - 3.2px) * 0.265), 17px);\"><a href=\"#_Toc192596951\">4) RUIDO Y CONTAMINACI\u00d3N ATMOSF\u00c9RICA URBANA. <\/a> (15%)<\/p>\n\n\n\n<p style=\"font-size:clamp(14px, 0.875rem + ((1vw - 3.2px) * 0.265), 17px);\"><a href=\"#_Toc192596952\">5) ESTILOS DE VIDA, ALIMENTACI\u00d3N Y CULTURA DE RESILIENCIA. <\/a> (20%)<\/p>\n\n\n\n<p style=\"font-size:clamp(14px, 0.875rem + ((1vw - 3.2px) * 0.265), 17px);\"><a href=\"#_Toc192596953\">6) AUTOBUSES Y MOVILIDAD ACTIVA. <\/a> (10%)<\/p>\n\n\n\n<p style=\"font-size:clamp(14px, 0.875rem + ((1vw - 3.2px) * 0.265), 17px);\"><a href=\"#_Toc192596954\">7) USO DE PLAGUICIDAS, QU\u00cdMICOS Y PL\u00c1STICOS EN LA ESCUELA. <\/a> (15%)<\/p>\n\n\n\n<h3 class=\"wp-block-heading\"><a id=\"_Toc192596948\">1.&nbsp;&nbsp;&nbsp; Nombre del centro educativo:<\/a><\/h3>\n\n\n\n<ul class=\"wp-block-list\">\n<li>Localidad:<\/li>\n\n\n\n<li>Pa\u00eds:<\/li>\n\n\n\n<li>Tipo de Centro Educativo\n<ul class=\"wp-block-list\">\n<li>PRIVADO, PUBLICO O CONCERTADO<\/li>\n<\/ul>\n<\/li>\n\n\n\n<li>Comunidad aut\u00f3noma \/ Regi\u00f3n<\/li>\n\n\n\n<li>Indica la direcci\u00f3n exacta del centro educativo<\/li>\n\n\n\n<li>C\u00f3digo Postal:<\/li>\n\n\n\n<li>Podr\u00eda indicar las etapas educativas presentes en el centro educativo<\/li>\n<\/ul>\n\n\n\n<p>Puede se\u00f1alar varios.<\/p>\n\n\n\n<ol style=\"list-style-type:lower-alpha\" class=\"wp-block-list\">\n<li>Elige tantas opciones como desees<\/li>\n<\/ol>\n\n\n\n<p>A Infantil<\/p>\n\n\n\n<p>B Primaria<\/p>\n\n\n\n<p>C Secundaria<\/p>\n\n\n\n<p>D Bachiller<\/p>\n\n\n\n<ul class=\"wp-block-list\">\n<li>Podr\u00eda se\u00f1alar el n\u00famero aproximado de alumnos matriculados anualmente:<\/li>\n<\/ul>\n\n\n\n<p>Los centros educativos de la Regi\u00f3n de Murcia, no es necesario contestar, ya disponemos de informaci\u00f3n.<\/p>\n\n\n\n<p>A 100<\/p>\n\n\n\n<p>B 100-500<\/p>\n\n\n\n<p>C 500-1000<\/p>\n\n\n\n<p>D 1000-1500<\/p>\n\n\n\n<p>E 1500-2000<\/p>\n\n\n\n<p>F &gt;2000<\/p>\n\n\n\n<ol class=\"wp-block-list\">\n<li> Participa este curso escolar en programas relacionados con la salud y\/o el medioambiente:<\/li>\n<\/ol>\n\n\n\n<p>Se\u00f1ale todos los que participe<\/p>\n\n\n\n<p>S S\u00ed<\/p>\n\n\n\n<p>N No<\/p>\n\n\n\n<ol class=\"wp-block-list\">\n<li> &nbsp;Existen barracones o aulas prefabricadas en el centro educativo<\/li>\n<\/ol>\n\n\n\n<p>A No existen<\/p>\n\n\n\n<p>B De 1 a 3<\/p>\n\n\n\n<p>C M\u00e1s de 3<\/p>\n\n\n\n<h3 class=\"wp-block-heading\"><a id=\"_Toc192596949\"><u>2) &nbsp;CARACTER\u00cdSTICAS B\u00c1SICAS DEL CENTRO EDUCATIVO<\/u><\/a><\/h3>\n\n\n\n<p><em>Objetivo: conocer las caracter\u00edsticas generales, ubicaci\u00f3n, arbolado, provisi\u00f3n de agua, combustibles, iluminaci\u00f3n, confort&#8230;<\/em><\/p>\n\n\n\n<ol style=\"list-style-type:lower-alpha\" class=\"wp-block-list\">\n<li><strong>Edad del edificio escolar<\/strong>. <em>Se refiere al a\u00f1o aproximado que se construy\u00f3 el edificio. Si tienes dudas, indica la edad del inmueble o estructura m\u00e1s antigua<\/em>.<\/li>\n<\/ol>\n\n\n\n<p>A 2000-actualidad<\/p>\n\n\n\n<p>B 1980-1999<\/p>\n\n\n\n<p>C 1950-1979<\/p>\n\n\n\n<p>D Antes de 1950<\/p>\n\n\n\n<ul class=\"wp-block-list\">\n<li><strong>\u00bfCu\u00e1ntos metros cuadrados tiene el recinto escolar aproximadamente<\/strong>? <em>(Terreno edificado + zonas verdes +patios\u2026 de planta baja):<\/em><\/li>\n<\/ul>\n\n\n\n<p><em>Si tienes dudas, puedes calcular la superficie la cifra aproximada dibujando el pol\u00edgono con &#8216;calcular distancia&#8217; aqu\u00ed: <\/em><a href=\"https:\/\/www.google.es\/maps\/@37.6233788,-0.9893719,15z\"><em>https:\/\/www.google.es\/maps\/@37.6233788,-0.9893719,15z<\/em><\/a><em> f (bot\u00f3n derecho&gt;medir distancia y une los bordes el pol\u00edgono)<\/em><\/p>\n\n\n\n<ul class=\"wp-block-list\">\n<li><strong>N\u00famero aproximado de \u00e1rboles que hay en el patio del colegio:<\/strong><\/li>\n<\/ul>\n\n\n\n<p>A Ninguno<\/p>\n\n\n\n<p>B Menos de 10<\/p>\n\n\n\n<p>C 10-30<\/p>\n\n\n\n<p>D M\u00e1s de 30<\/p>\n\n\n\n<ul class=\"wp-block-list\">\n<li>En tu opini\u00f3n, <strong>\u00bfqu\u00e9 tanto por ciento sobre la superficie total del recinto escolar representa las zonas exteriores?<\/strong><\/li>\n<\/ul>\n\n\n\n<p>Se refiere al espacio APROXIMADO al aire libre en jard\u00edn y \u00e1reas de patio exterior o zonas de juego.<\/p>\n\n\n\n<p>A Poco o Menos del 10%<\/p>\n\n\n\n<p>B Menos de la mitad (10-49%)<\/p>\n\n\n\n<p>C M\u00e1s de la mitad (50-75%)<\/p>\n\n\n\n<p>D La inmensa mayor\u00eda (M\u00e1s del 75%)<\/p>\n\n\n\n<ul class=\"wp-block-list\">\n<li>En tu opini\u00f3n,<strong> referente a los espacios aproximados de sombra (\u00e1rboles, p\u00e9rgolas\u2026), <\/strong>dir\u00edas que la cantidad es:<\/li>\n<\/ul>\n\n\n\n<p>A Muy escasa o ninguna<\/p>\n\n\n\n<p>B Poca<\/p>\n\n\n\n<p>C Bastante<\/p>\n\n\n\n<p>D Mucha<\/p>\n\n\n\n<ul class=\"wp-block-list\">\n<li><strong>De forma global, la iluminaci\u00f3n natural en las aulas&#8230;<\/strong>Durante las horas del d\u00eda.<\/li>\n<\/ul>\n\n\n\n<p>A Es suficiente en todas las aulas<\/p>\n\n\n\n<p>B Algunas aulas necesitan luz artificial algunas horas<\/p>\n\n\n\n<p>C Casi todas las aulas necesitan luz artificial<\/p>\n\n\n\n<ul class=\"wp-block-list\">\n<li><strong>En el centro educativo, el confort t\u00e9rmico es<\/strong><\/li>\n<\/ul>\n\n\n\n<p>Se refiere que sea confortable tanto en invierno como en verano<\/p>\n\n\n\n<p>A Globalmente es adecuado todo el a\u00f1o<\/p>\n\n\n\n<p>B Tenemos aulas muy fr\u00edas en invierno<\/p>\n\n\n\n<p>C Tenemos aulas muy calurosas en verano<\/p>\n\n\n\n<p>D En invierno fr\u00edas y en verano muy calurosas<\/p>\n\n\n\n<ul class=\"wp-block-list\">\n<li><strong>\u00bfQu\u00e9 tipo de calefacci\u00f3n tiene el centro educativo?<\/strong><\/li>\n<\/ul>\n\n\n\n<p>A Gas natural<\/p>\n\n\n\n<p>B Gas Butano<\/p>\n\n\n\n<p>C Gas Propano<\/p>\n\n\n\n<p>D El\u00e9ctrica<\/p>\n\n\n\n<p>E Estufas de carb\u00f3n o madera<\/p>\n\n\n\n<p>F Diesel<\/p>\n\n\n\n<p>G No tiene calefacci\u00f3<\/p>\n\n\n\n<ol style=\"list-style-type:lower-roman\" class=\"wp-block-list\">\n<li><strong>\u00bfD\u00f3nde se guarda el combustible de la caldera?<\/strong><\/li>\n<\/ol>\n\n\n\n<p>A En unos dep\u00f3sitos en el patio al aire libre<\/p>\n\n\n\n<p>B En unos dep\u00f3sitos enterrados<\/p>\n\n\n\n<p>C No se almacenamos combustible<\/p>\n\n\n\n<p>D No lo s\u00e9<\/p>\n\n\n\n<ul class=\"wp-block-list\">\n<li><strong>\u00bfDe d\u00f3nde procede el agua beben los ni\u00f1os en el colegio?<\/strong><\/li>\n<\/ul>\n\n\n\n<p>Elige tantas opciones como desees<\/p>\n\n\n\n<p>A. Municipal<\/p>\n\n\n\n<p>B. Embotellada<\/p>\n\n\n\n<p>C. Pozo p\u00fablico o privado<\/p>\n\n\n\n<p>D. Manantial o fuente<\/p>\n\n\n\n<p>E. Otras<\/p>\n\n\n\n<ul class=\"wp-block-list\">\n<li><strong>\u00bfExiste botiqu\u00edn de primeros auxilios?&nbsp;&nbsp;&nbsp;&nbsp; <\/strong>S S\u00ed.&nbsp;&nbsp; N No<\/li>\n<\/ul>\n\n\n\n<ul class=\"wp-block-list\">\n<li><strong>\u00bfExiste un plan de emergencia medioambiental en caso de desastre<\/strong>? <em>Se refiere a planes de evacuaci\u00f3n, identificaci\u00f3n de lugares seguros en caso de vertidos, escapes, inundaciones, fuego, emisiones industriales,..)<\/em><\/li>\n<\/ul>\n\n\n\n<p>S S\u00ed<\/p>\n\n\n\n<p>N No<\/p>\n\n\n\n<ul class=\"wp-block-list\">\n<li>En t\u00fa opini\u00f3n <strong>\u00bfEl centro educativo est\u00e1 construido en un lugar seguro?<\/strong><\/li>\n<\/ul>\n\n\n\n<p><em>Se refiere a que est\u00e9 en una zona inundable, de antiguas o actuales avenidas o ramblas, junto a instalaciones peligrosas o que pueda poner en riesgo la seguridad de sus ocupantes o generar alg\u00fan tipo de cat\u00e1strofe.<\/em><\/p>\n\n\n\n<ol class=\"wp-block-list\">\n<li>&nbsp;S\u00ed<\/li>\n\n\n\n<li>No<\/li>\n\n\n\n<li>No lo s\u00e9.<\/li>\n<\/ol>\n\n\n\n<h3 class=\"wp-block-heading\"><a id=\"_Toc192596950\"><u>3)<\/u><\/a> CALIDAD DEL AIRE INTERIOR<\/h3>\n\n\n\n<ol style=\"list-style-type:lower-alpha\" class=\"wp-block-list\">\n<li><strong>Enumere las aulas sin ventanas. <\/strong><em>Si no hay ninguna ponga 0.<\/em><\/li>\n<\/ol>\n\n\n\n<p>S S\u00ed<\/p>\n\n\n\n<p>N No<\/p>\n\n\n\n<ul class=\"wp-block-list\">\n<li>Actualmente, el centro educativo<strong> \u00bftiene tejados o paredes de uralita o amianto?<\/strong><\/li>\n<\/ul>\n\n\n\n<p>S S\u00ed<\/p>\n\n\n\n<p>N No<\/p>\n\n\n\n<ul class=\"wp-block-list\">\n<li>El centro educativo<strong> \u00bftiene un plan interno para el manejo de la calidad del aire interior?<\/strong><\/li>\n<\/ul>\n\n\n\n<p>S S\u00ed<\/p>\n\n\n\n<p>N No<\/p>\n\n\n\n<ul class=\"wp-block-list\">\n<li>De forma general, \u00bfCu\u00e1nto <strong>tiempo al d\u00eda<\/strong> durante la jornada escolar tienen las <strong>ventanas abiertas<\/strong> para ventilar las aulas del centro educativo? <em>(Se refiere al mes que realiza la encuesta de este curso acad\u00e9mico).<\/em><\/li>\n<\/ul>\n\n\n\n<p>A Nada o solo al inicio de la jornada 10-15 min<\/p>\n\n\n\n<p>B De 15 a 60 minutos durante todo el d\u00eda<\/p>\n\n\n\n<p>C De 60 a 120 minutos<\/p>\n\n\n\n<p>D M\u00e1s de 2 horas<\/p>\n\n\n\n<p>E Siempre y de forma constante<\/p>\n\n\n\n<ul class=\"wp-block-list\">\n<li>Durante el horario escolar las ventanas de las aulas, <strong>\u00bfest\u00e1n abiertas de forma CONTINUADA (total o parcialmente)?<\/strong><\/li>\n<\/ul>\n\n\n\n<p>A Nunca o casi nunca<\/p>\n\n\n\n<p>B Con frecuencia<\/p>\n\n\n\n<p>C Siempre o casi siempre<\/p>\n\n\n\n<ul class=\"wp-block-list\">\n<li>Considera la ventilaci\u00f3n natural de las aulas globalmente:<\/li>\n<\/ul>\n\n\n\n<p>A Muy deficiente<\/p>\n\n\n\n<p>B Escasa<\/p>\n\n\n\n<p>C Normal o adecuada<\/p>\n\n\n\n<p>D Muy buena<\/p>\n\n\n\n<ul class=\"wp-block-list\">\n<li><strong>Preguntar a los ni\u00f1os\/as o a sus hijos si han visto a alguien fumar en el recinto escolar <\/strong><em>Pretendemos recoger la respuesta de los ni\u00f1os\/as<\/em><strong>. <\/strong><em>No hagas interpretaciones. Con frecuencia los ni\u00f1os realizan observaciones muy interesantes.<\/em><\/li>\n<\/ul>\n\n\n\n<p>Elige tantas opciones como desees<\/p>\n\n\n\n<p>A S\u00ed, eran profesores<\/p>\n\n\n\n<p>B Si, los conserjes<\/p>\n\n\n\n<p>C Si, alumnos<\/p>\n\n\n\n<p>D Si, alg\u00fan padre o madre<\/p>\n\n\n\n<p>E Si, el conductor del autob\u00fas<\/p>\n\n\n\n<p>F No fuma nadie en el recinto escolar<\/p>\n\n\n\n<p>G No lo s\u00e9<\/p>\n\n\n\n<ul class=\"wp-block-list\">\n<li>En alguna ocasi\u00f3n \u00bfEn el centro educativo se ha medido <strong>la concentraci\u00f3n del CO2 en el aire interior de las aulas?<\/strong><\/li>\n<\/ul>\n\n\n\n<p>S S\u00ed<\/p>\n\n\n\n<p>N No<\/p>\n\n\n\n<ol style=\"list-style-type:lower-roman\" class=\"wp-block-list\">\n<li>En el comedor usamos,<strong> \u00bfla ventilaci\u00f3n natural \u00f3ptima (abrimos el total de puertas y ventanas)?<\/strong><\/li>\n<\/ol>\n\n\n\n<p>A Nunca o casi nunca<\/p>\n\n\n\n<p>B En ocasiones o con frecuencia<\/p>\n\n\n\n<p>C Siempre<\/p>\n\n\n\n<h3 class=\"wp-block-heading\"><a id=\"_Toc192596951\"><u>4) RUIDO Y CONTAMINACI\u00d3N ATMOSF\u00c9RICA URBANA<\/u><\/a><\/h3>\n\n\n\n<ol style=\"list-style-type:lower-alpha\" class=\"wp-block-list\">\n<li><strong>&nbsp;A que distancia est\u00e1 el colegio de una calle con mucho tr\u00e1fico<\/strong><em> (autov\u00eda, calle con mucho tr\u00e1nsito de veh\u00edculos, doble carril \u2026)<\/em><\/li>\n<\/ol>\n\n\n\n<p>A Muy Cerca (menos de 50 m)<\/p>\n\n\n\n<p>B Cerca (50-200 metros)<\/p>\n\n\n\n<p>C Medio 200-500 metros<\/p>\n\n\n\n<p>D M\u00e1s de 500 metros<\/p>\n\n\n\n<ul class=\"wp-block-list\">\n<li><strong>\u00bfCree que el ruido exterior es un problema en este colegio?<\/strong><\/li>\n<\/ul>\n\n\n\n<p>S S\u00ed<\/p>\n\n\n\n<p>N No<\/p>\n\n\n\n<ul class=\"wp-block-list\">\n<li><strong>En caso de ruido exterior, se\u00f1alas las medidas que se han tomado?<\/strong><\/li>\n<\/ul>\n\n\n\n<p><em>Por ejemplo apantallamiento, setos, \u00e1rboles, ventanas doble acristalamiento\u2026<\/em><\/p>\n\n\n\n<p>A No tengo problemas de ruido exterior<\/p>\n\n\n\n<p>B Ventanas de aislamiento<\/p>\n\n\n\n<p>C Setos \/ arbustos o \u00e1rboles<\/p>\n\n\n\n<p>D Regular el tr\u00e1fico<\/p>\n\n\n\n<p>E Otras<\/p>\n\n\n\n<ul class=\"wp-block-list\">\n<li><strong>En caso de que el centro educativo se encuentre cerca de una calle con mucho tr\u00e1fico o tenga ruido molesto de fondo de autom\u00f3viles o motos, \u00bfexisten medidas de protecci\u00f3n frente al ruido?<\/strong><\/li>\n<\/ul>\n\n\n\n<p><em>Por ejemplo apantallamiento, setos, \u00e1rboles, ventanas doble acristalamiento&#8230;<\/em><\/p>\n\n\n\n<p>A Ninguna<\/p>\n\n\n\n<p>B Insuficientes<\/p>\n\n\n\n<p>C Suficientes<\/p>\n\n\n\n<p>D Adecuadas<\/p>\n\n\n\n<ul class=\"wp-block-list\">\n<li>\u00bf<strong>Existe alguna actividad industrial cercana potencialmente contaminante? <\/strong><em>(gasolinera, empresas que generen polvo, contaminaci\u00f3n atmosf\u00e9rica\u2026) Indica la distancia aproximada.<\/em><\/li>\n<\/ul>\n\n\n\n<p>A Lejos &gt;500 m<\/p>\n\n\n\n<p>B Medio 250-500m<\/p>\n\n\n\n<p>C 100-250 m<\/p>\n\n\n\n<p>D Cerca 50 a 100 m<\/p>\n\n\n\n<p>E Muy cerca &lt;50 m<\/p>\n\n\n\n<ul class=\"wp-block-list\">\n<li><strong>\u00bfA qu\u00e9 distancia est\u00e1 el centro de un lugar con invernaderos o para cultivos agr\u00edcolas?<\/strong><\/li>\n<\/ul>\n\n\n\n<p>A Lejos &gt;250 m<\/p>\n\n\n\n<p>B Medio 100-250m<\/p>\n\n\n\n<p>C Cerca 50-100 m<\/p>\n\n\n\n<p>D Muy cerca &lt; 50 m<\/p>\n\n\n\n<ul class=\"wp-block-list\">\n<li><strong>\u00bfHay l\u00edneas de alta tensi\u00f3n o centro de transformaci\u00f3n\/transformadores cerca?<\/strong><\/li>\n<\/ul>\n\n\n\n<p><em>Se refiere al trenzado de grandes torres el\u00e9ctricas. O centros de transformaci\u00f3n.<\/em><\/p>\n\n\n\n<p>A Lejos &gt;250 m<\/p>\n\n\n\n<p>B 100-250m<\/p>\n\n\n\n<p>C 50-100 m<\/p>\n\n\n\n<p>D Cerca &lt; 20-50 m<\/p>\n\n\n\n<p>E Muy Cerca &lt; 20 m<\/p>\n\n\n\n<ul class=\"wp-block-list\">\n<li><strong>\u00bfHay alg\u00fan foco industrial\/miner\u00eda cerca del centro educativo en l\u00ednea recta?<\/strong><\/li>\n<\/ul>\n\n\n\n<p><em>Se refiere a los focos industriales de las empresas contaminantes -polos qu\u00edmicos, incineradoras, refiner\u00edas, centrales t\u00e9rmicas, cementeras, canteras, minas, fundiciones, terreras, suelos contaminados&#8230;).<\/em><\/p>\n\n\n\n<p>A 0-200 metros<\/p>\n\n\n\n<p>B 0,2-1 km<\/p>\n\n\n\n<p>C 1-3 km<\/p>\n\n\n\n<p>D M\u00e1s de 3 km<\/p>\n\n\n\n<ol style=\"list-style-type:lower-roman\" class=\"wp-block-list\">\n<li><strong>\u00bfExisten obras en construcci\u00f3n en las inmediaciones del centro educativo que puedan generar polvo o molestias?<\/strong><\/li>\n<\/ol>\n\n\n\n<p><em>Se refiere a actividades cercanas de alba\u00f1iler\u00eda, construcci\u00f3n, edificaci\u00f3n,&#8230; (A menos de 150 metros)<\/em><\/p>\n\n\n\n<p>S S\u00ed<\/p>\n\n\n\n<p>N No<\/p>\n\n\n\n<ul class=\"wp-block-list\">\n<li><strong>Hasta qu\u00e9 punto es molesta la contaminaci\u00f3n atmosf\u00e9rica desde cualquier aula del centro si dejamos las ventanas abiertas <\/strong><em>(1=ninguna molestia \u2013 10= molestia insoportable). Preguntar a un miembro de la comunidad escolar)<\/em><\/li>\n<\/ul>\n\n\n\n<figure class=\"wp-block-image size-full is-resized\"><a href=\"https:\/\/pehsu.org\/wp\/wp-content\/uploads\/estrillas.png\"><img decoding=\"async\" width=\"850\" height=\"142\" src=\"https:\/\/pehsu.org\/wp\/wp-content\/uploads\/estrillas.png\" alt=\"\" class=\"wp-image-4906\" style=\"width:629px;height:auto\" srcset=\"https:\/\/pehsu.org\/wp\/wp-content\/uploads\/estrillas.png 850w, https:\/\/pehsu.org\/wp\/wp-content\/uploads\/estrillas-300x50.png 300w\" sizes=\"(max-width: 850px) 100vw, 850px\" \/><\/a><\/figure>\n\n\n\n<p><em>Se refiere a los gases, humo o polvo. No al ruido.<\/em><\/p>\n\n\n\n<ul class=\"wp-block-list\">\n<li>Usan sensores para medir la contaminaci\u00f3n atmosf\u00e9rica exterior?&nbsp; S Si.&nbsp; N No<\/li>\n<\/ul>\n\n\n\n<h3 class=\"wp-block-heading\"><a id=\"_Toc192596952\"><u>5) ESTILOS DE VIDA, ALIMENTACI\u00d3N Y CULTURA DE RESILIENCIA<\/u><\/a><\/h3>\n\n\n\n<ol style=\"list-style-type:lower-alpha\" class=\"wp-block-list\">\n<li><strong>La educaci\u00f3n f\u00edsica los ni\u00f1os\/as en el horario escolar. \u00bfQu\u00e9 % de aulas con actividad f\u00edsica despu\u00e9s de las 12:00 horas? <\/strong><em>Revisa el calendario de los alumnos<\/em><strong>.<\/strong><\/li>\n<\/ol>\n\n\n\n<p>A 0%<\/p>\n\n\n\n<p>B 25%<\/p>\n\n\n\n<p>C 50%<\/p>\n\n\n\n<p>D 75% o m\u00e1s<\/p>\n\n\n\n<ul class=\"wp-block-list\">\n<li>El bocadillo los ni\u00f1os\/as de infantil y primaria. <strong>\u00bfD\u00f3nde se lo comen?<\/strong><\/li>\n<\/ul>\n\n\n\n<p>A En el patio o al aire libre<\/p>\n\n\n\n<p>B En el aula o espacio cerrado<\/p>\n\n\n\n<ul class=\"wp-block-list\">\n<li>\u00bfTiene en marcha un programa que incluye <strong>actividades acad\u00e9micas o de clase al aire libre de forma regular<\/strong>? <em>(que no sean la educaci\u00f3n f\u00edsica<strong>)<\/strong><\/em><\/li>\n<\/ul>\n\n\n\n<p>S S\u00ed<\/p>\n\n\n\n<p>N No<\/p>\n\n\n\n<ul class=\"wp-block-list\">\n<li><strong>Las fuentes de agua de bebida<\/strong>. \u00bfEst\u00e1n cerradas o selladas?&nbsp; S S\u00ed.&nbsp;&nbsp;&nbsp; N No<\/li>\n<\/ul>\n\n\n\n<ul class=\"wp-block-list\">\n<li><strong>\u00bfDispone de libros o materiales educativos sobre metodolog\u00eda de educaci\u00f3n al aire libre?<\/strong><\/li>\n<\/ul>\n\n\n\n<p>S S\u00ed<\/p>\n\n\n\n<p>N No<\/p>\n\n\n\n<ul class=\"wp-block-list\">\n<li><strong>Implicaci\u00f3n social.<\/strong> \u00bfTiene el centro educativo un listado de voluntarios del AMPA o de la comunidad (con nombre y apellidos) para colaborar en ayudar a hacer m\u00e1s resiliente ? <em>Resiliencia se refiere a la capacidad de la comunidad escolar para hacer frente a las adversidades y reorganizarse para mejorar. La resiliencia muestra c\u00f3mo se desarrollan y fortalecen los recursos con los que ya cuenta la comunidad<\/em>.<\/li>\n<\/ul>\n\n\n\n<p>S S\u00ed<\/p>\n\n\n\n<p>N No<\/p>\n\n\n\n<ul class=\"wp-block-list\">\n<li>En el comedor escolar <strong>\u00bfcu\u00e1ntos d\u00edas a la semana se incluye alguna raci\u00f3n de carne (incluye embutidos, carne de cerdo, ternera o cordero como plato principal)?<\/strong><\/li>\n<\/ul>\n\n\n\n<p>A No dispone de comedor escolar<\/p>\n\n\n\n<p>B Todos los d\u00edas<\/p>\n\n\n\n<p>C 1 d\u00eda a la semana<\/p>\n\n\n\n<p>D 2-3 veces a la semana<\/p>\n\n\n\n<p>E Casi nunca<\/p>\n\n\n\n<ul class=\"wp-block-list\">\n<li>En el comedor escolar <strong>\u00bfcu\u00e1ntos d\u00edas a la semana se incluye alguna fruta fresca en la comida o almuerzo?<\/strong><\/li>\n<\/ul>\n\n\n\n<p>A No dispone de comedor escolar<\/p>\n\n\n\n<p>B Todos los d\u00edas<\/p>\n\n\n\n<p>C 1 d\u00eda a la semana<\/p>\n\n\n\n<p>D 2-3 veces a la semana<\/p>\n\n\n\n<p>E Casi nunca<\/p>\n\n\n\n<ol style=\"list-style-type:lower-roman\" class=\"wp-block-list\">\n<li><strong>\u00bfExiste carteler\u00eda que transmita h\u00e1bitos saludables a los ni\u00f1os (prevenci\u00f3n del tabaquismo y otras drogas, ejercicio f\u00edsico, medidas de protecci\u00f3n solar\u2026)?<\/strong><\/li>\n<\/ol>\n\n\n\n<p>A. S\u00ed.&nbsp;&nbsp;&nbsp;&nbsp; B. No<\/p>\n\n\n\n<ul class=\"wp-block-list\">\n<li>El centro educativo env\u00eda por email, WhatsApp o aplicaciones de mensajer\u00eda informaci\u00f3n a los padres sobres las medidas de protecci\u00f3n y prevenci\u00f3n <strong>(al menos una vez al mes)<\/strong><\/li>\n<\/ul>\n\n\n\n<p>A S\u00ed&nbsp;&nbsp;&nbsp;&nbsp; B No<\/p>\n\n\n\n<ul class=\"wp-block-list\">\n<li><strong>\u00bfSe han dado casos de acoso escolar o es conocedor de ellos?<\/strong><\/li>\n<\/ul>\n\n\n\n<p>A S\u00ed<\/p>\n\n\n\n<p>B No<\/p>\n\n\n\n<h3 class=\"wp-block-heading\">&nbsp;<a id=\"_Toc192596953\">6) AUTOBUSES Y MOVILIDAD ACTIVA<\/a><\/h3>\n\n\n\n<p><em>Tipo de autobuses, caminando al cole, aparcabicis, aglomeraciones en las entradas&#8230;<\/em><\/p>\n\n\n\n<ol style=\"list-style-type:lower-alpha\" class=\"wp-block-list\">\n<li><strong>\u00bfExiste servicio de autob\u00fas escolar para que los ni\u00f1os vayan al centro educativo?<\/strong><\/li>\n<\/ol>\n\n\n\n<p>A S\u00ed.&nbsp;&nbsp;&nbsp; B No.&nbsp;&nbsp;&nbsp;&nbsp;&nbsp;&nbsp; C No lo s\u00e9<\/p>\n\n\n\n<ul class=\"wp-block-list\">\n<li><strong>Podr\u00edas indicar el combustible del autob\u00fas escolar:<\/strong><\/li>\n<\/ul>\n\n\n\n<p><em>Se refiere al curso escolar actual, y que sea mayoritario. Escoge 1<\/em><\/p>\n\n\n\n<p>A Gas propano<\/p>\n\n\n\n<p>B Gasolina<\/p>\n\n\n\n<p>C Gas natural<\/p>\n\n\n\n<p>D El\u00e9ctrico<\/p>\n\n\n\n<p>E Diesel<\/p>\n\n\n\n<p>F. No hay autob\u00fas escolar<\/p>\n\n\n\n<ul class=\"wp-block-list\">\n<li><strong>\u00bfPromueve alg\u00fan programa de caminando o en bici al centro educativo?<\/strong><\/li>\n\n\n\n<li>S\u00ed.&nbsp; B. No<\/li>\n<\/ul>\n\n\n\n<ul class=\"wp-block-list\">\n<li><strong>En las horas de entrada o salida al centro educativo, se\u00f1ale si hay aglomeraciones de personas en las entradas y salidas<\/strong><\/li>\n<\/ul>\n\n\n\n<p>Siendo 1 muy rara vez y 10 todos los d\u00edas<\/p>\n\n\n\n<figure class=\"wp-block-image size-full is-resized\"><a href=\"https:\/\/pehsu.org\/wp\/wp-content\/uploads\/autobuses.png\"><img decoding=\"async\" width=\"850\" height=\"150\" src=\"https:\/\/pehsu.org\/wp\/wp-content\/uploads\/autobuses.png\" alt=\"\" class=\"wp-image-4908\" style=\"width:572px;height:auto\" srcset=\"https:\/\/pehsu.org\/wp\/wp-content\/uploads\/autobuses.png 850w, https:\/\/pehsu.org\/wp\/wp-content\/uploads\/autobuses-300x53.png 300w\" sizes=\"(max-width: 850px) 100vw, 850px\" \/><\/a><\/figure>\n\n\n\n<ul class=\"wp-block-list\">\n<li>El centro educativo<strong>, \u00bfTiene aparcabicis?&nbsp;&nbsp;&nbsp; <\/strong>S S\u00ed.&nbsp;&nbsp; N No<\/li>\n<\/ul>\n\n\n\n<ul class=\"wp-block-list\">\n<li><strong>\u00bfHay voluntarios o polic\u00eda local que colaboren para asegurar la entrada y salida ordenada del cole que evite las aglomeraciones?&nbsp;&nbsp;&nbsp; <\/strong>A Si.&nbsp; B No<\/li>\n<\/ul>\n\n\n\n<h3 class=\"wp-block-heading\"><a id=\"_Toc192596954\"><u>7) USO DE PLAGUICIDAS, QU\u00cdMICOS Y PL\u00c1STICOS EN LA ESCUELA<\/u><\/a><\/h3>\n\n\n\n<p><em>Plagas, tratamientos qu\u00edmicos, uso en el laboratorio, pesticidas, tratamiento piojos&#8230;<\/em><\/p>\n\n\n\n<ul class=\"wp-block-list\">\n<li><strong>\u00bfHa habido plagas en el edificio escolar en los \u00faltimos 3 a\u00f1os? (cucarachas, ratas, piojos, mosquitos, &nbsp;etc.) <\/strong>(preguntar a alguien del centro si desconoce la respuesta)<\/li>\n<\/ul>\n\n\n\n<p>A No, nunca ha habido<\/p>\n\n\n\n<p>B S\u00ed, alguna vez al a\u00f1o<\/p>\n\n\n\n<p>C S\u00ed, varias veces al a\u00f1o<\/p>\n\n\n\n<p>D No lo s\u00e9<\/p>\n\n\n\n<ul class=\"wp-block-list\">\n<li>\u00bf<strong>Se utilizan en el edificio insecticidas de uso individual tales como esprays, dispositivos qu\u00edmicos de enchufe, cebos, etc\u00e9tera?<\/strong><\/li>\n<\/ul>\n\n\n\n<p>A S\u00ed<\/p>\n\n\n\n<p>B No<\/p>\n\n\n\n<p>C No lo s\u00e9<\/p>\n\n\n\n<ol style=\"list-style-type:lower-roman\" class=\"wp-block-list\">\n<li>En caso afirmativo, <strong>\u00bfqu\u00e9 tipo de plaga ha habido en el \u00faltimo a\u00f1o?<\/strong><\/li>\n<\/ol>\n\n\n\n<p><em>Puedes escoger hasta 3<\/em><\/p>\n\n\n\n<p>A Piojos o pediculosis<\/p>\n\n\n\n<p>B Moscas y mosquitos<\/p>\n\n\n\n<p>C Cucarachas<\/p>\n\n\n\n<p>D Garrapatas<\/p>\n\n\n\n<p>E Hormigas<\/p>\n\n\n\n<p>F Orugas<\/p>\n\n\n\n<p>G Ratas\/ratones<\/p>\n\n\n\n<p>H Pulgas<\/p>\n\n\n\n<p>I Otras<strong><br \/><\/strong><\/p>\n\n\n\n<ul class=\"wp-block-list\">\n<li><strong>\u00bfConoces los productos con los que peri\u00f3dicamente tratan las plagas en el edificio o patio escolar que nos ocupa?&nbsp;&nbsp;&nbsp;&nbsp; <\/strong>S S\u00ed.&nbsp;&nbsp;&nbsp;&nbsp;&nbsp; N No<\/li>\n<\/ul>\n\n\n\n<ul class=\"wp-block-list\">\n<li><strong>\u00bfQu\u00e9 tratamiento utilizan o aconsejan de forma preventiva en el colegio para los piojos de la cabeza? <\/strong><em>Escoge 1<\/em><\/li>\n<\/ul>\n\n\n\n<p>A No se env\u00eda ninguna hoja de recomendaciones<\/p>\n\n\n\n<p>B Lociones o champ\u00fas con pesticidas (permetrinas,&#8230;)<\/p>\n\n\n\n<p>C repelente DEET (N,N-diethyl-toluamide o derivados dietilaminas)<\/p>\n\n\n\n<p>D Liendreras y peinado<\/p>\n\n\n\n<p>E Lociones o productos con repelentes naturales de plantas<\/p>\n\n\n\n<p>F No tengo ni idea<\/p>\n\n\n\n<ul class=\"wp-block-list\">\n<li>\u00bfQu\u00e9 tipo de <strong>productos qu\u00edmicos<\/strong> (pegamentos, barnices, pinturas) usan los ni\u00f1os en las actividades escolares (laboratorios, manualidades, etc.)? <em>Puede se\u00f1alar m\u00e1s de 1<\/em><\/li>\n<\/ul>\n\n\n\n<p>A Pegamentos<\/p>\n\n\n\n<p>B Barnices<\/p>\n\n\n\n<p>C Pinturas<\/p>\n\n\n\n<p>D Otros<\/p>\n\n\n\n<p>E No lo s\u00e9<\/p>\n\n\n\n<ul class=\"wp-block-list\">\n<li>\u00bfLos productos qu\u00edmicos que se usan para las manualidades est\u00e1n <strong>almacenados en un lugar seguro<\/strong> y alejado del alcance de los ni\u00f1os?<\/li>\n<\/ul>\n\n\n\n<p><em>Se refiere a pegamentos, colas, solventes&#8230;<\/em><\/p>\n\n\n\n<p>S S\u00ed.&nbsp;&nbsp;&nbsp;&nbsp;&nbsp; N No<\/p>\n\n\n\n<ul class=\"wp-block-list\">\n<li><strong>Hay un sistema escolar de reciclaje que separe el pl\u00e1stico del resto de la basura<\/strong><\/li>\n<\/ul>\n\n\n\n<p>&nbsp;&nbsp; &nbsp;&nbsp;&nbsp;&nbsp;&nbsp;&nbsp;&nbsp;&nbsp;&nbsp;&nbsp;&nbsp;&nbsp;&nbsp;&nbsp;&nbsp;&nbsp;&nbsp;&nbsp;&nbsp;S S\u00ed&nbsp;&nbsp;&nbsp;&nbsp;&nbsp;&nbsp;&nbsp; N No<\/p>\n\n\n\n<ol class=\"wp-block-list\">\n<li>&nbsp;<strong>\u00bfCrees que las agresiones entre alumnos son un problema de este centro?<\/strong><\/li>\n<\/ol>\n\n\n\n<p>&nbsp;&nbsp;&nbsp;&nbsp;&nbsp;&nbsp;&nbsp;&nbsp;&nbsp;&nbsp;&nbsp;&nbsp;&nbsp;&nbsp;&nbsp;&nbsp;&nbsp;&nbsp;&nbsp;&nbsp; S S\u00ed.&nbsp;&nbsp;&nbsp;&nbsp; N No<\/p>\n\n\n\n<ol class=\"wp-block-list\">\n<li><strong>Pensando en el centro educativo y bas\u00e1ndose en lo que usted conoce o cree, de la siguiente lista de problemas relacionados con el medio ambiente se\u00f1ale hasta 5 aspectos que considera m\u00e1s importante para la salud ambiental en su centro educativo: <\/strong><em>Puedes escoger hasta 5<\/em><\/li>\n<\/ol>\n\n\n\n<p>A Proximidad de zonas de cultivo fumigadas<\/p>\n\n\n\n<p>B Proximidad de quemas agr\u00edcolas<\/p>\n\n\n\n<p>C Proximidad de l\u00edneas de alta tensi\u00f3n<\/p>\n\n\n\n<p>D Proximidad de incineradoras<\/p>\n\n\n\n<p>E Ruido exterior<\/p>\n\n\n\n<p>F Proximidad de antenas<\/p>\n\n\n\n<p>G Suciedad de los patios<\/p>\n\n\n\n<p>H Uso indiscriminado de pl\u00e1sticos<\/p>\n\n\n\n<p>I Otros<\/p>\n\n\n\n<p>J Proximidad de basureros<\/p>\n\n\n\n<p>K Contaminaci\u00f3n del agua del grifo<\/p>\n\n\n\n<p>L Contaminaci\u00f3n de alimentos<\/p>\n\n\n\n<p>M Amianto en el colegio<\/p>\n\n\n\n<p>N Ninguna<\/p>\n\n\n\n<p>O Proximidad de granjas<\/p>\n\n\n\n<p>P Deficiencias de desag\u00fces<\/p>\n\n\n\n<p>Q Suelos contaminados<\/p>\n\n\n\n<p>R Escasez de zonas verdes<\/p>\n\n\n\n<p>S Proximidad de industrias<\/p>\n\n\n\n<p>T Calor o fr\u00edo en las aulas<\/p>\n\n\n\n<p>U Contaminaci\u00f3n del aire<\/p>\n\n\n\n<p>V Escasa ventilaci\u00f3n<\/p>\n\n\n\n<ul class=\"wp-block-list\">\n<li>&nbsp;<strong>Despu\u00e9s de realizar este cuestionario, SEG\u00daN T\u00da OPINI\u00d3N<\/strong>, \u00bfCu\u00e1l ser\u00eda el <strong>estado de resiliencia <\/strong>escolar de tu centro educativo?<\/li>\n<\/ul>\n\n\n\n<p><em>Resiliencia se refiere a la capacidad de la comunidad escolar para hacer frente a las adversidades y reorganizarse para mejorar. La resiliencia muestra c\u00f3mo se desarrollan y fortalecen los recursos con los que ya cuenta la comunidad. <strong>1 es nada resiliente, y 10 experto en resiliencia.<\/strong><\/em><\/p>\n\n\n\n<figure class=\"wp-block-image size-full is-resized\"><a href=\"https:\/\/pehsu.org\/wp\/wp-content\/uploads\/dedos.png\"><img loading=\"lazy\" decoding=\"async\" width=\"850\" height=\"152\" src=\"https:\/\/pehsu.org\/wp\/wp-content\/uploads\/dedos.png\" alt=\"\" class=\"wp-image-4911\" style=\"width:559px;height:auto\" srcset=\"https:\/\/pehsu.org\/wp\/wp-content\/uploads\/dedos.png 850w, https:\/\/pehsu.org\/wp\/wp-content\/uploads\/dedos-300x54.png 300w\" sizes=\"(max-width: 850px) 100vw, 850px\" \/><\/a><\/figure>\n\n\n\n<ul class=\"wp-block-list\">\n<li><strong>La persona que ha rellenado el cuestionario es:<\/strong><\/li>\n<\/ul>\n\n\n\n<p>A Director del centro educativo<\/p>\n\n\n\n<p>B Un padre o madre de la comunidad escolar<\/p>\n\n\n\n<p>C Directivo del AMPA<\/p>\n\n\n\n<p>D Docente del centro<\/p>\n\n\n\n<p>E T\u00e9cnico Municipal<\/p>\n\n\n\n<p>F Otros funcionarios<\/p>\n\n\n\n<p>G Alumno\/a<\/p>\n\n\n\n<p>H Enfermera escolar<\/p>\n\n\n\n<ul class=\"wp-block-list\">\n<li>&nbsp;Esperamos que haya servido para hacerte reflexionar sobre la salud ambiental escolar. Por favor, valora el inter\u00e9s que tienes por los temas de salud medioambiental escolar del 1 al 5<\/li>\n<\/ul>\n\n\n\n<p>1 (poco) al 5 (mucho)<\/p>\n\n\n\n<figure class=\"wp-block-image size-full is-resized\"><a href=\"https:\/\/pehsu.org\/wp\/wp-content\/uploads\/escala.png\"><img loading=\"lazy\" decoding=\"async\" width=\"850\" height=\"104\" src=\"https:\/\/pehsu.org\/wp\/wp-content\/uploads\/escala.png\" alt=\"\" class=\"wp-image-4910\" style=\"width:727px;height:auto\" srcset=\"https:\/\/pehsu.org\/wp\/wp-content\/uploads\/escala.png 850w, https:\/\/pehsu.org\/wp\/wp-content\/uploads\/escala-300x37.png 300w\" sizes=\"(max-width: 850px) 100vw, 850px\" \/><\/a><\/figure>\n\n\n\n<ul class=\"wp-block-list\">\n<li>Muchas gracias por colaborar con nosotros. Si deseas recibir informaci\u00f3n detallada un email de contacto:<\/li>\n<\/ul>\n\n\n\n<p>ENVIAR<\/p>\n\n\n\n<p><\/p>\n","protected":false},"excerpt":{"rendered":"<p>Ortega Garc\u00eda JA, S\u00e1nchez Sauco MF, C\u00e1novas Conesa CA, Ferris i Tortajada J (2020). Hoja verde electr\u00f3nica de diagn\u00f3stico salud medioambiental escolar. 2\u00ba Edici\u00f3n. Gu\u00eda de Acci\u00f3n Medioambiental Escolar. Unidad de Salud Medioambiental Pedi\u00e1trica Murcia, 2020. Espa\u00f1a. Visitado: (fecha de acceso) Disponible en: https:\/\/pehsu.org\/wp\/?p=2258 Versi\u00f3n previa (2012) DIAGN\u00d3STICO DE SALUD MEDIOAMBIENTAL ESCOLAR (2020, versi\u00f3n 0.1 &hellip; <\/p>\n<p class=\"link-more\"><a href=\"https:\/\/pehsu.org\/wp\/?page_id=4897\" class=\"more-link\">Leer m\u00e1s<span class=\"screen-reader-text\"> \u00abHoja verde electr\u00f3nica de diagn\u00f3stico salud medioambiental escolar\u00bb<\/span><\/a><\/p>\n","protected":false},"author":1,"featured_media":0,"parent":0,"menu_order":0,"comment_status":"closed","ping_status":"closed","template":"","meta":{"inspiro_hide_title":false,"footnotes":""},"class_list":["post-4897","page","type-page","status-publish","hentry"],"aioseo_notices":[],"_links":{"self":[{"href":"https:\/\/pehsu.org\/wp\/index.php?rest_route=\/wp\/v2\/pages\/4897","targetHints":{"allow":["GET"]}}],"collection":[{"href":"https:\/\/pehsu.org\/wp\/index.php?rest_route=\/wp\/v2\/pages"}],"about":[{"href":"https:\/\/pehsu.org\/wp\/index.php?rest_route=\/wp\/v2\/types\/page"}],"author":[{"embeddable":true,"href":"https:\/\/pehsu.org\/wp\/index.php?rest_route=\/wp\/v2\/users\/1"}],"replies":[{"embeddable":true,"href":"https:\/\/pehsu.org\/wp\/index.php?rest_route=%2Fwp%2Fv2%2Fcomments&post=4897"}],"version-history":[{"count":18,"href":"https:\/\/pehsu.org\/wp\/index.php?rest_route=\/wp\/v2\/pages\/4897\/revisions"}],"predecessor-version":[{"id":5316,"href":"https:\/\/pehsu.org\/wp\/index.php?rest_route=\/wp\/v2\/pages\/4897\/revisions\/5316"}],"wp:attachment":[{"href":"https:\/\/pehsu.org\/wp\/index.php?rest_route=%2Fwp%2Fv2%2Fmedia&parent=4897"}],"curies":[{"name":"wp","href":"https:\/\/api.w.org\/{rel}","templated":true}]}}