

{"id":3582,"date":"2024-05-23T19:18:21","date_gmt":"2024-05-23T17:18:21","guid":{"rendered":"https:\/\/pehsu.org\/wp\/?page_id=3582"},"modified":"2026-04-02T21:49:25","modified_gmt":"2026-04-02T19:49:25","slug":"cursos","status":"publish","type":"page","link":"https:\/\/pehsu.org\/wp\/?page_id=3582","title":{"rendered":"Cursos"},"content":{"rendered":"\t\t<div data-elementor-type=\"wp-page\" data-elementor-id=\"3582\" class=\"elementor elementor-3582\">\n\t\t\t\t\t\t<section class=\"elementor-section elementor-top-section elementor-element elementor-element-15f5161 elementor-section-boxed elementor-section-height-default elementor-section-height-default\" data-id=\"15f5161\" data-element_type=\"section\" data-e-type=\"section\">\n\t\t\t\t\t\t<div class=\"elementor-container elementor-column-gap-default\">\n\t\t\t\t\t<div class=\"elementor-column elementor-col-100 elementor-top-column elementor-element elementor-element-b3d3212\" data-id=\"b3d3212\" data-element_type=\"column\" data-e-type=\"column\">\n\t\t\t<div class=\"elementor-widget-wrap elementor-element-populated\">\n\t\t\t\t\t\t<div class=\"elementor-element elementor-element-7b51be8 elementor-widget elementor-widget-heading\" data-id=\"7b51be8\" data-element_type=\"widget\" data-e-type=\"widget\" data-widget_type=\"heading.default\">\n\t\t\t\t<div class=\"elementor-widget-container\">\n\t\t\t\t\t<h2 class=\"elementor-heading-title elementor-size-default\">Cursos<\/h2>\t\t\t\t<\/div>\n\t\t\t\t<\/div>\n\t\t\t\t\t<\/div>\n\t\t<\/div>\n\t\t\t\t\t<\/div>\n\t\t<\/section>\n\t\t\t\t<section class=\"elementor-section elementor-top-section elementor-element elementor-element-fb39e21 elementor-section-boxed elementor-section-height-default elementor-section-height-default\" data-id=\"fb39e21\" data-element_type=\"section\" data-e-type=\"section\">\n\t\t\t\t\t\t<div class=\"elementor-container elementor-column-gap-default\">\n\t\t\t\t\t<div class=\"elementor-column elementor-col-100 elementor-top-column elementor-element elementor-element-2c4fa15\" data-id=\"2c4fa15\" data-element_type=\"column\" data-e-type=\"column\">\n\t\t\t<div class=\"elementor-widget-wrap elementor-element-populated\">\n\t\t\t\t\t\t<div class=\"elementor-element elementor-element-6e59ad1 elementor-widget elementor-widget-heading\" data-id=\"6e59ad1\" data-element_type=\"widget\" data-e-type=\"widget\" data-widget_type=\"heading.default\">\n\t\t\t\t<div class=\"elementor-widget-container\">\n\t\t\t\t\t<h3 class=\"elementor-heading-title elementor-size-default\">Cursos presenciales<\/h3>\t\t\t\t<\/div>\n\t\t\t\t<\/div>\n\t\t\t\t\t<\/div>\n\t\t<\/div>\n\t\t\t\t\t<\/div>\n\t\t<\/section>\n\t\t\t\t<section class=\"elementor-section elementor-top-section elementor-element elementor-element-825966b elementor-section-boxed elementor-section-height-default elementor-section-height-default\" data-id=\"825966b\" data-element_type=\"section\" data-e-type=\"section\">\n\t\t\t\t\t\t<div class=\"elementor-container elementor-column-gap-default\">\n\t\t\t\t\t<div class=\"elementor-column elementor-col-100 elementor-top-column elementor-element elementor-element-d23e026\" data-id=\"d23e026\" data-element_type=\"column\" data-e-type=\"column\">\n\t\t\t<div class=\"elementor-widget-wrap elementor-element-populated\">\n\t\t\t\t\t\t<div class=\"elementor-element elementor-element-3880797 elementor-widget elementor-widget-text-editor\" data-id=\"3880797\" data-element_type=\"widget\" data-e-type=\"widget\" data-widget_type=\"text-editor.default\">\n\t\t\t\t<div class=\"elementor-widget-container\">\n\t\t\t\t\t\t\t\t\t<ul><li style=\"box-sizing: inherit; color: #444444; font-family: Magra, sans-serif;\"><span style=\"box-sizing: inherit; font-weight: bold;\">IV Encuentro de Pediatr\u00eda Ambiental\u00a0<\/span>y Salud Comunitaria en Europa (2011):\u00a0<a style=\"box-sizing: inherit; text-decoration-line: underline;\" href=\"http:\/\/www.ffis.es\/pec2011\/mostrarcurso.php?id=863\">Mejorando la calidad de vida y el medio ambiente del paciente con c\u00e1ncer y su familia<\/a> O tambi\u00e9n <a href=\"https:\/\/www.ffis.es\/ffis\/detalleCurso.jsf?c=863&amp;e=1\" target=\"_blank\" rel=\"noopener\">en el hist\u00f3rico.\u00a0<\/a><\/li><li style=\"box-sizing: inherit; color: #444444; font-family: Magra, sans-serif;\"><span style=\"box-sizing: inherit; font-weight: bold;\">III Encuentro de Pediatr\u00eda Ambiental\u00a0<\/span>y Salud Comunitaria en Espa\u00f1a (2010):\u00a0<a style=\"box-sizing: inherit;\" href=\"http:\/\/www.ffis.es\/pec2010\/mostrarcurso.php?id=778\">Medio Ambiente y Salud Reproductiva.<\/a> Construyendo nuestro legado. <a href=\"https:\/\/www.ffis.es\/ffis\/detalleCurso.jsf?c=778&amp;e=1\" target=\"_blank\" rel=\"noopener\">El programa aqu\u00ed.<\/a> Video del curso<a style=\"box-sizing: inherit; text-decoration-line: underline;\" href=\"http:\/\/www.youtube.com\/watch?v=HroOKU95-rk\">\u00a0aqu\u00ed<\/a><\/li><li style=\"box-sizing: inherit; color: #444444; font-family: Magra, sans-serif;\"><span style=\"box-sizing: inherit; font-weight: bold;\">II Encuentro Nacional de Pediatr\u00eda Ambiental\u00a0<\/span>y Salud Comunitaria para Residentes de Pediatr\u00eda de Espa\u00f1a (2009).\u00a0<a style=\"box-sizing: inherit; text-decoration-line: underline;\" href=\"http:\/\/www.ffis.es\/pec2009\/mostrarcurso.php?id=536\">Infancia, salud y medio ambiente urbano: metas para la pr\u00f3xima generaci\u00f3n y tareas para hoy<\/a>\u00a0 En el\u00a0<a href=\"https:\/\/www.ffis.es\/ffis\/detalleCurso.jsf?c=536&amp;e=1\" target=\"_blank\" rel=\"noopener\">hist\u00f3rico aqu\u00ed.<\/a>\u00a0<\/li><li style=\"box-sizing: inherit; color: #444444; font-family: Magra, sans-serif;\"><a style=\"box-sizing: inherit; text-decoration-line: underline;\" href=\"http:\/\/www.ffis.es\/pec2008\/mostrarcurso.php?id=340\"><span style=\"box-sizing: inherit; font-weight: bold;\">I Encuentro Nacional de Pediatr\u00eda Ambiental\u00a0<\/span>y Salud Comunitaria para Residentes de Pediatr\u00eda de Espa\u00f1a. (2008)<\/a>\u00a0o en el <a href=\"https:\/\/www.ffis.es\/ffis\/detalleCurso.jsf?c=340&amp;e=1\" target=\"_blank\" rel=\"noopener\">hist\u00f3rico aqu\u00ed<\/a>.\u00a0<\/li><\/ul>\t\t\t\t\t\t\t\t<\/div>\n\t\t\t\t<\/div>\n\t\t\t\t\t<\/div>\n\t\t<\/div>\n\t\t\t\t\t<\/div>\n\t\t<\/section>\n\t\t\t\t<section class=\"elementor-section elementor-top-section elementor-element elementor-element-f00279c elementor-section-boxed elementor-section-height-default elementor-section-height-default\" data-id=\"f00279c\" data-element_type=\"section\" data-e-type=\"section\">\n\t\t\t\t\t\t<div class=\"elementor-container elementor-column-gap-default\">\n\t\t\t\t\t<div class=\"elementor-column elementor-col-100 elementor-top-column elementor-element elementor-element-9525689\" data-id=\"9525689\" data-element_type=\"column\" data-e-type=\"column\">\n\t\t\t<div class=\"elementor-widget-wrap elementor-element-populated\">\n\t\t\t\t\t\t<div class=\"elementor-element elementor-element-588d4bf elementor-widget elementor-widget-heading\" data-id=\"588d4bf\" data-element_type=\"widget\" data-e-type=\"widget\" data-widget_type=\"heading.default\">\n\t\t\t\t<div class=\"elementor-widget-container\">\n\t\t\t\t\t<h3 class=\"elementor-heading-title elementor-size-default\">Cursos semipresenciales<\/h3>\t\t\t\t<\/div>\n\t\t\t\t<\/div>\n\t\t\t\t\t<\/div>\n\t\t<\/div>\n\t\t\t\t\t<\/div>\n\t\t<\/section>\n\t\t\t\t<section class=\"elementor-section elementor-top-section elementor-element elementor-element-3561f51 elementor-section-boxed elementor-section-height-default elementor-section-height-default\" data-id=\"3561f51\" data-element_type=\"section\" data-e-type=\"section\">\n\t\t\t\t\t\t<div class=\"elementor-container elementor-column-gap-default\">\n\t\t\t\t\t<div class=\"elementor-column elementor-col-100 elementor-top-column elementor-element elementor-element-dcddd96\" data-id=\"dcddd96\" data-element_type=\"column\" data-e-type=\"column\">\n\t\t\t<div class=\"elementor-widget-wrap elementor-element-populated\">\n\t\t\t\t\t\t<div class=\"elementor-element elementor-element-484a03f elementor-widget elementor-widget-text-editor\" data-id=\"484a03f\" data-element_type=\"widget\" data-e-type=\"widget\" data-widget_type=\"text-editor.default\">\n\t\t\t\t<div class=\"elementor-widget-container\">\n\t\t\t\t\t\t\t\t\t<p><strong>Itinerariro formativo: \u2018Creando ambientes m\u00e1s saludables para la infancia: embarazo, lactancia y crianza m\u00e1s natural\u2019. (Nivel 1+2) (70 horas)<\/strong><\/p>\n<hr \/>\n<p>Con este modelo formativo intentamos desarrollar metodolog\u00eda docente innovadora en la que el alumno se convierte en gestor de los conocimientos ganados en salud ambiental y creaci\u00f3n de ambientes m\u00e1s saludables durante el embarazo, lactancia y periodo de crianza. Todo lo que necesitas saber sobre LACTANCIA MATERNA, EMBARAZO M\u00c1S SALUDABLE est\u00e1 en este paquete formativo con&nbsp;<strong>70 horas de formaci\u00f3n acreditada durante 2013: 8 horas de clases te\u00f3ricas presenciales, 41 horas de trabajo a distancia, 21 horas de clases pr\u00e1cticas la mayor\u00eda de autoformaci\u00f3n.<\/strong>&nbsp;Prentendemos que poco a poco este itinerario aglutine la formaci\u00f3n en lactancia materna, embarazo saludable y crianza m\u00e1s natural con una visi\u00f3n integral y hol\u00edstica teniendo en cuenta todas las esferas del ambioma en las que se desarrolla la infancia y adolescencia.<\/p>\n<hr \/>\n<p><strong>Dirigido a:&nbsp;<\/strong>Profesionales sanitarios.<br \/><strong>\u00c1mbito:&nbsp;<\/strong>Regi\u00f3n de Murcia. Preferencia profesionales del \u00e1rea materno-infantil.<br \/><strong>Plazas:&nbsp;<\/strong>30 m\u00e1ximo<br \/><strong>Plazo de inscripci\u00f3n:<\/strong>&nbsp;hasta el 15 de mayo de 2013<br \/><strong>Organiza:&nbsp;<\/strong>Plan de Formaci\u00f3n Continuada del \u00c1rea 1 de Salud, Murcia Oeste. Servicio Murciano de Salud, Consejer\u00eda de Sanidad y Pol\u00edtica Social de la Regi\u00f3n de Murcia<br \/><strong>Colabora:<\/strong><\/p>\n<ul>\n<li style=\"list-style-type: none;\">\n<ul>Unidad de Coordinaci\u00f3n de Drogodependencias. Direcci\u00f3n General de Atenci\u00f3n al ciudadano y Drogodependencias. Consejer\u00eda de Sanidad y Pol\u00edtica Social de la Regi\u00f3n de Murcia.<\/ul>\n<\/li>\n<li style=\"list-style-type: none;\">\n<ul>Plan Nacional de Drogas. Ministerio de Sanidad y Pol\u00edtica Social e Igualdad. Espa\u00f1a<br \/><span style=\"color: var( --e-global-color-text );\">Red SAMBI (Red De Salud Ambiental Infantil para Am\u00e9rica Latina y el Caribe)<\/span><\/ul>\n<\/li>\n<\/ul>\n<p>Esta actividad acad\u00e9micas y cient\u00edfica se declara libre de conflicto de intereses.<br \/><strong>Descarga el itineario completo&nbsp;<\/strong>haciendo&nbsp;<a href=\"http:\/\/pehsu.org\/wp\/wp-content\/uploads\/Itinerario_completo.pdf\">clik aqu\u00ed<\/a><\/p>\n<hr \/>\n<p><strong>Preguntas m\u00e1s frecuentes:<\/strong><br \/>1.<strong>&nbsp;\u00bfLos alumnos seleccionados tendr\u00e1n que pagar algo con la matr\u00edcula?<\/strong>&nbsp;No<br \/>2.&nbsp;<strong>\u00bfQuienes son profesionales sanitaros?&nbsp;<\/strong>auxiliares de enfermer\u00eda, enfermeros, matronas, obstetras, pediatras, m\u00e9dicos de familia.<br \/>3.&nbsp;<strong>\u00bfLos residentes de enfermer\u00eda, matronas, pediatr\u00eda, de familia, obstetricia\u2026 pueden solicitar el curso?&nbsp;<\/strong>S\u00ed.<br \/>4.&nbsp;<strong>\u00bfCuantas horas acreditan en el itineario formativo?&nbsp;<\/strong>Es un compacto de formaci\u00f3n de 70 horas, que incluye el 1 y 2 nivel de itinerario.&nbsp;<a href=\"http:\/\/pehsu.org\/wp\/wp-content\/uploads\/graficoLM2013.pdf\">Ver gr\u00e1fico.<\/a><br \/>5.<strong>&nbsp;\u00bfTel\u00e9fono para recibir m\u00e1s informaci\u00f3n sobre contenidos acad\u00e9micos sobre el itinerario?&nbsp;<\/strong>968-369031, Dr. Juan Ant Ortega o Matrona Almudena Pernas o Dra. Diana Jaimes o Miguel F S\u00e1nchez Sauco. Correo: damian@pehsu.org<br \/>6.&nbsp;<strong>\u00bfEl curso a distancia de este itineario podr\u00e1 ser realizado de forma independiente?&nbsp;<\/strong>De momento no existe esa posibilidad. Pero en un futuro pr\u00f3ximo podr\u00e1 realizarse y se ofertar\u00e1 de forma amplia a estudiantes, profesionales, personas interesadas en ONGs e instituciones con \u00e1mbito internacional.<br \/>7.&nbsp;<strong>\u00bfLas clases presenciales donde se realizan?&nbsp;<\/strong>En el hospital Cl\u00ednico Universitario Virgen de la Arrixaca de Murcia.<br \/>8.&nbsp;<strong>\u00bfPuedo asistir como oyente a alguna clase?&nbsp;<\/strong>En el primer nivel S\u00ed, en calidad de observador.<\/p>\n<hr \/>\n<p><strong>\u00bfC\u00d3MO PUEDO HACER LA SOLICITUD?<\/strong>&nbsp;Por correo electr\u00f3nico a&nbsp;<strong>damian@pehsu.org<\/strong>&nbsp;(este correo no tiene problemas de tama\u00f1o y saturaci\u00f3n, entrega garantizada) o&nbsp;<strong>elisabet.monzo@carm.es<\/strong>&nbsp;(este correo tiene tama\u00f1o limitado de buz\u00f3n (tel\u00e9fono de informaci\u00f3n 968369642). . Enviando los siguientes materiales que detallamos a contiunaci\u00f3n a la atenci\u00f3n de Dra. Elisabet Monz\u00f3 (elisabet.monzo@carm.es ) o preferiblemente al correo damian@pehsu.org (D. Dami\u00e1n S\u00e1nchez):<\/p>\n<ul>\n<li style=\"list-style-type: none;\">\n<ul>a. Obligatorio.&nbsp;<\/ul>\n<\/li>\n<\/ul>\n<p><strong>Carta de intenciones<br \/><\/strong><span style=\"color: var( --e-global-color-text );\">(Formato doc o pdf) dirigida al coordinador del curso. Indica los motivos por los que desea realizar el itinerario formativo. Es una carta de contenido libre en la que el alumno resume sus preferencias, deseos\u2026y de forma detallada los motivos por los que piensa que debe recibir esta formaci\u00f3n. Este carta es muy importante y clave en el proceso de selecci\u00f3n de los alumnos aspirantes.<\/span><\/p>\n<ul>\n<li style=\"list-style-type: none;\">\n<ul>b. Obliglatorio.&nbsp;<\/ul>\n<\/li>\n<\/ul>\n<p><a href=\"http:\/\/pehsu.org\/wp\/wp-content\/uploads\/CONTRATOLACTANCIA.doc\"><strong>Contrato formativo<\/strong>.<\/a><br \/><span style=\"color: var( --e-global-color-text );\">Documento en el que alumno se compromete a realizar el itinerario formativo completo. Es una especie de compromiso que adopta el alumno a completar el itinerario si lo empieza.<\/span><\/p>\n<ul>\n<li style=\"list-style-type: none;\">\n<ul>c. Obligatorio.&nbsp;<\/ul>\n<\/li>\n<\/ul>\n<p><a href=\"http:\/\/pehsu.org\/wp\/wp-content\/uploads\/modelo_cv_europeo.doc\"><strong>CV normalizado seg\u00fan modelo europeo<\/strong><\/a><b><br \/><\/b><span style=\"color: var( --e-global-color-text );\">Haciendo especial atenci\u00f3n a actividades o logros en temas del \u00e1mbito del itinerario formativo. Cada categor\u00eda profesional se valorar\u00e1 de forma independiente.<\/span><\/p>\n<ul>d. Carta de recomendaci\u00f3n realizada por el responsable o jefe del departamento donde trabaja el aspirante. Esta secci\u00f3n no es obligatoria pero si recomendable y se valora positivamente la recomendaci\u00f3n por el\/la jefe o responsable para la realizaci\u00f3n del itinerario<\/ul>\n<p><\/p>\t\t\t\t\t\t\t\t<\/div>\n\t\t\t\t<\/div>\n\t\t\t\t\t<\/div>\n\t\t<\/div>\n\t\t\t\t\t<\/div>\n\t\t<\/section>\n\t\t\t\t<section class=\"elementor-section elementor-top-section elementor-element elementor-element-a2557a6 elementor-section-boxed elementor-section-height-default elementor-section-height-default\" data-id=\"a2557a6\" data-element_type=\"section\" data-e-type=\"section\">\n\t\t\t\t\t\t<div class=\"elementor-container elementor-column-gap-default\">\n\t\t\t\t\t<div class=\"elementor-column elementor-col-100 elementor-top-column elementor-element elementor-element-b1e810b\" data-id=\"b1e810b\" data-element_type=\"column\" data-e-type=\"column\">\n\t\t\t<div class=\"elementor-widget-wrap elementor-element-populated\">\n\t\t\t\t\t\t<div class=\"elementor-element elementor-element-34b925d elementor-widget elementor-widget-heading\" data-id=\"34b925d\" data-element_type=\"widget\" data-e-type=\"widget\" data-widget_type=\"heading.default\">\n\t\t\t\t<div class=\"elementor-widget-container\">\n\t\t\t\t\t<h2 class=\"elementor-heading-title elementor-size-default\">Curso lider de la salud medioambiental de Europa y Am\u00e9rica Latina (2023)<\/h2>\t\t\t\t<\/div>\n\t\t\t\t<\/div>\n\t\t\t\t\t<\/div>\n\t\t<\/div>\n\t\t\t\t\t<\/div>\n\t\t<\/section>\n\t\t\t\t<section class=\"elementor-section elementor-top-section elementor-element elementor-element-0b0db8a elementor-section-boxed elementor-section-height-default elementor-section-height-default\" data-id=\"0b0db8a\" data-element_type=\"section\" data-e-type=\"section\">\n\t\t\t\t\t\t<div class=\"elementor-container elementor-column-gap-default\">\n\t\t\t\t\t<div class=\"elementor-column elementor-col-100 elementor-top-column elementor-element elementor-element-1de0744\" data-id=\"1de0744\" data-element_type=\"column\" data-e-type=\"column\">\n\t\t\t<div class=\"elementor-widget-wrap elementor-element-populated\">\n\t\t\t\t\t\t<div class=\"elementor-element elementor-element-f3a6a92 elementor-widget elementor-widget-text-editor\" data-id=\"f3a6a92\" data-element_type=\"widget\" data-e-type=\"widget\" data-widget_type=\"text-editor.default\">\n\t\t\t\t<div class=\"elementor-widget-container\">\n\t\t\t\t\t\t\t\t\t<p style=\"box-sizing: inherit; color: #444444; font-family: Magra, sans-serif;\"><span style=\"box-sizing: inherit; font-weight: bold;\"><a style=\"box-sizing: inherit; text-decoration-line: underline;\" href=\"https:\/\/pehsu.org\/wp\/?p=3072\" target=\"_blank\" rel=\"noreferrer noopener\" data-type=\"URL\" data-id=\"https:\/\/pehsu.org\/wp\/?p=3072\">Edici\u00f3n 2023. ABIERTA INSCRIPCI\u00d3N Y SOLICITUD DE BECA.<\/a><\/span><\/p><p style=\"box-sizing: inherit; color: #444444; font-family: Magra, sans-serif;\">BUCAMOS A PERSONAS QUE QUIERAN CAMBIAR EL MUNDO. En este curso entregaremos un paquete de semillas fecundas para sembrar la salud medioambiental con un enfoque global all\u00e1 donde est\u00e9s.<\/p><p class=\"has-medium-font-size\" style=\"box-sizing: inherit; color: #444444; font-family: Magra, sans-serif; font-size: var(--wp--preset--font-size--medium)  !important;\">INICIO DEL CURSO 18\/04\/2023<\/p>\t\t\t\t\t\t\t\t<\/div>\n\t\t\t\t<\/div>\n\t\t\t\t\t<\/div>\n\t\t<\/div>\n\t\t\t\t\t<\/div>\n\t\t<\/section>\n\t\t\t\t<section class=\"elementor-section elementor-top-section elementor-element elementor-element-d6991d0 elementor-section-boxed elementor-section-height-default elementor-section-height-default\" data-id=\"d6991d0\" data-element_type=\"section\" data-e-type=\"section\">\n\t\t\t\t\t\t<div class=\"elementor-container elementor-column-gap-default\">\n\t\t\t\t\t<div class=\"elementor-column elementor-col-100 elementor-top-column elementor-element elementor-element-b2dd0a5\" data-id=\"b2dd0a5\" data-element_type=\"column\" data-e-type=\"column\">\n\t\t\t<div class=\"elementor-widget-wrap elementor-element-populated\">\n\t\t\t\t\t\t<div class=\"elementor-element elementor-element-e4b07f3 elementor-widget__width-initial elementor-widget elementor-widget-video\" data-id=\"e4b07f3\" data-element_type=\"widget\" data-e-type=\"widget\" data-settings=\"{&quot;youtube_url&quot;:&quot;https:\\\/\\\/www.youtube.com\\\/watch?v=2AKHFLjb6C8&quot;,&quot;video_type&quot;:&quot;youtube&quot;,&quot;controls&quot;:&quot;yes&quot;}\" data-widget_type=\"video.default\">\n\t\t\t\t<div class=\"elementor-widget-container\">\n\t\t\t\t\t\t\t<div class=\"elementor-wrapper elementor-open-inline\">\n\t\t\t<div class=\"elementor-video\"><\/div>\t\t<\/div>\n\t\t\t\t\t\t<\/div>\n\t\t\t\t<\/div>\n\t\t\t\t\t<\/div>\n\t\t<\/div>\n\t\t\t\t\t<\/div>\n\t\t<\/section>\n\t\t\t\t<\/div>\n\t\t","protected":false},"excerpt":{"rendered":"<p>Cursos Cursos presenciales IV Encuentro de Pediatr\u00eda Ambiental\u00a0y Salud Comunitaria en Europa (2011):\u00a0Mejorando la calidad de vida y el medio ambiente del paciente con c\u00e1ncer y su familia O tambi\u00e9n en el hist\u00f3rico.\u00a0 III Encuentro de Pediatr\u00eda Ambiental\u00a0y Salud Comunitaria en Espa\u00f1a (2010):\u00a0Medio Ambiente y Salud Reproductiva. Construyendo nuestro legado. El programa aqu\u00ed. Video del &hellip; <\/p>\n<p class=\"link-more\"><a href=\"https:\/\/pehsu.org\/wp\/?page_id=3582\" class=\"more-link\">Leer m\u00e1s<span class=\"screen-reader-text\"> \u00abCursos\u00bb<\/span><\/a><\/p>\n","protected":false},"author":1,"featured_media":0,"parent":0,"menu_order":0,"comment_status":"closed","ping_status":"closed","template":"","meta":{"inspiro_hide_title":false,"footnotes":""},"class_list":["post-3582","page","type-page","status-publish","hentry"],"aioseo_notices":[],"_links":{"self":[{"href":"https:\/\/pehsu.org\/wp\/index.php?rest_route=\/wp\/v2\/pages\/3582","targetHints":{"allow":["GET"]}}],"collection":[{"href":"https:\/\/pehsu.org\/wp\/index.php?rest_route=\/wp\/v2\/pages"}],"about":[{"href":"https:\/\/pehsu.org\/wp\/index.php?rest_route=\/wp\/v2\/types\/page"}],"author":[{"embeddable":true,"href":"https:\/\/pehsu.org\/wp\/index.php?rest_route=\/wp\/v2\/users\/1"}],"replies":[{"embeddable":true,"href":"https:\/\/pehsu.org\/wp\/index.php?rest_route=%2Fwp%2Fv2%2Fcomments&post=3582"}],"version-history":[{"count":16,"href":"https:\/\/pehsu.org\/wp\/index.php?rest_route=\/wp\/v2\/pages\/3582\/revisions"}],"predecessor-version":[{"id":6041,"href":"https:\/\/pehsu.org\/wp\/index.php?rest_route=\/wp\/v2\/pages\/3582\/revisions\/6041"}],"wp:attachment":[{"href":"https:\/\/pehsu.org\/wp\/index.php?rest_route=%2Fwp%2Fv2%2Fmedia&parent=3582"}],"curies":[{"name":"wp","href":"https:\/\/api.w.org\/{rel}","templated":true}]}}