

{"id":351,"date":"2011-06-17T19:25:45","date_gmt":"2011-06-17T17:25:45","guid":{"rendered":"http:\/\/pehsu.org\/wp\/?page_id=351"},"modified":"2024-05-24T16:45:06","modified_gmt":"2024-05-24T14:45:06","slug":"vulnerabilidad-de-la-infancia","status":"publish","type":"page","link":"https:\/\/pehsu.org\/wp\/?page_id=351","title":{"rendered":"Vulnerabilidad de la infancia"},"content":{"rendered":"\t\t<div data-elementor-type=\"wp-page\" data-elementor-id=\"351\" class=\"elementor elementor-351\">\n\t\t\t\t\t\t<section class=\"elementor-section elementor-top-section elementor-element elementor-element-3d56faa elementor-section-boxed elementor-section-height-default elementor-section-height-default\" data-id=\"3d56faa\" data-element_type=\"section\" data-e-type=\"section\">\n\t\t\t\t\t\t<div class=\"elementor-container elementor-column-gap-default\">\n\t\t\t\t\t<div class=\"elementor-column elementor-col-100 elementor-top-column elementor-element elementor-element-a4ae45e\" data-id=\"a4ae45e\" data-element_type=\"column\" data-e-type=\"column\">\n\t\t\t<div class=\"elementor-widget-wrap elementor-element-populated\">\n\t\t\t\t\t\t<div class=\"elementor-element elementor-element-4779644 elementor-widget elementor-widget-heading\" data-id=\"4779644\" data-element_type=\"widget\" data-e-type=\"widget\" data-widget_type=\"heading.default\">\n\t\t\t\t<div class=\"elementor-widget-container\">\n\t\t\t\t\t<h2 class=\"elementor-heading-title elementor-size-default\">Vulnerabilidad de la infancia<\/h2>\t\t\t\t<\/div>\n\t\t\t\t<\/div>\n\t\t\t\t\t<\/div>\n\t\t<\/div>\n\t\t\t\t\t<\/div>\n\t\t<\/section>\n\t\t\t\t<section class=\"elementor-section elementor-top-section elementor-element elementor-element-38b93ea elementor-section-boxed elementor-section-height-default elementor-section-height-default\" data-id=\"38b93ea\" data-element_type=\"section\" data-e-type=\"section\">\n\t\t\t\t\t\t<div class=\"elementor-container elementor-column-gap-default\">\n\t\t\t\t\t<div class=\"elementor-column elementor-col-50 elementor-top-column elementor-element elementor-element-174c941\" data-id=\"174c941\" data-element_type=\"column\" data-e-type=\"column\">\n\t\t\t<div class=\"elementor-widget-wrap elementor-element-populated\">\n\t\t\t\t\t\t<div class=\"elementor-element elementor-element-2f13719 elementor-widget__width-initial elementor-widget elementor-widget-image\" data-id=\"2f13719\" data-element_type=\"widget\" data-e-type=\"widget\" data-widget_type=\"image.default\">\n\t\t\t\t<div class=\"elementor-widget-container\">\n\t\t\t\t\t\t\t\t\t\t\t\t\t\t\t<img fetchpriority=\"high\" decoding=\"async\" width=\"300\" height=\"225\" src=\"https:\/\/pehsu.org\/wp\/wp-content\/uploads\/pedrito-1-300x225.jpg\" class=\"attachment-medium size-medium wp-image-3492\" alt=\"\" srcset=\"https:\/\/pehsu.org\/wp\/wp-content\/uploads\/pedrito-1-300x225.jpg 300w, https:\/\/pehsu.org\/wp\/wp-content\/uploads\/pedrito-1.jpg 640w\" sizes=\"100vw\" \/>\t\t\t\t\t\t\t\t\t\t\t\t\t\t\t<\/div>\n\t\t\t\t<\/div>\n\t\t\t\t\t<\/div>\n\t\t<\/div>\n\t\t\t\t<div class=\"elementor-column elementor-col-50 elementor-top-column elementor-element elementor-element-2112c2a\" data-id=\"2112c2a\" data-element_type=\"column\" data-e-type=\"column\">\n\t\t\t<div class=\"elementor-widget-wrap elementor-element-populated\">\n\t\t\t\t\t\t<div class=\"elementor-element elementor-element-80fc88b elementor-widget elementor-widget-text-editor\" data-id=\"80fc88b\" data-element_type=\"widget\" data-e-type=\"widget\" data-widget_type=\"text-editor.default\">\n\t\t\t\t<div class=\"elementor-widget-container\">\n\t\t\t\t\t\t\t\t\t<h5 class=\"elementor-heading-title elementor-size-default elementor-inline-editing pen\" style=\"color: var( --e-global-color-primary ); font-size: 18px; text-align: center;\" data-elementor-setting-key=\"title\" data-pen-placeholder=\"Teclea aqu\u00ed...\"><span style=\"color: #555555; font-weight: 400; white-space-collapse: collapse;\">Existen unos grupos poblacionales de mayor vulnerabilidad ante la acci\u00f3n de los contaminantes medioambientales. Estos grupos son los siguientes:<\/span><span style=\"color: #555555; white-space-collapse: collapse;\">\u00a0\u00e9poca fetal, infantil, juvenil, mujeres, y especialmente las embarazadas y lactantes, tercera edad, minor\u00edas \u00e9tnico-culturales y enfermos cr\u00f3nicos.<\/span><\/h5>\t\t\t\t\t\t\t\t<\/div>\n\t\t\t\t<\/div>\n\t\t\t\t\t<\/div>\n\t\t<\/div>\n\t\t\t\t\t<\/div>\n\t\t<\/section>\n\t\t\t\t<section class=\"elementor-section elementor-top-section elementor-element elementor-element-59c3a018 elementor-section-boxed elementor-section-height-default elementor-section-height-default\" data-id=\"59c3a018\" data-element_type=\"section\" data-e-type=\"section\">\n\t\t\t\t\t\t<div class=\"elementor-container elementor-column-gap-default\">\n\t\t\t\t\t<div class=\"elementor-column elementor-col-100 elementor-top-column elementor-element elementor-element-9832386\" data-id=\"9832386\" data-element_type=\"column\" data-e-type=\"column\">\n\t\t\t<div class=\"elementor-widget-wrap elementor-element-populated\">\n\t\t\t\t\t\t<div class=\"elementor-element elementor-element-694a7acb elementor-widget elementor-widget-text-editor\" data-id=\"694a7acb\" data-element_type=\"widget\" data-e-type=\"widget\" data-widget_type=\"text-editor.default\">\n\t\t\t\t<div class=\"elementor-widget-container\">\n\t\t\t\t\t\t\t\t\t<p><\/p>\n<p><\/p>\n<p><\/p>\n<p><\/p>\n<p><\/p>\n<p><\/p>\n<p><\/p>\n<p><\/p>\n<p>La poblaci\u00f3n pedi\u00e1trica, que abarca las dos primeras d\u00e9cadas de la vida, engloba a tres de los grupos m\u00e1s vulnerables a las amenazas medioambientales, por los siguientes motivos:<\/p>\n<p><\/p>\n<p><\/p>\n<p><strong>Inmadurez anat\u00f3mica y funcional<\/strong>.<\/p>\n<p><\/p>\n<p><\/p>\n<p>Todos los sistemas org\u00e1nicos atraviesan diversas fases de crecimiento del n\u00famero y tama\u00f1o celular que se inician en la \u00e9poca fetal, persistiendo durante la infantojuvenil, para terminar al final de la adolescencia e inicio de la \u00e9poca adulta. Las fases especialmente cr\u00edticas son la fetal y la primera infancia, determinando efectos adversos en la salud a corto, medio y largo plazo.<\/p>\n<p><\/p>\n<p><\/p>\n<p><strong>Mayor consumo energ\u00e9tico-metab\u00f3lico<\/strong>.<\/p>\n<p><\/p>\n<p><\/p>\n<div class=\"wp-block-group is-layout-flow wp-block-group-is-layout-flow\">\n<p><\/p>\n<div class=\"wp-block-columns is-layout-flex wp-container-core-columns-is-layout-28f84493 wp-block-columns-is-layout-flex\">\n<p><\/p>\n<div class=\"wp-block-column is-layout-flow wp-block-column-is-layout-flow\" style=\"flex-basis: 50%;\">\n<p><\/p>\n<div class=\"wp-block-columns is-layout-flex wp-container-core-columns-is-layout-28f84493 wp-block-columns-is-layout-flex\">\n<p><\/p>\n<div class=\"wp-block-column is-layout-flow wp-block-column-is-layout-flow\" style=\"flex-basis: 50%;\">\n<p><\/p>\n<figure class=\"wp-block-image\"><a href=\"http:\/\/pehsu.org\/wp\/wp-content\/uploads\/vulnecomida.jpg\"><img decoding=\"async\" width=\"300\" height=\"127\" class=\"wp-image-278 alignleft\" title=\"vulnecomida\" src=\"http:\/\/pehsu.org\/wp\/wp-content\/uploads\/vulnecomida-300x127.jpg\" alt=\"Ingesta de alimentos por kg de peso\" srcset=\"https:\/\/pehsu.org\/wp\/wp-content\/uploads\/vulnecomida-300x127.jpg 300w, https:\/\/pehsu.org\/wp\/wp-content\/uploads\/vulnecomida.jpg 470w\" sizes=\"(max-width: 300px) 100vw, 300px\" \/><\/a><\/figure>\n<p><\/p>\n<\/div>\n<p><\/p>\n<p><\/p>\n<div class=\"wp-block-column is-layout-flow wp-block-column-is-layout-flow\" style=\"flex-basis: 50%;\">\n<p><\/p>\n<div class=\"wp-block-group is-layout-flow wp-block-group-is-layout-flow\">\n<p><\/p>\n<figure class=\"wp-block-image\"><a href=\"http:\/\/pehsu.org\/wp\/wp-content\/uploads\/vulneragua.jpg\"><img decoding=\"async\" width=\"300\" height=\"178\" class=\"wp-image-279\" title=\"vulneragua\" src=\"http:\/\/pehsu.org\/wp\/wp-content\/uploads\/vulneragua-300x178.jpg\" alt=\"Ingesta de agua por kg de peso\" srcset=\"https:\/\/pehsu.org\/wp\/wp-content\/uploads\/vulneragua-300x178.jpg 300w, https:\/\/pehsu.org\/wp\/wp-content\/uploads\/vulneragua.jpg 475w\" sizes=\"(max-width: 300px) 100vw, 300px\" \/><\/a><\/figure>\n<p><\/p>\n<\/div>\n<p><\/p>\n<p><\/p>\n<p><\/p>\n<\/div>\n<p><\/p>\n<\/div>\n<p><\/p>\n<\/div>\n<p><\/p>\n<p><\/p>\n<div class=\"wp-block-column is-layout-flow wp-block-column-is-layout-flow\" style=\"flex-basis: 50%;\">\n<p><\/p>\n<p>Por el r\u00e1pido crecimiento y desarrollo, los ni\u00f1os necesitan un mayor aporte de ox\u00edgeno y de substancias nutricionales. Por ello, comen m\u00e1s alimentos, beben m\u00e1s l\u00edquidos y respiran m\u00e1s aire por kilogramo de peso corporal que los adultos. Los ni\u00f1os, especialmente durante los primeros 10 de vida, inhalan, ingieren y absorben transdermicamente m\u00e1s substancias t\u00f3xicas medioambientales por kilogramo de peso que un adulto. Si a ello unimos la menor capacidad para neutralizar, detoxificar y eliminar los contaminantes externos, vemos que sus efectos adversos van a ser m\u00e1s intensos y persistentes.<\/p>\n<p><\/p>\n<\/div>\n<p><\/p>\n<\/div>\n<p><\/p>\n<p><\/p>\n<p><\/p>\n<\/div>\n<p><\/p>\n<p><\/p>\n<p><strong>Comportamiento social<\/strong>.<\/p>\n<p><\/p>\n<p><\/p>\n<p>\u00abNosotros los ni\u00f1os pasamos casi todo el d\u00eda por el suelo y &#8230;\u00bb<\/p>\n<p><\/p>\n<p><\/p>\n<p>Los ni\u00f1os, por su conducta natural, presentan una mayor espontaneidad, curiosidad y confianza hacia su entorno, provocando una mayor indefensi\u00f3n ante las agresiones medioambientales y los signos de alarma que avisan\/alertan a los adultos. La tendencia a descubrir, tocar, respirar, degustar, y muchas veces ingerir substancias u objetos que exploran, como tierra, pinturas, pl\u00e1sticos, etc., los convierte en sujetos especialmente expuestos a los t\u00f3xicos medioambientales. Al reptar, gatear y arrastrarse por los suelos dom\u00e9sticos y en los espacios exteriores, est\u00e1n m\u00e1s expuestos a los contaminantes potenciales del polvo, suelo, plomo de las pinturas, trozos de juguetes y pl\u00e1sticos, qu\u00edmicos dom\u00e9sticos y de jardiner\u00eda o agricultura, etc. Incluso en el mismo ambiente dom\u00e9stico, durante los primeros dos a\u00f1os de vida, al estar m\u00e1s tiempo a ras del suelo, respiran compuestos org\u00e1nicos vol\u00e1tiles que son m\u00e1s densos y pesados que el aire y que los adultos no inhalan.<\/p>\n<p><\/p>\n<p><\/p>\n<p><strong>Mayor expectativas de vida<\/strong>.<\/p>\n<p><\/p>\n<p><\/p>\n<p>Como los ni\u00f1os tienen por delante muchos m\u00e1s a\u00f1os potenciales de vida, pueden desarrollar efectos a medio y largo plazo ante exposiciones cr\u00f3nicas a bajas dosis de los contaminantes ambientales.<\/p>\n<p><\/p>\n<p><\/p>\n<p><strong>Nula capacidad de decisi\u00f3n<\/strong>.<\/p>\n<p><\/p>\n<p><\/p>\n<p>Nula capacidad de decisi\u00f3n en los temas medioambientales que: a) les afectan con mayor gravedad que a los adultos; b) y que hipotecan irreversiblemente sus h\u00e1bitats futuros.<\/p>\n<figure class=\"wp-block-embed is-type-video is-provider-youtube wp-block-embed-youtube wp-embed-aspect-16-9 wp-has-aspect-ratio\">\n<figcaption>Salud Medioambiental. \u00bfPor qu\u00e9 la infancia es m\u00e1s vulnerable?<\/figcaption>\n<\/figure>\n<p><\/p>\n<p><\/p>\n<p>Copyright \u00a9 \u2022 Paediatric Environmental Health Especiality Unit Murcia<\/p>\n<p><\/p>\t\t\t\t\t\t\t\t<\/div>\n\t\t\t\t<\/div>\n\t\t\t\t\t<\/div>\n\t\t<\/div>\n\t\t\t\t\t<\/div>\n\t\t<\/section>\n\t\t\t\t<section class=\"elementor-section elementor-top-section elementor-element elementor-element-6c73978 elementor-section-boxed elementor-section-height-default elementor-section-height-default\" data-id=\"6c73978\" data-element_type=\"section\" data-e-type=\"section\">\n\t\t\t\t\t\t<div class=\"elementor-container elementor-column-gap-default\">\n\t\t\t\t\t<div class=\"elementor-column elementor-col-100 elementor-top-column elementor-element elementor-element-d48308e\" data-id=\"d48308e\" data-element_type=\"column\" data-e-type=\"column\">\n\t\t\t<div class=\"elementor-widget-wrap elementor-element-populated\">\n\t\t\t\t\t\t<div class=\"elementor-element elementor-element-fa298c1 elementor-widget elementor-widget-video\" data-id=\"fa298c1\" data-element_type=\"widget\" data-e-type=\"widget\" data-settings=\"{&quot;youtube_url&quot;:&quot;https:\\\/\\\/youtu.be\\\/jTrXiwO47XU&quot;,&quot;video_type&quot;:&quot;youtube&quot;,&quot;controls&quot;:&quot;yes&quot;}\" data-widget_type=\"video.default\">\n\t\t\t\t<div class=\"elementor-widget-container\">\n\t\t\t\t\t\t\t<div class=\"elementor-wrapper elementor-open-inline\">\n\t\t\t<div class=\"elementor-video\"><\/div>\t\t<\/div>\n\t\t\t\t\t\t<\/div>\n\t\t\t\t<\/div>\n\t\t\t\t\t<\/div>\n\t\t<\/div>\n\t\t\t\t\t<\/div>\n\t\t<\/section>\n\t\t\t\t<\/div>\n\t\t","protected":false},"excerpt":{"rendered":"<p>Vulnerabilidad de la infancia Existen unos grupos poblacionales de mayor vulnerabilidad ante la acci\u00f3n de los contaminantes medioambientales. Estos grupos son los siguientes:\u00a0\u00e9poca fetal, infantil, juvenil, mujeres, y especialmente las embarazadas y lactantes, tercera edad, minor\u00edas \u00e9tnico-culturales y enfermos cr\u00f3nicos. La poblaci\u00f3n pedi\u00e1trica, que abarca las dos primeras d\u00e9cadas de la vida, engloba a tres &hellip; <\/p>\n<p class=\"link-more\"><a href=\"https:\/\/pehsu.org\/wp\/?page_id=351\" class=\"more-link\">Leer m\u00e1s<span class=\"screen-reader-text\"> \u00abVulnerabilidad de la infancia\u00bb<\/span><\/a><\/p>\n","protected":false},"author":1,"featured_media":0,"parent":37,"menu_order":1,"comment_status":"closed","ping_status":"closed","template":"","meta":{"inspiro_hide_title":false,"footnotes":""},"class_list":["post-351","page","type-page","status-publish","hentry"],"aioseo_notices":[],"_links":{"self":[{"href":"https:\/\/pehsu.org\/wp\/index.php?rest_route=\/wp\/v2\/pages\/351","targetHints":{"allow":["GET"]}}],"collection":[{"href":"https:\/\/pehsu.org\/wp\/index.php?rest_route=\/wp\/v2\/pages"}],"about":[{"href":"https:\/\/pehsu.org\/wp\/index.php?rest_route=\/wp\/v2\/types\/page"}],"author":[{"embeddable":true,"href":"https:\/\/pehsu.org\/wp\/index.php?rest_route=\/wp\/v2\/users\/1"}],"replies":[{"embeddable":true,"href":"https:\/\/pehsu.org\/wp\/index.php?rest_route=%2Fwp%2Fv2%2Fcomments&post=351"}],"version-history":[{"count":29,"href":"https:\/\/pehsu.org\/wp\/index.php?rest_route=\/wp\/v2\/pages\/351\/revisions"}],"predecessor-version":[{"id":3788,"href":"https:\/\/pehsu.org\/wp\/index.php?rest_route=\/wp\/v2\/pages\/351\/revisions\/3788"}],"up":[{"embeddable":true,"href":"https:\/\/pehsu.org\/wp\/index.php?rest_route=\/wp\/v2\/pages\/37"}],"wp:attachment":[{"href":"https:\/\/pehsu.org\/wp\/index.php?rest_route=%2Fwp%2Fv2%2Fmedia&parent=351"}],"curies":[{"name":"wp","href":"https:\/\/api.w.org\/{rel}","templated":true}]}}