

{"id":3343,"date":"2024-05-23T15:44:12","date_gmt":"2024-05-23T13:44:12","guid":{"rendered":"https:\/\/pehsu.org\/wp\/?page_id=3343"},"modified":"2026-02-05T17:06:14","modified_gmt":"2026-02-05T15:06:14","slug":"inicio","status":"publish","type":"page","link":"https:\/\/pehsu.org\/wp\/","title":{"rendered":"Inicio"},"content":{"rendered":"\t\t<div data-elementor-type=\"wp-page\" data-elementor-id=\"3343\" class=\"elementor elementor-3343\">\n\t\t\t\t\t\t<section class=\"elementor-section elementor-top-section elementor-element elementor-element-7429250 elementor-section-boxed elementor-section-height-default elementor-section-height-default\" data-id=\"7429250\" data-element_type=\"section\" data-e-type=\"section\">\n\t\t\t\t\t\t<div class=\"elementor-container elementor-column-gap-default\">\n\t\t\t\t\t<div class=\"elementor-column elementor-col-100 elementor-top-column elementor-element elementor-element-c7158a0\" data-id=\"c7158a0\" data-element_type=\"column\" data-e-type=\"column\">\n\t\t\t<div class=\"elementor-widget-wrap elementor-element-populated\">\n\t\t\t\t\t\t<div class=\"elementor-element elementor-element-4804418 elementor-widget elementor-widget-heading\" data-id=\"4804418\" data-element_type=\"widget\" data-e-type=\"widget\" data-widget_type=\"heading.default\">\n\t\t\t\t<div class=\"elementor-widget-container\">\n\t\t\t\t\t<h2 class=\"elementor-heading-title elementor-size-default\"><a href=\"https:\/\/pehsu.org\/wp\/?page_id=1017\">Definici\u00f3n de Pehsu<\/a><\/h2>\t\t\t\t<\/div>\n\t\t\t\t<\/div>\n\t\t\t\t\t<\/div>\n\t\t<\/div>\n\t\t\t\t\t<\/div>\n\t\t<\/section>\n\t\t\t\t<section class=\"elementor-section elementor-top-section elementor-element elementor-element-9b78a40 elementor-section-boxed elementor-section-height-default elementor-section-height-default\" data-id=\"9b78a40\" data-element_type=\"section\" data-e-type=\"section\">\n\t\t\t\t\t\t<div class=\"elementor-container elementor-column-gap-default\">\n\t\t\t\t\t<div class=\"elementor-column elementor-col-50 elementor-top-column elementor-element elementor-element-2c77747\" data-id=\"2c77747\" data-element_type=\"column\" data-e-type=\"column\">\n\t\t\t<div class=\"elementor-widget-wrap elementor-element-populated\">\n\t\t\t\t\t\t<div class=\"elementor-element elementor-element-6fac160 elementor-widget__width-initial elementor-widget elementor-widget-image\" data-id=\"6fac160\" data-element_type=\"widget\" data-e-type=\"widget\" data-widget_type=\"image.default\">\n\t\t\t\t<div class=\"elementor-widget-container\">\n\t\t\t\t\t\t\t\t\t\t\t\t\t\t\t\t<a href=\"https:\/\/pehsu.org\/wp\/?page_id=1017\">\n\t\t\t\t\t\t\t<img decoding=\"async\" width=\"192\" height=\"139\" src=\"https:\/\/pehsu.org\/wp\/wp-content\/uploads\/5b9fccc8-3e12-449c-bf99-204f853757bd.jpg\" class=\"attachment-large size-large wp-image-4126\" alt=\"\" sizes=\"100vw\" \/>\t\t\t\t\t\t\t\t<\/a>\n\t\t\t\t\t\t\t\t\t\t\t\t\t\t\t<\/div>\n\t\t\t\t<\/div>\n\t\t\t\t<div class=\"elementor-element elementor-element-af0e597 elementor-widget elementor-widget-text-editor\" data-id=\"af0e597\" data-element_type=\"widget\" data-e-type=\"widget\" data-widget_type=\"text-editor.default\">\n\t\t\t\t<div class=\"elementor-widget-container\">\n\t\t\t\t\t\t\t\t\t<p><em style=\"font-family: Magra, sans-serif; font-size: 18px;\"><span style=\"font-weight: bold;\">PEHSU-Murcia, Winner of the Pan-European Children\u2019s Environment and Health Awards, Vienna Intergovernmental Mid-term Review (IMR) of the Children\u2019s Environment and Health Action Plan for Europe (CEHAPE), 2007<\/span><\/em><\/p>\t\t\t\t\t\t\t\t<\/div>\n\t\t\t\t<\/div>\n\t\t\t\t\t<\/div>\n\t\t<\/div>\n\t\t\t\t<div class=\"elementor-column elementor-col-50 elementor-top-column elementor-element elementor-element-2700af0\" data-id=\"2700af0\" data-element_type=\"column\" data-e-type=\"column\">\n\t\t\t<div class=\"elementor-widget-wrap elementor-element-populated\">\n\t\t\t\t\t\t<div class=\"elementor-element elementor-element-7b1f67f elementor-widget elementor-widget-text-editor\" data-id=\"7b1f67f\" data-element_type=\"widget\" data-e-type=\"widget\" data-widget_type=\"text-editor.default\">\n\t\t\t\t<div class=\"elementor-widget-container\">\n\t\t\t\t\t\t\t\t\t<p>PEHSU-Murcia es una <strong>unidad cl\u00ednica<\/strong> situada en el Servicio de Pediatr\u00eda del Hospital Cl\u00ednico Universitario Virgen de la Arrixaca donde trabajan m\u00e9dicos de familia, pediatras, enfermeros, ambient\u00f3logos y t\u00e9cnicos de Salud Medioambiental con experiencia en Salud Medioambiental Pedi\u00e1trica y cooperando con otras subespecialidades pedi\u00e1tricas y de la medicina del adulto, y de otras \u00e1reas (bi\u00f3logos, ingenieros, arquitectos, ec\u00f3logos&#8230;) trabajando para <strong>reconocer, evaluar y manejar<\/strong> las enfermedades y riesgos ambientalmente relacionados as\u00ed como proporcionar educaci\u00f3n, entrenamiento e investigaci\u00f3n en Salud Medioambiental Pedi\u00e1trica en general, y comunitaria y escolar en particular. (Ortega Garc\u00eda, et al., 2004, Ortega Garc\u00eda, et al., 2007).<\/p>\t\t\t\t\t\t\t\t<\/div>\n\t\t\t\t<\/div>\n\t\t\t\t\t<\/div>\n\t\t<\/div>\n\t\t\t\t\t<\/div>\n\t\t<\/section>\n\t\t\t\t<section class=\"elementor-section elementor-top-section elementor-element elementor-element-75331a8 elementor-section-boxed elementor-section-height-default elementor-section-height-default\" data-id=\"75331a8\" data-element_type=\"section\" data-e-type=\"section\">\n\t\t\t\t\t\t<div class=\"elementor-container elementor-column-gap-default\">\n\t\t\t\t\t<div class=\"elementor-column elementor-col-100 elementor-top-column elementor-element elementor-element-a08c147\" data-id=\"a08c147\" data-element_type=\"column\" data-e-type=\"column\">\n\t\t\t<div class=\"elementor-widget-wrap elementor-element-populated\">\n\t\t\t\t\t\t<div class=\"elementor-element elementor-element-09db254 elementor-widget elementor-widget-heading\" data-id=\"09db254\" data-element_type=\"widget\" data-e-type=\"widget\" data-widget_type=\"heading.default\">\n\t\t\t\t<div class=\"elementor-widget-container\">\n\t\t\t\t\t<h2 class=\"elementor-heading-title elementor-size-default\">Nuestro equipo<\/h2>\t\t\t\t<\/div>\n\t\t\t\t<\/div>\n\t\t\t\t\t<\/div>\n\t\t<\/div>\n\t\t\t\t\t<\/div>\n\t\t<\/section>\n\t\t\t\t<section class=\"elementor-section elementor-top-section elementor-element elementor-element-72d22f5 elementor-section-boxed elementor-section-height-default elementor-section-height-default\" data-id=\"72d22f5\" data-element_type=\"section\" data-e-type=\"section\">\n\t\t\t\t\t\t<div class=\"elementor-container elementor-column-gap-default\">\n\t\t\t\t\t<div class=\"elementor-column elementor-col-100 elementor-top-column elementor-element elementor-element-1706823\" data-id=\"1706823\" data-element_type=\"column\" data-e-type=\"column\">\n\t\t\t<div class=\"elementor-widget-wrap elementor-element-populated\">\n\t\t\t\t\t\t<div class=\"elementor-element elementor-element-c57f251 elementor-widget elementor-widget-image\" data-id=\"c57f251\" data-element_type=\"widget\" data-e-type=\"widget\" data-widget_type=\"image.default\">\n\t\t\t\t<div class=\"elementor-widget-container\">\n\t\t\t\t\t\t\t\t\t\t\t\t\t\t\t<img fetchpriority=\"high\" decoding=\"async\" width=\"960\" height=\"163\" src=\"https:\/\/pehsu.org\/wp\/wp-content\/uploads\/PEHSU14-1.png\" class=\"attachment-large size-large wp-image-3375\" alt=\"\" srcset=\"https:\/\/pehsu.org\/wp\/wp-content\/uploads\/PEHSU14-1.png 960w, https:\/\/pehsu.org\/wp\/wp-content\/uploads\/PEHSU14-1-300x51.png 300w\" sizes=\"100vw\" \/>\t\t\t\t\t\t\t\t\t\t\t\t\t\t\t<\/div>\n\t\t\t\t<\/div>\n\t\t\t\t\t<\/div>\n\t\t<\/div>\n\t\t\t\t\t<\/div>\n\t\t<\/section>\n\t\t\t\t<section class=\"elementor-section elementor-top-section elementor-element elementor-element-48f37dd elementor-section-boxed elementor-section-height-default elementor-section-height-default\" data-id=\"48f37dd\" data-element_type=\"section\" data-e-type=\"section\">\n\t\t\t\t\t\t<div class=\"elementor-container elementor-column-gap-default\">\n\t\t\t\t\t<div class=\"elementor-column elementor-col-25 elementor-top-column elementor-element elementor-element-04d94f5\" data-id=\"04d94f5\" data-element_type=\"column\" data-e-type=\"column\">\n\t\t\t<div class=\"elementor-widget-wrap elementor-element-populated\">\n\t\t\t\t\t\t<div class=\"elementor-element elementor-element-193a673 elementor-widget__width-initial elementor-position-top elementor-widget elementor-widget-image-box\" data-id=\"193a673\" data-element_type=\"widget\" data-e-type=\"widget\" data-widget_type=\"image-box.default\">\n\t\t\t\t<div class=\"elementor-widget-container\">\n\t\t\t\t\t<div class=\"elementor-image-box-wrapper\"><figure class=\"elementor-image-box-img\"><a href=\"https:\/\/cvn.fecyt.es\/editor\/cvnOnline\/0000-0001-8577-4168\" target=\"_blank\" tabindex=\"-1\"><img decoding=\"async\" width=\"1280\" height=\"1920\" src=\"https:\/\/pehsu.org\/wp\/wp-content\/uploads\/304A8D7E-DC54-435F-ACD4-26ED2A31F58C-rotated.jpeg\" class=\"attachment-full size-full wp-image-2826\" alt=\"\" srcset=\"https:\/\/pehsu.org\/wp\/wp-content\/uploads\/304A8D7E-DC54-435F-ACD4-26ED2A31F58C-rotated.jpeg 1280w, https:\/\/pehsu.org\/wp\/wp-content\/uploads\/304A8D7E-DC54-435F-ACD4-26ED2A31F58C-200x300.jpeg 200w, https:\/\/pehsu.org\/wp\/wp-content\/uploads\/304A8D7E-DC54-435F-ACD4-26ED2A31F58C-683x1024.jpeg 683w, https:\/\/pehsu.org\/wp\/wp-content\/uploads\/304A8D7E-DC54-435F-ACD4-26ED2A31F58C-768x1152.jpeg 768w, https:\/\/pehsu.org\/wp\/wp-content\/uploads\/304A8D7E-DC54-435F-ACD4-26ED2A31F58C-1024x1536.jpeg 1024w\" sizes=\"(max-width: 1280px) 100vw, 1280px\" \/><\/a><\/figure><div class=\"elementor-image-box-content\"><h3 class=\"elementor-image-box-title\"><a href=\"https:\/\/cvn.fecyt.es\/editor\/cvnOnline\/0000-0001-8577-4168\" target=\"_blank\">Ortega Garc\u00eda, Juan Antonio <\/a><\/h3><p class=\"elementor-image-box-description\">Pediatra Ambiental\n(2005 - Actualidad) (CV)<\/p><\/div><\/div>\t\t\t\t<\/div>\n\t\t\t\t<\/div>\n\t\t\t\t<div class=\"elementor-element elementor-element-f13ed50 elementor-widget elementor-widget-accordion\" data-id=\"f13ed50\" data-element_type=\"widget\" data-e-type=\"widget\" data-widget_type=\"accordion.default\">\n\t\t\t\t<div class=\"elementor-widget-container\">\n\t\t\t\t\t\t\t<div class=\"elementor-accordion\">\n\t\t\t\t\t\t\t<div class=\"elementor-accordion-item\">\n\t\t\t\t\t<div id=\"elementor-tab-title-2521\" class=\"elementor-tab-title\" data-tab=\"1\" role=\"button\" aria-controls=\"elementor-tab-content-2521\" aria-expanded=\"false\">\n\t\t\t\t\t\t\t\t\t\t\t\t\t<span class=\"elementor-accordion-icon elementor-accordion-icon-left\" aria-hidden=\"true\">\n\t\t\t\t\t\t\t\t\t\t\t\t\t\t\t<span class=\"elementor-accordion-icon-closed\"><i class=\"fas fa-plus\"><\/i><\/span>\n\t\t\t\t\t\t\t\t<span class=\"elementor-accordion-icon-opened\"><i class=\"fas fa-minus\"><\/i><\/span>\n\t\t\t\t\t\t\t\t\t\t\t\t\t\t<\/span>\n\t\t\t\t\t\t\t\t\t\t\t\t<a class=\"elementor-accordion-title\" tabindex=\"0\">M\u00e1s info<\/a>\n\t\t\t\t\t<\/div>\n\t\t\t\t\t<div id=\"elementor-tab-content-2521\" class=\"elementor-tab-content elementor-clearfix\" data-tab=\"1\" role=\"region\" aria-labelledby=\"elementor-tab-title-2521\"><p><span style=\"color: #444444; font-family: Magra, sans-serif;\">Profesor Contratado Doctor Pediatr\u00eda. Facultad de Medicina. Univ. Murcia. Vinculado como responsable de PEHSU Murcia. Hospital Universitario Virgen de la Arrixaca. Murcia, Espa\u00f1a.&nbsp;<\/span><a href=\"https:\/\/cvn.fecyt.es\/editor\/cvnOnline\/0000-0001-8577-4168\" target=\"_blank\" style=\"background-color: rgb(255, 255, 255);\">Descarga su CV<\/a><br \/><\/p><\/div>\n\t\t\t\t<\/div>\n\t\t\t\t\t\t\t\t<\/div>\n\t\t\t\t\t\t<\/div>\n\t\t\t\t<\/div>\n\t\t\t\t\t<\/div>\n\t\t<\/div>\n\t\t\t\t<div class=\"elementor-column elementor-col-25 elementor-top-column elementor-element elementor-element-2999f72\" data-id=\"2999f72\" data-element_type=\"column\" data-e-type=\"column\">\n\t\t\t<div class=\"elementor-widget-wrap elementor-element-populated\">\n\t\t\t\t\t\t<div class=\"elementor-element elementor-element-3601714 elementor-widget__width-initial elementor-position-top elementor-widget elementor-widget-image-box\" data-id=\"3601714\" data-element_type=\"widget\" data-e-type=\"widget\" data-widget_type=\"image-box.default\">\n\t\t\t\t<div class=\"elementor-widget-container\">\n\t\t\t\t\t<div class=\"elementor-image-box-wrapper\"><figure class=\"elementor-image-box-img\"><img loading=\"lazy\" decoding=\"async\" width=\"1488\" height=\"2048\" src=\"https:\/\/pehsu.org\/wp\/wp-content\/uploads\/BC768B0F-42F8-4F8C-A3E9-B7F5952D828E.jpeg\" class=\"attachment-full size-full wp-image-2811\" alt=\"\" srcset=\"https:\/\/pehsu.org\/wp\/wp-content\/uploads\/BC768B0F-42F8-4F8C-A3E9-B7F5952D828E.jpeg 1488w, https:\/\/pehsu.org\/wp\/wp-content\/uploads\/BC768B0F-42F8-4F8C-A3E9-B7F5952D828E-218x300.jpeg 218w, https:\/\/pehsu.org\/wp\/wp-content\/uploads\/BC768B0F-42F8-4F8C-A3E9-B7F5952D828E-744x1024.jpeg 744w, https:\/\/pehsu.org\/wp\/wp-content\/uploads\/BC768B0F-42F8-4F8C-A3E9-B7F5952D828E-768x1057.jpeg 768w, https:\/\/pehsu.org\/wp\/wp-content\/uploads\/BC768B0F-42F8-4F8C-A3E9-B7F5952D828E-1116x1536.jpeg 1116w\" sizes=\"(max-width: 1488px) 100vw, 1488px\" \/><\/figure><div class=\"elementor-image-box-content\"><h3 class=\"elementor-image-box-title\">S\u00e1nchez Sauco, Miguel Felipe <\/h3><p class=\"elementor-image-box-description\">Enfermero ambiental (2009-Actualidad)<\/p><\/div><\/div>\t\t\t\t<\/div>\n\t\t\t\t<\/div>\n\t\t\t\t<div class=\"elementor-element elementor-element-36756ed elementor-widget elementor-widget-accordion\" data-id=\"36756ed\" data-element_type=\"widget\" data-e-type=\"widget\" data-widget_type=\"accordion.default\">\n\t\t\t\t<div class=\"elementor-widget-container\">\n\t\t\t\t\t\t\t<div class=\"elementor-accordion\">\n\t\t\t\t\t\t\t<div class=\"elementor-accordion-item\">\n\t\t\t\t\t<div id=\"elementor-tab-title-5711\" class=\"elementor-tab-title\" data-tab=\"1\" role=\"button\" aria-controls=\"elementor-tab-content-5711\" aria-expanded=\"false\">\n\t\t\t\t\t\t\t\t\t\t\t\t\t<span class=\"elementor-accordion-icon elementor-accordion-icon-left\" aria-hidden=\"true\">\n\t\t\t\t\t\t\t\t\t\t\t\t\t\t\t<span class=\"elementor-accordion-icon-closed\"><i class=\"fas fa-plus\"><\/i><\/span>\n\t\t\t\t\t\t\t\t<span class=\"elementor-accordion-icon-opened\"><i class=\"fas fa-minus\"><\/i><\/span>\n\t\t\t\t\t\t\t\t\t\t\t\t\t\t<\/span>\n\t\t\t\t\t\t\t\t\t\t\t\t<a class=\"elementor-accordion-title\" tabindex=\"0\">M\u00e1s info<\/a>\n\t\t\t\t\t<\/div>\n\t\t\t\t\t<div id=\"elementor-tab-content-5711\" class=\"elementor-tab-content elementor-clearfix\" data-tab=\"1\" role=\"region\" aria-labelledby=\"elementor-tab-title-5711\"><p><span style=\"color: #444444; font-family: Magra, sans-serif;\">Diplomado Universitario en Enfermer\u00eda.<\/span><br style=\"box-sizing: inherit; color: #444444; font-family: Magra, sans-serif;\" \/><span style=\"color: #444444; font-family: Magra, sans-serif;\">T\u00e9cnico de Salud Medioambiental.<\/span><br style=\"box-sizing: inherit; color: #444444; font-family: Magra, sans-serif;\" \/><span style=\"color: #444444; font-family: Magra, sans-serif;\">T\u00e9cnico en Prevenci\u00f3n de Riesgos Laborales.<\/span><br style=\"box-sizing: inherit; color: #444444; font-family: Magra, sans-serif;\" \/><span style=\"color: #444444; font-family: Magra, sans-serif;\">Master en Metodolog\u00eda de la Investigaci\u00f3n Cl\u00ednica, Universidad de C\u00f3rdoba<\/span><br style=\"box-sizing: inherit; color: #444444; font-family: Magra, sans-serif;\" \/><span style=\"color: #444444; font-family: Magra, sans-serif;\">Responsable de la consulta de salud medioambiental reproductiva, del programa de salud medioambiental escolar y de deshabituaci\u00f3n tab\u00e1quica en el \u00e1mbito materno-infantil (embarazadas y padres de ni\u00f1os enfermos).<\/span><br style=\"box-sizing: inherit; color: #444444; font-family: Magra, sans-serif;\" \/><span style=\"color: #444444; font-family: Magra, sans-serif;\">Miembro de la Coalici\u00f3n Internacional Healthy Environments for Children Alliance (HECA) \u2013 OMS.<\/span><br style=\"box-sizing: inherit; color: #444444; font-family: Magra, sans-serif;\" \/><span style=\"color: #444444; font-family: Magra, sans-serif;\">\u00c1reas de inter\u00e9s: salud de los ni\u00f1os y medio ambiente, embarazo saludable, prevenci\u00f3n del tabaquismo<\/span><\/p><\/div>\n\t\t\t\t<\/div>\n\t\t\t\t\t\t\t\t<\/div>\n\t\t\t\t\t\t<\/div>\n\t\t\t\t<\/div>\n\t\t\t\t\t<\/div>\n\t\t<\/div>\n\t\t\t\t<div class=\"elementor-column elementor-col-25 elementor-top-column elementor-element elementor-element-676df82\" data-id=\"676df82\" data-element_type=\"column\" data-e-type=\"column\">\n\t\t\t<div class=\"elementor-widget-wrap elementor-element-populated\">\n\t\t\t\t\t\t<div class=\"elementor-element elementor-element-17fb691 elementor-position-top elementor-widget elementor-widget-image-box\" data-id=\"17fb691\" data-element_type=\"widget\" data-e-type=\"widget\" data-widget_type=\"image-box.default\">\n\t\t\t\t<div class=\"elementor-widget-container\">\n\t\t\t\t\t<div class=\"elementor-image-box-wrapper\"><figure class=\"elementor-image-box-img\"><img loading=\"lazy\" decoding=\"async\" width=\"170\" height=\"340\" src=\"https:\/\/pehsu.org\/wp\/wp-content\/uploads\/encarni-4.jpg\" class=\"attachment-full size-full wp-image-4624\" alt=\"\" srcset=\"https:\/\/pehsu.org\/wp\/wp-content\/uploads\/encarni-4.jpg 170w, https:\/\/pehsu.org\/wp\/wp-content\/uploads\/encarni-4-150x300.jpg 150w\" sizes=\"(max-width: 170px) 100vw, 170px\" \/><\/figure><div class=\"elementor-image-box-content\"><h3 class=\"elementor-image-box-title\">Baeza Sanz, Encarnaci\u00f3n<\/h3><p class=\"elementor-image-box-description\">Administrativa (2024 - Actualidad)<\/p><\/div><\/div>\t\t\t\t<\/div>\n\t\t\t\t<\/div>\n\t\t\t\t<div class=\"elementor-element elementor-element-b0ca518 elementor-widget elementor-widget-accordion\" data-id=\"b0ca518\" data-element_type=\"widget\" data-e-type=\"widget\" data-widget_type=\"accordion.default\">\n\t\t\t\t<div class=\"elementor-widget-container\">\n\t\t\t\t\t\t\t<div class=\"elementor-accordion\">\n\t\t\t\t\t\t\t<div class=\"elementor-accordion-item\">\n\t\t\t\t\t<div id=\"elementor-tab-title-1851\" class=\"elementor-tab-title\" data-tab=\"1\" role=\"button\" aria-controls=\"elementor-tab-content-1851\" aria-expanded=\"false\">\n\t\t\t\t\t\t\t\t\t\t\t\t\t<span class=\"elementor-accordion-icon elementor-accordion-icon-left\" aria-hidden=\"true\">\n\t\t\t\t\t\t\t\t\t\t\t\t\t\t\t<span class=\"elementor-accordion-icon-closed\"><i class=\"fas fa-plus\"><\/i><\/span>\n\t\t\t\t\t\t\t\t<span class=\"elementor-accordion-icon-opened\"><i class=\"fas fa-minus\"><\/i><\/span>\n\t\t\t\t\t\t\t\t\t\t\t\t\t\t<\/span>\n\t\t\t\t\t\t\t\t\t\t\t\t<a class=\"elementor-accordion-title\" tabindex=\"0\">M\u00e1s info<\/a>\n\t\t\t\t\t<\/div>\n\t\t\t\t\t<div id=\"elementor-tab-content-1851\" class=\"elementor-tab-content elementor-clearfix\" data-tab=\"1\" role=\"region\" aria-labelledby=\"elementor-tab-title-1851\"><p>Coordinadora administrativa.\u00a0<\/p><\/div>\n\t\t\t\t<\/div>\n\t\t\t\t\t\t\t\t<\/div>\n\t\t\t\t\t\t<\/div>\n\t\t\t\t<\/div>\n\t\t\t\t\t<\/div>\n\t\t<\/div>\n\t\t\t\t<div class=\"elementor-column elementor-col-25 elementor-top-column elementor-element elementor-element-c82dc67\" data-id=\"c82dc67\" data-element_type=\"column\" data-e-type=\"column\">\n\t\t\t<div class=\"elementor-widget-wrap elementor-element-populated\">\n\t\t\t\t\t\t<div class=\"elementor-element elementor-element-cdff81a elementor-position-top elementor-widget elementor-widget-image-box\" data-id=\"cdff81a\" data-element_type=\"widget\" data-e-type=\"widget\" data-widget_type=\"image-box.default\">\n\t\t\t\t<div class=\"elementor-widget-container\">\n\t\t\t\t\t<div class=\"elementor-image-box-wrapper\"><figure class=\"elementor-image-box-img\"><img loading=\"lazy\" decoding=\"async\" width=\"1080\" height=\"1080\" src=\"https:\/\/pehsu.org\/wp\/wp-content\/uploads\/Diplomada-Universitaria-en-Enfermeria.-Consultora-de-Lactancia.-Responsable-del-programa-de-promocion-y-proteccion-del-ecosistema-de-la-lactancia-materna.-Miembro-de-la-Coalicion-Internacional-Hea-4.png\" class=\"attachment-full size-full wp-image-3449\" alt=\"\" srcset=\"https:\/\/pehsu.org\/wp\/wp-content\/uploads\/Diplomada-Universitaria-en-Enfermeria.-Consultora-de-Lactancia.-Responsable-del-programa-de-promocion-y-proteccion-del-ecosistema-de-la-lactancia-materna.-Miembro-de-la-Coalicion-Internacional-Hea-4.png 1080w, https:\/\/pehsu.org\/wp\/wp-content\/uploads\/Diplomada-Universitaria-en-Enfermeria.-Consultora-de-Lactancia.-Responsable-del-programa-de-promocion-y-proteccion-del-ecosistema-de-la-lactancia-materna.-Miembro-de-la-Coalicion-Internacional-Hea-4-300x300.png 300w, https:\/\/pehsu.org\/wp\/wp-content\/uploads\/Diplomada-Universitaria-en-Enfermeria.-Consultora-de-Lactancia.-Responsable-del-programa-de-promocion-y-proteccion-del-ecosistema-de-la-lactancia-materna.-Miembro-de-la-Coalicion-Internacional-Hea-4-1024x1024.png 1024w, https:\/\/pehsu.org\/wp\/wp-content\/uploads\/Diplomada-Universitaria-en-Enfermeria.-Consultora-de-Lactancia.-Responsable-del-programa-de-promocion-y-proteccion-del-ecosistema-de-la-lactancia-materna.-Miembro-de-la-Coalicion-Internacional-Hea-4-150x150.png 150w\" sizes=\"(max-width: 1080px) 100vw, 1080px\" \/><\/figure><div class=\"elementor-image-box-content\"><h3 class=\"elementor-image-box-title\">S\u00e1nchez Garc\u00eda, Rosa<\/h3><p class=\"elementor-image-box-description\">Celadora Verde (2008 - Actualidad)<\/p><\/div><\/div>\t\t\t\t<\/div>\n\t\t\t\t<\/div>\n\t\t\t\t<div class=\"elementor-element elementor-element-c164ad9 elementor-widget elementor-widget-accordion\" data-id=\"c164ad9\" data-element_type=\"widget\" data-e-type=\"widget\" data-widget_type=\"accordion.default\">\n\t\t\t\t<div class=\"elementor-widget-container\">\n\t\t\t\t\t\t\t<div class=\"elementor-accordion\">\n\t\t\t\t\t\t\t<div class=\"elementor-accordion-item\">\n\t\t\t\t\t<div id=\"elementor-tab-title-2021\" class=\"elementor-tab-title\" data-tab=\"1\" role=\"button\" aria-controls=\"elementor-tab-content-2021\" aria-expanded=\"false\">\n\t\t\t\t\t\t\t\t\t\t\t\t\t<span class=\"elementor-accordion-icon elementor-accordion-icon-left\" aria-hidden=\"true\">\n\t\t\t\t\t\t\t\t\t\t\t\t\t\t\t<span class=\"elementor-accordion-icon-closed\"><i class=\"fas fa-plus\"><\/i><\/span>\n\t\t\t\t\t\t\t\t<span class=\"elementor-accordion-icon-opened\"><i class=\"fas fa-minus\"><\/i><\/span>\n\t\t\t\t\t\t\t\t\t\t\t\t\t\t<\/span>\n\t\t\t\t\t\t\t\t\t\t\t\t<a class=\"elementor-accordion-title\" tabindex=\"0\">M\u00e1s info<\/a>\n\t\t\t\t\t<\/div>\n\t\t\t\t\t<div id=\"elementor-tab-content-2021\" class=\"elementor-tab-content elementor-clearfix\" data-tab=\"1\" role=\"region\" aria-labelledby=\"elementor-tab-title-2021\"><p>Responsable T\u00e9cnico del sistema de gesti\u00f3n medioambiental, vigilancia y supervisi\u00f3n ambiental.<br \/>\u00c1reas de inter\u00e9s: Gesti\u00f3n Medioambiental de centros sanitarios, prevenci\u00f3n de tabaquismo.<\/p><\/div>\n\t\t\t\t<\/div>\n\t\t\t\t\t\t\t\t<\/div>\n\t\t\t\t\t\t<\/div>\n\t\t\t\t<\/div>\n\t\t\t\t\t<\/div>\n\t\t<\/div>\n\t\t\t\t\t<\/div>\n\t\t<\/section>\n\t\t\t\t<section class=\"elementor-section elementor-top-section elementor-element elementor-element-1c818df elementor-section-boxed elementor-section-height-default elementor-section-height-default\" data-id=\"1c818df\" data-element_type=\"section\" data-e-type=\"section\">\n\t\t\t\t\t\t<div class=\"elementor-container elementor-column-gap-default\">\n\t\t\t\t\t<div class=\"elementor-column elementor-col-25 elementor-top-column elementor-element elementor-element-046da78\" data-id=\"046da78\" data-element_type=\"column\" data-e-type=\"column\">\n\t\t\t<div class=\"elementor-widget-wrap elementor-element-populated\">\n\t\t\t\t\t\t<div class=\"elementor-element elementor-element-979e835 elementor-position-top elementor-widget elementor-widget-image-box\" data-id=\"979e835\" data-element_type=\"widget\" data-e-type=\"widget\" data-widget_type=\"image-box.default\">\n\t\t\t\t<div class=\"elementor-widget-container\">\n\t\t\t\t\t<div class=\"elementor-image-box-wrapper\"><figure class=\"elementor-image-box-img\"><img loading=\"lazy\" decoding=\"async\" width=\"1656\" height=\"2048\" src=\"https:\/\/pehsu.org\/wp\/wp-content\/uploads\/4B6D6454-A9C0-47B8-BCD4-30266FEB9575.jpeg\" class=\"attachment-full size-full wp-image-2816\" alt=\"\" srcset=\"https:\/\/pehsu.org\/wp\/wp-content\/uploads\/4B6D6454-A9C0-47B8-BCD4-30266FEB9575.jpeg 1656w, https:\/\/pehsu.org\/wp\/wp-content\/uploads\/4B6D6454-A9C0-47B8-BCD4-30266FEB9575-243x300.jpeg 243w, https:\/\/pehsu.org\/wp\/wp-content\/uploads\/4B6D6454-A9C0-47B8-BCD4-30266FEB9575-828x1024.jpeg 828w, https:\/\/pehsu.org\/wp\/wp-content\/uploads\/4B6D6454-A9C0-47B8-BCD4-30266FEB9575-768x950.jpeg 768w, https:\/\/pehsu.org\/wp\/wp-content\/uploads\/4B6D6454-A9C0-47B8-BCD4-30266FEB9575-1242x1536.jpeg 1242w\" sizes=\"(max-width: 1656px) 100vw, 1656px\" \/><\/figure><div class=\"elementor-image-box-content\"><h3 class=\"elementor-image-box-title\">Diaz Mart\u00ednez, Francisco<\/h3><p class=\"elementor-image-box-description\">Terapeuta Ambiental (2019-Actualidad)<\/p><\/div><\/div>\t\t\t\t<\/div>\n\t\t\t\t<\/div>\n\t\t\t\t<div class=\"elementor-element elementor-element-92dee00 elementor-widget elementor-widget-accordion\" data-id=\"92dee00\" data-element_type=\"widget\" data-e-type=\"widget\" data-settings=\"{&quot;_animation&quot;:&quot;none&quot;}\" data-widget_type=\"accordion.default\">\n\t\t\t\t<div class=\"elementor-widget-container\">\n\t\t\t\t\t\t\t<div class=\"elementor-accordion\">\n\t\t\t\t\t\t\t<div class=\"elementor-accordion-item\">\n\t\t\t\t\t<div id=\"elementor-tab-title-1541\" class=\"elementor-tab-title\" data-tab=\"1\" role=\"button\" aria-controls=\"elementor-tab-content-1541\" aria-expanded=\"false\">\n\t\t\t\t\t\t\t\t\t\t\t\t\t<span class=\"elementor-accordion-icon elementor-accordion-icon-left\" aria-hidden=\"true\">\n\t\t\t\t\t\t\t\t\t\t\t\t\t\t\t<span class=\"elementor-accordion-icon-closed\"><i class=\"fas fa-plus\"><\/i><\/span>\n\t\t\t\t\t\t\t\t<span class=\"elementor-accordion-icon-opened\"><i class=\"fas fa-minus\"><\/i><\/span>\n\t\t\t\t\t\t\t\t\t\t\t\t\t\t<\/span>\n\t\t\t\t\t\t\t\t\t\t\t\t<a class=\"elementor-accordion-title\" tabindex=\"0\">M\u00e1s info<\/a>\n\t\t\t\t\t<\/div>\n\t\t\t\t\t<div id=\"elementor-tab-content-1541\" class=\"elementor-tab-content elementor-clearfix\" data-tab=\"1\" role=\"region\" aria-labelledby=\"elementor-tab-title-1541\"><p><span style=\"color: #444444; font-family: Inter, sans-serif;\">Ambient\u00f3logo. Terapeuta ambiental. Especializado en contacto con la Naturaleza y Salud de la Infancia.<\/span><\/p><\/div>\n\t\t\t\t<\/div>\n\t\t\t\t\t\t\t\t\t\t<script type=\"application\/ld+json\">{\"@context\":\"https:\\\/\\\/schema.org\",\"@type\":\"FAQPage\",\"mainEntity\":[{\"@type\":\"Question\",\"name\":\"M\\u00e1s info\",\"acceptedAnswer\":{\"@type\":\"Answer\",\"text\":\"<p><span style=\\\"color: #444444; font-family: Inter, sans-serif;\\\">Ambient\\u00f3logo. Terapeuta ambiental. Especializado en contacto con la Naturaleza y Salud de la Infancia.<\\\/span><\\\/p>\"}}]}<\/script>\n\t\t\t\t\t<\/div>\n\t\t\t\t\t\t<\/div>\n\t\t\t\t<\/div>\n\t\t\t\t\t<\/div>\n\t\t<\/div>\n\t\t\t\t<div class=\"elementor-column elementor-col-25 elementor-top-column elementor-element elementor-element-6f74a99\" data-id=\"6f74a99\" data-element_type=\"column\" data-e-type=\"column\">\n\t\t\t<div class=\"elementor-widget-wrap elementor-element-populated\">\n\t\t\t\t\t\t<div class=\"elementor-element elementor-element-a89da94 elementor-position-top elementor-widget elementor-widget-image-box\" data-id=\"a89da94\" data-element_type=\"widget\" data-e-type=\"widget\" data-widget_type=\"image-box.default\">\n\t\t\t\t<div class=\"elementor-widget-container\">\n\t\t\t\t\t<div class=\"elementor-image-box-wrapper\"><figure class=\"elementor-image-box-img\"><img loading=\"lazy\" decoding=\"async\" width=\"1066\" height=\"1600\" src=\"https:\/\/pehsu.org\/wp\/wp-content\/uploads\/B93EA5BC-DD43-4A9F-B299-50320632F2A3.jpeg\" class=\"attachment-full size-full wp-image-2799\" alt=\"\" srcset=\"https:\/\/pehsu.org\/wp\/wp-content\/uploads\/B93EA5BC-DD43-4A9F-B299-50320632F2A3.jpeg 1066w, https:\/\/pehsu.org\/wp\/wp-content\/uploads\/B93EA5BC-DD43-4A9F-B299-50320632F2A3-200x300.jpeg 200w, https:\/\/pehsu.org\/wp\/wp-content\/uploads\/B93EA5BC-DD43-4A9F-B299-50320632F2A3-682x1024.jpeg 682w, https:\/\/pehsu.org\/wp\/wp-content\/uploads\/B93EA5BC-DD43-4A9F-B299-50320632F2A3-768x1153.jpeg 768w, https:\/\/pehsu.org\/wp\/wp-content\/uploads\/B93EA5BC-DD43-4A9F-B299-50320632F2A3-1023x1536.jpeg 1023w\" sizes=\"(max-width: 1066px) 100vw, 1066px\" \/><\/figure><div class=\"elementor-image-box-content\"><h3 class=\"elementor-image-box-title\"><br>Saura Buend\u00eda, David<\/h3><p class=\"elementor-image-box-description\">Gestor Medioambiental (2011-actualidad)<\/p><\/div><\/div>\t\t\t\t<\/div>\n\t\t\t\t<\/div>\n\t\t\t\t<div class=\"elementor-element elementor-element-8edab29 elementor-widget elementor-widget-accordion\" data-id=\"8edab29\" data-element_type=\"widget\" data-e-type=\"widget\" data-settings=\"{&quot;_animation&quot;:&quot;none&quot;}\" data-widget_type=\"accordion.default\">\n\t\t\t\t<div class=\"elementor-widget-container\">\n\t\t\t\t\t\t\t<div class=\"elementor-accordion\">\n\t\t\t\t\t\t\t<div class=\"elementor-accordion-item\">\n\t\t\t\t\t<div id=\"elementor-tab-title-1491\" class=\"elementor-tab-title\" data-tab=\"1\" role=\"button\" aria-controls=\"elementor-tab-content-1491\" aria-expanded=\"false\">\n\t\t\t\t\t\t\t\t\t\t\t\t\t<span class=\"elementor-accordion-icon elementor-accordion-icon-left\" aria-hidden=\"true\">\n\t\t\t\t\t\t\t\t\t\t\t\t\t\t\t<span class=\"elementor-accordion-icon-closed\"><i class=\"fas fa-plus\"><\/i><\/span>\n\t\t\t\t\t\t\t\t<span class=\"elementor-accordion-icon-opened\"><i class=\"fas fa-minus\"><\/i><\/span>\n\t\t\t\t\t\t\t\t\t\t\t\t\t\t<\/span>\n\t\t\t\t\t\t\t\t\t\t\t\t<a class=\"elementor-accordion-title\" tabindex=\"0\">M\u00e1s info<\/a>\n\t\t\t\t\t<\/div>\n\t\t\t\t\t<div id=\"elementor-tab-content-1491\" class=\"elementor-tab-content elementor-clearfix\" data-tab=\"1\" role=\"region\" aria-labelledby=\"elementor-tab-title-1491\"><p><span style=\"color: #444444; font-family: Inter, sans-serif;\">Ambient\u00f3logo. Responsable del sistema de gesti\u00f3n medioambiental.\u00a0<\/span><\/p><\/div>\n\t\t\t\t<\/div>\n\t\t\t\t\t\t\t\t\t\t<script type=\"application\/ld+json\">{\"@context\":\"https:\\\/\\\/schema.org\",\"@type\":\"FAQPage\",\"mainEntity\":[{\"@type\":\"Question\",\"name\":\"M\\u00e1s info\",\"acceptedAnswer\":{\"@type\":\"Answer\",\"text\":\"<p><span style=\\\"color: #444444; font-family: Inter, sans-serif;\\\">Ambient\\u00f3logo. Responsable del sistema de gesti\\u00f3n medioambiental.\\u00a0<\\\/span><\\\/p>\"}}]}<\/script>\n\t\t\t\t\t<\/div>\n\t\t\t\t\t\t<\/div>\n\t\t\t\t<\/div>\n\t\t\t\t\t<\/div>\n\t\t<\/div>\n\t\t\t\t<div class=\"elementor-column elementor-col-25 elementor-top-column elementor-element elementor-element-889c2ac\" data-id=\"889c2ac\" data-element_type=\"column\" data-e-type=\"column\">\n\t\t\t<div class=\"elementor-widget-wrap elementor-element-populated\">\n\t\t\t\t\t\t<div class=\"elementor-element elementor-element-dd0a222 elementor-position-top elementor-widget elementor-widget-image-box\" data-id=\"dd0a222\" data-element_type=\"widget\" data-e-type=\"widget\" data-widget_type=\"image-box.default\">\n\t\t\t\t<div class=\"elementor-widget-container\">\n\t\t\t\t\t<div class=\"elementor-image-box-wrapper\"><figure class=\"elementor-image-box-img\"><img loading=\"lazy\" decoding=\"async\" width=\"1482\" height=\"2048\" src=\"https:\/\/pehsu.org\/wp\/wp-content\/uploads\/EA4524DC-72E9-449F-9632-F8327C89B87F.jpeg\" class=\"attachment-full size-full wp-image-2817\" alt=\"\" srcset=\"https:\/\/pehsu.org\/wp\/wp-content\/uploads\/EA4524DC-72E9-449F-9632-F8327C89B87F.jpeg 1482w, https:\/\/pehsu.org\/wp\/wp-content\/uploads\/EA4524DC-72E9-449F-9632-F8327C89B87F-217x300.jpeg 217w, https:\/\/pehsu.org\/wp\/wp-content\/uploads\/EA4524DC-72E9-449F-9632-F8327C89B87F-741x1024.jpeg 741w, https:\/\/pehsu.org\/wp\/wp-content\/uploads\/EA4524DC-72E9-449F-9632-F8327C89B87F-768x1061.jpeg 768w, https:\/\/pehsu.org\/wp\/wp-content\/uploads\/EA4524DC-72E9-449F-9632-F8327C89B87F-1112x1536.jpeg 1112w\" sizes=\"(max-width: 1482px) 100vw, 1482px\" \/><\/figure><div class=\"elementor-image-box-content\"><h3 class=\"elementor-image-box-title\">Sim\u00f3 Buend\u00eda, Jos\u00e9 David<\/h3><p class=\"elementor-image-box-description\">T\u00e9cnico de Salud Medioambiental (2009 - Actualidad)<\/p><\/div><\/div>\t\t\t\t<\/div>\n\t\t\t\t<\/div>\n\t\t\t\t<div class=\"elementor-element elementor-element-b158ef3 elementor-widget elementor-widget-accordion\" data-id=\"b158ef3\" data-element_type=\"widget\" data-e-type=\"widget\" data-widget_type=\"accordion.default\">\n\t\t\t\t<div class=\"elementor-widget-container\">\n\t\t\t\t\t\t\t<div class=\"elementor-accordion\">\n\t\t\t\t\t\t\t<div class=\"elementor-accordion-item\">\n\t\t\t\t\t<div id=\"elementor-tab-title-1851\" class=\"elementor-tab-title\" data-tab=\"1\" role=\"button\" aria-controls=\"elementor-tab-content-1851\" aria-expanded=\"false\">\n\t\t\t\t\t\t\t\t\t\t\t\t\t<span class=\"elementor-accordion-icon elementor-accordion-icon-left\" aria-hidden=\"true\">\n\t\t\t\t\t\t\t\t\t\t\t\t\t\t\t<span class=\"elementor-accordion-icon-closed\"><i class=\"fas fa-plus\"><\/i><\/span>\n\t\t\t\t\t\t\t\t<span class=\"elementor-accordion-icon-opened\"><i class=\"fas fa-minus\"><\/i><\/span>\n\t\t\t\t\t\t\t\t\t\t\t\t\t\t<\/span>\n\t\t\t\t\t\t\t\t\t\t\t\t<a class=\"elementor-accordion-title\" tabindex=\"0\">M\u00e1s info<\/a>\n\t\t\t\t\t<\/div>\n\t\t\t\t\t<div id=\"elementor-tab-content-1851\" class=\"elementor-tab-content elementor-clearfix\" data-tab=\"1\" role=\"region\" aria-labelledby=\"elementor-tab-title-1851\"><p><span style=\"color: #444444; font-family: Magra, sans-serif;\">T\u00e9cnico Superior en Salud Medioambiental.<\/span><br style=\"box-sizing: inherit; color: #444444; font-family: Magra, sans-serif;\" \/><span style=\"color: #444444; font-family: Magra, sans-serif;\">Responsable T\u00e9cnico de la Gesti\u00f3n Ambiental del Hospital Universitario Virgen de la Arrixaca.<\/span><br style=\"box-sizing: inherit; color: #444444; font-family: Magra, sans-serif;\" \/><span style=\"color: #444444; font-family: Magra, sans-serif;\">\u00c1reas de inter\u00e9s: Gesti\u00f3n Medioambiental en centros sanitarios, manejo de residuos, b\u00fasqueda de alternativas y sostenibilidad.<\/span><\/p><\/div>\n\t\t\t\t<\/div>\n\t\t\t\t\t\t\t\t<\/div>\n\t\t\t\t\t\t<\/div>\n\t\t\t\t<\/div>\n\t\t\t\t\t<\/div>\n\t\t<\/div>\n\t\t\t\t<div class=\"elementor-column elementor-col-25 elementor-top-column elementor-element elementor-element-6032c2d\" data-id=\"6032c2d\" data-element_type=\"column\" data-e-type=\"column\">\n\t\t\t<div class=\"elementor-widget-wrap elementor-element-populated\">\n\t\t\t\t\t\t<div class=\"elementor-element elementor-element-02cf39d elementor-position-top elementor-widget elementor-widget-image-box\" data-id=\"02cf39d\" data-element_type=\"widget\" data-e-type=\"widget\" data-widget_type=\"image-box.default\">\n\t\t\t\t<div class=\"elementor-widget-container\">\n\t\t\t\t\t<div class=\"elementor-image-box-wrapper\"><figure class=\"elementor-image-box-img\"><img loading=\"lazy\" decoding=\"async\" width=\"992\" height=\"1079\" src=\"https:\/\/pehsu.org\/wp\/wp-content\/uploads\/IMG_7778.jpg\" class=\"attachment-full size-full wp-image-4633\" alt=\"\" srcset=\"https:\/\/pehsu.org\/wp\/wp-content\/uploads\/IMG_7778.jpg 992w, https:\/\/pehsu.org\/wp\/wp-content\/uploads\/IMG_7778-276x300.jpg 276w, https:\/\/pehsu.org\/wp\/wp-content\/uploads\/IMG_7778-941x1024.jpg 941w\" sizes=\"(max-width: 992px) 100vw, 992px\" \/><\/figure><div class=\"elementor-image-box-content\"><h3 class=\"elementor-image-box-title\">Ortiz Claudia<\/h3><p class=\"elementor-image-box-description\">Pediatra Ambiental (2024-actualidad)<\/p><\/div><\/div>\t\t\t\t<\/div>\n\t\t\t\t<\/div>\n\t\t\t\t<div class=\"elementor-element elementor-element-03884ec elementor-widget elementor-widget-accordion\" data-id=\"03884ec\" data-element_type=\"widget\" data-e-type=\"widget\" data-settings=\"{&quot;_animation&quot;:&quot;none&quot;}\" data-widget_type=\"accordion.default\">\n\t\t\t\t<div class=\"elementor-widget-container\">\n\t\t\t\t\t\t\t<div class=\"elementor-accordion\">\n\t\t\t\t\t\t\t<div class=\"elementor-accordion-item\">\n\t\t\t\t\t<div id=\"elementor-tab-title-3701\" class=\"elementor-tab-title\" data-tab=\"1\" role=\"button\" aria-controls=\"elementor-tab-content-3701\" aria-expanded=\"false\">\n\t\t\t\t\t\t\t\t\t\t\t\t\t<span class=\"elementor-accordion-icon elementor-accordion-icon-left\" aria-hidden=\"true\">\n\t\t\t\t\t\t\t\t\t\t\t\t\t\t\t<span class=\"elementor-accordion-icon-closed\"><i class=\"fas fa-plus\"><\/i><\/span>\n\t\t\t\t\t\t\t\t<span class=\"elementor-accordion-icon-opened\"><i class=\"fas fa-minus\"><\/i><\/span>\n\t\t\t\t\t\t\t\t\t\t\t\t\t\t<\/span>\n\t\t\t\t\t\t\t\t\t\t\t\t<a class=\"elementor-accordion-title\" tabindex=\"0\">M\u00e1s info<\/a>\n\t\t\t\t\t<\/div>\n\t\t\t\t\t<div id=\"elementor-tab-content-3701\" class=\"elementor-tab-content elementor-clearfix\" data-tab=\"1\" role=\"region\" aria-labelledby=\"elementor-tab-title-3701\"><p><span style=\"color: #444444; font-family: Inter, sans-serif;\">Pediatra Ambiental Visitante. Hospital Quinteros. Chile. Sociedad Chilena de Pediatr\u00eda.\u00a0\u00a0<\/span><\/p><\/div>\n\t\t\t\t<\/div>\n\t\t\t\t\t\t\t\t\t\t<script type=\"application\/ld+json\">{\"@context\":\"https:\\\/\\\/schema.org\",\"@type\":\"FAQPage\",\"mainEntity\":[{\"@type\":\"Question\",\"name\":\"M\\u00e1s info\",\"acceptedAnswer\":{\"@type\":\"Answer\",\"text\":\"<p><span style=\\\"color: #444444; font-family: Inter, sans-serif;\\\">Pediatra Ambiental Visitante. Hospital Quinteros. Chile. Sociedad Chilena de Pediatr\\u00eda.\\u00a0\\u00a0<\\\/span><\\\/p>\"}}]}<\/script>\n\t\t\t\t\t<\/div>\n\t\t\t\t\t\t<\/div>\n\t\t\t\t<\/div>\n\t\t\t\t\t<\/div>\n\t\t<\/div>\n\t\t\t\t\t<\/div>\n\t\t<\/section>\n\t\t\t\t<section class=\"elementor-section elementor-top-section elementor-element elementor-element-cd39463 elementor-section-boxed elementor-section-height-default elementor-section-height-default\" data-id=\"cd39463\" data-element_type=\"section\" data-e-type=\"section\">\n\t\t\t\t\t\t<div class=\"elementor-container elementor-column-gap-default\">\n\t\t\t\t\t<div class=\"elementor-column elementor-col-16 elementor-top-column elementor-element elementor-element-bdb3481\" data-id=\"bdb3481\" data-element_type=\"column\" data-e-type=\"column\">\n\t\t\t<div class=\"elementor-widget-wrap elementor-element-populated\">\n\t\t\t\t\t\t<div class=\"elementor-element elementor-element-b84e1ca elementor-position-top elementor-widget elementor-widget-image-box\" data-id=\"b84e1ca\" data-element_type=\"widget\" data-e-type=\"widget\" data-widget_type=\"image-box.default\">\n\t\t\t\t<div class=\"elementor-widget-container\">\n\t\t\t\t\t<div class=\"elementor-image-box-wrapper\"><figure class=\"elementor-image-box-img\"><img loading=\"lazy\" decoding=\"async\" width=\"1364\" height=\"2048\" src=\"https:\/\/pehsu.org\/wp\/wp-content\/uploads\/6603D918-8D60-4BDD-A1A5-D61A7C6FD4C1.jpeg\" class=\"attachment-full size-full wp-image-2812\" alt=\"\" srcset=\"https:\/\/pehsu.org\/wp\/wp-content\/uploads\/6603D918-8D60-4BDD-A1A5-D61A7C6FD4C1.jpeg 1364w, https:\/\/pehsu.org\/wp\/wp-content\/uploads\/6603D918-8D60-4BDD-A1A5-D61A7C6FD4C1-200x300.jpeg 200w, https:\/\/pehsu.org\/wp\/wp-content\/uploads\/6603D918-8D60-4BDD-A1A5-D61A7C6FD4C1-682x1024.jpeg 682w, https:\/\/pehsu.org\/wp\/wp-content\/uploads\/6603D918-8D60-4BDD-A1A5-D61A7C6FD4C1-768x1153.jpeg 768w, https:\/\/pehsu.org\/wp\/wp-content\/uploads\/6603D918-8D60-4BDD-A1A5-D61A7C6FD4C1-1023x1536.jpeg 1023w\" sizes=\"(max-width: 1364px) 100vw, 1364px\" \/><\/figure><div class=\"elementor-image-box-content\"><h3 class=\"elementor-image-box-title\">S\u00e1nchez Mart\u00ednez, Dami\u00e1n <br>(2006- 2024)<\/h3><\/div><\/div>\t\t\t\t<\/div>\n\t\t\t\t<\/div>\n\t\t\t\t<div class=\"elementor-element elementor-element-8473550 elementor-widget elementor-widget-accordion\" data-id=\"8473550\" data-element_type=\"widget\" data-e-type=\"widget\" data-settings=\"{&quot;_animation&quot;:&quot;none&quot;}\" data-widget_type=\"accordion.default\">\n\t\t\t\t<div class=\"elementor-widget-container\">\n\t\t\t\t\t\t\t<div class=\"elementor-accordion\">\n\t\t\t\t\t\t\t<div class=\"elementor-accordion-item\">\n\t\t\t\t\t<div id=\"elementor-tab-title-1381\" class=\"elementor-tab-title\" data-tab=\"1\" role=\"button\" aria-controls=\"elementor-tab-content-1381\" aria-expanded=\"false\">\n\t\t\t\t\t\t\t\t\t\t\t\t\t<span class=\"elementor-accordion-icon elementor-accordion-icon-left\" aria-hidden=\"true\">\n\t\t\t\t\t\t\t\t\t\t\t\t\t\t\t<span class=\"elementor-accordion-icon-closed\"><i class=\"fas fa-plus\"><\/i><\/span>\n\t\t\t\t\t\t\t\t<span class=\"elementor-accordion-icon-opened\"><i class=\"fas fa-minus\"><\/i><\/span>\n\t\t\t\t\t\t\t\t\t\t\t\t\t\t<\/span>\n\t\t\t\t\t\t\t\t\t\t\t\t<a class=\"elementor-accordion-title\" tabindex=\"0\">M\u00e1s info<\/a>\n\t\t\t\t\t<\/div>\n\t\t\t\t\t<div id=\"elementor-tab-content-1381\" class=\"elementor-tab-content elementor-clearfix\" data-tab=\"1\" role=\"region\" aria-labelledby=\"elementor-tab-title-1381\"><p><span style=\"color: rgb(68, 68, 68); font-family: Inter, sans-serif;\">Coordinador de PEHSU<\/span><br style=\"box-sizing: inherit; color: #444444; font-family: Inter, sans-serif;\"\/><span style=\"color: rgb(68, 68, 68); font-family: Inter, sans-serif;\">T\u00e9cnico Especialista en Inform\u00e1tica de Gesti\u00f3n<\/span><br style=\"box-sizing: inherit; color: #444444; font-family: Inter, sans-serif;\"\/><span style=\"color: rgb(68, 68, 68); font-family: Inter, sans-serif;\">T\u00e9cnico Especialista en Medios Audiovisuales<\/span><br style=\"box-sizing: inherit; color: #444444; font-family: Inter, sans-serif;\"\/><span style=\"color: rgb(68, 68, 68); font-family: Inter, sans-serif;\">Auxiliar administrativo<\/span><br style=\"box-sizing: inherit; color: #444444; font-family: Inter, sans-serif;\"\/><span style=\"color: rgb(68, 68, 68); font-family: Inter, sans-serif;\">Miembro de la Coalici\u00f3n Internacional Healthy Environments for Children Alliance (HECA) \u2013 OMS<\/span><br style=\"box-sizing: inherit; color: #444444; font-family: Inter, sans-serif;\"\/><span style=\"color: rgb(68, 68, 68); font-family: Inter, sans-serif;\">\u00c1reas de inter\u00e9s: Fotograf\u00eda y video, golf y senderismo.<\/span><\/p><\/div>\n\t\t\t\t<\/div>\n\t\t\t\t\t\t\t\t\t\t<script type=\"application\/ld+json\">{\"@context\":\"https:\\\/\\\/schema.org\",\"@type\":\"FAQPage\",\"mainEntity\":[{\"@type\":\"Question\",\"name\":\"M\\u00e1s info\",\"acceptedAnswer\":{\"@type\":\"Answer\",\"text\":\"<p><span style=\\\"color: rgb(68, 68, 68); font-family: Inter, sans-serif;\\\">Coordinador de PEHSU<\\\/span><br style=\\\"box-sizing: inherit; color: #444444; font-family: Inter, sans-serif;\\\"\\\/><span style=\\\"color: rgb(68, 68, 68); font-family: Inter, sans-serif;\\\">T\\u00e9cnico Especialista en Inform\\u00e1tica de Gesti\\u00f3n<\\\/span><br style=\\\"box-sizing: inherit; color: #444444; font-family: Inter, sans-serif;\\\"\\\/><span style=\\\"color: rgb(68, 68, 68); font-family: Inter, sans-serif;\\\">T\\u00e9cnico Especialista en Medios Audiovisuales<\\\/span><br style=\\\"box-sizing: inherit; color: #444444; font-family: Inter, sans-serif;\\\"\\\/><span style=\\\"color: rgb(68, 68, 68); font-family: Inter, sans-serif;\\\">Auxiliar administrativo<\\\/span><br style=\\\"box-sizing: inherit; color: #444444; font-family: Inter, sans-serif;\\\"\\\/><span style=\\\"color: rgb(68, 68, 68); font-family: Inter, sans-serif;\\\">Miembro de la Coalici\\u00f3n Internacional Healthy Environments for Children Alliance (HECA) \\u2013 OMS<\\\/span><br style=\\\"box-sizing: inherit; color: #444444; font-family: Inter, sans-serif;\\\"\\\/><span style=\\\"color: rgb(68, 68, 68); font-family: Inter, sans-serif;\\\">\\u00c1reas de inter\\u00e9s: Fotograf\\u00eda y video, golf y senderismo.<\\\/span><\\\/p>\"}}]}<\/script>\n\t\t\t\t\t<\/div>\n\t\t\t\t\t\t<\/div>\n\t\t\t\t<\/div>\n\t\t\t\t\t<\/div>\n\t\t<\/div>\n\t\t\t\t<div class=\"elementor-column elementor-col-16 elementor-top-column elementor-element elementor-element-28b675e\" data-id=\"28b675e\" data-element_type=\"column\" data-e-type=\"column\">\n\t\t\t<div class=\"elementor-widget-wrap elementor-element-populated\">\n\t\t\t\t\t\t<div class=\"elementor-element elementor-element-4202f01 elementor-position-top elementor-widget elementor-widget-image-box\" data-id=\"4202f01\" data-element_type=\"widget\" data-e-type=\"widget\" data-widget_type=\"image-box.default\">\n\t\t\t\t<div class=\"elementor-widget-container\">\n\t\t\t\t\t<div class=\"elementor-image-box-wrapper\"><figure class=\"elementor-image-box-img\"><img loading=\"lazy\" decoding=\"async\" width=\"1066\" height=\"1600\" src=\"https:\/\/pehsu.org\/wp\/wp-content\/uploads\/74F2B4C9-9D75-4114-A21E-0ECC4FA6D6EC.jpeg\" class=\"attachment-full size-full wp-image-2795\" alt=\"\" srcset=\"https:\/\/pehsu.org\/wp\/wp-content\/uploads\/74F2B4C9-9D75-4114-A21E-0ECC4FA6D6EC.jpeg 1066w, https:\/\/pehsu.org\/wp\/wp-content\/uploads\/74F2B4C9-9D75-4114-A21E-0ECC4FA6D6EC-200x300.jpeg 200w, https:\/\/pehsu.org\/wp\/wp-content\/uploads\/74F2B4C9-9D75-4114-A21E-0ECC4FA6D6EC-682x1024.jpeg 682w, https:\/\/pehsu.org\/wp\/wp-content\/uploads\/74F2B4C9-9D75-4114-A21E-0ECC4FA6D6EC-768x1153.jpeg 768w, https:\/\/pehsu.org\/wp\/wp-content\/uploads\/74F2B4C9-9D75-4114-A21E-0ECC4FA6D6EC-1023x1536.jpeg 1023w\" sizes=\"(max-width: 1066px) 100vw, 1066px\" \/><\/figure><div class=\"elementor-image-box-content\"><h3 class=\"elementor-image-box-title\">Estefan\u00eda Aguilar <br>(2020- 2022)<\/h3><p class=\"elementor-image-box-description\">Pediatra Ambiental<\/p><\/div><\/div>\t\t\t\t<\/div>\n\t\t\t\t<\/div>\n\t\t\t\t<div class=\"elementor-element elementor-element-1d548ce elementor-widget elementor-widget-accordion\" data-id=\"1d548ce\" data-element_type=\"widget\" data-e-type=\"widget\" data-settings=\"{&quot;_animation&quot;:&quot;none&quot;}\" data-widget_type=\"accordion.default\">\n\t\t\t\t<div class=\"elementor-widget-container\">\n\t\t\t\t\t\t\t<div class=\"elementor-accordion\">\n\t\t\t\t\t\t\t<div class=\"elementor-accordion-item\">\n\t\t\t\t\t<div id=\"elementor-tab-title-3071\" class=\"elementor-tab-title\" data-tab=\"1\" role=\"button\" aria-controls=\"elementor-tab-content-3071\" aria-expanded=\"false\">\n\t\t\t\t\t\t\t\t\t\t\t\t\t<span class=\"elementor-accordion-icon elementor-accordion-icon-left\" aria-hidden=\"true\">\n\t\t\t\t\t\t\t\t\t\t\t\t\t\t\t<span class=\"elementor-accordion-icon-closed\"><i class=\"fas fa-plus\"><\/i><\/span>\n\t\t\t\t\t\t\t\t<span class=\"elementor-accordion-icon-opened\"><i class=\"fas fa-minus\"><\/i><\/span>\n\t\t\t\t\t\t\t\t\t\t\t\t\t\t<\/span>\n\t\t\t\t\t\t\t\t\t\t\t\t<a class=\"elementor-accordion-title\" tabindex=\"0\">M\u00e1s info<\/a>\n\t\t\t\t\t<\/div>\n\t\t\t\t\t<div id=\"elementor-tab-content-3071\" class=\"elementor-tab-content elementor-clearfix\" data-tab=\"1\" role=\"region\" aria-labelledby=\"elementor-tab-title-3071\"><p><span style=\"color: #444444; font-family: Inter, sans-serif;\">Pediatra comunitaria. Experiencia en evaluaci\u00f3n de exposici\u00f3n prenatal a alcohol y otras drogas.<\/span><\/p><\/div>\n\t\t\t\t<\/div>\n\t\t\t\t\t\t\t\t\t\t<script type=\"application\/ld+json\">{\"@context\":\"https:\\\/\\\/schema.org\",\"@type\":\"FAQPage\",\"mainEntity\":[{\"@type\":\"Question\",\"name\":\"M\\u00e1s info\",\"acceptedAnswer\":{\"@type\":\"Answer\",\"text\":\"<p><span style=\\\"color: #444444; font-family: Inter, sans-serif;\\\">Pediatra comunitaria. Experiencia en evaluaci\\u00f3n de exposici\\u00f3n prenatal a alcohol y otras drogas.<\\\/span><\\\/p>\"}}]}<\/script>\n\t\t\t\t\t<\/div>\n\t\t\t\t\t\t<\/div>\n\t\t\t\t<\/div>\n\t\t\t\t\t<\/div>\n\t\t<\/div>\n\t\t\t\t<div class=\"elementor-column elementor-col-16 elementor-top-column elementor-element elementor-element-b84a4be\" data-id=\"b84a4be\" data-element_type=\"column\" data-e-type=\"column\">\n\t\t\t<div class=\"elementor-widget-wrap elementor-element-populated\">\n\t\t\t\t\t\t<div class=\"elementor-element elementor-element-598246a elementor-position-top elementor-widget elementor-widget-image-box\" data-id=\"598246a\" data-element_type=\"widget\" data-e-type=\"widget\" data-widget_type=\"image-box.default\">\n\t\t\t\t<div class=\"elementor-widget-container\">\n\t\t\t\t\t<div class=\"elementor-image-box-wrapper\"><figure class=\"elementor-image-box-img\"><img loading=\"lazy\" decoding=\"async\" width=\"1364\" height=\"2048\" src=\"https:\/\/pehsu.org\/wp\/wp-content\/uploads\/65A7105F-9452-49CD-BFBE-BBCB62383DE1.jpeg\" class=\"attachment-full size-full wp-image-2809\" alt=\"\" srcset=\"https:\/\/pehsu.org\/wp\/wp-content\/uploads\/65A7105F-9452-49CD-BFBE-BBCB62383DE1.jpeg 1364w, https:\/\/pehsu.org\/wp\/wp-content\/uploads\/65A7105F-9452-49CD-BFBE-BBCB62383DE1-200x300.jpeg 200w, https:\/\/pehsu.org\/wp\/wp-content\/uploads\/65A7105F-9452-49CD-BFBE-BBCB62383DE1-682x1024.jpeg 682w, https:\/\/pehsu.org\/wp\/wp-content\/uploads\/65A7105F-9452-49CD-BFBE-BBCB62383DE1-768x1153.jpeg 768w, https:\/\/pehsu.org\/wp\/wp-content\/uploads\/65A7105F-9452-49CD-BFBE-BBCB62383DE1-1023x1536.jpeg 1023w\" sizes=\"(max-width: 1364px) 100vw, 1364px\" \/><\/figure><div class=\"elementor-image-box-content\"><h3 class=\"elementor-image-box-title\">Alberto C\u00e1rceles \u00c1lvarez <br>(2012- 2023)<\/h3><p class=\"elementor-image-box-description\">M\u00e9dico Ambiental <\/p><\/div><\/div>\t\t\t\t<\/div>\n\t\t\t\t<\/div>\n\t\t\t\t<div class=\"elementor-element elementor-element-40a5ae9 elementor-widget elementor-widget-accordion\" data-id=\"40a5ae9\" data-element_type=\"widget\" data-e-type=\"widget\" data-settings=\"{&quot;_animation&quot;:&quot;none&quot;}\" data-widget_type=\"accordion.default\">\n\t\t\t\t<div class=\"elementor-widget-container\">\n\t\t\t\t\t\t\t<div class=\"elementor-accordion\">\n\t\t\t\t\t\t\t<div class=\"elementor-accordion-item\">\n\t\t\t\t\t<div id=\"elementor-tab-title-6771\" class=\"elementor-tab-title\" data-tab=\"1\" role=\"button\" aria-controls=\"elementor-tab-content-6771\" aria-expanded=\"false\">\n\t\t\t\t\t\t\t\t\t\t\t\t\t<span class=\"elementor-accordion-icon elementor-accordion-icon-left\" aria-hidden=\"true\">\n\t\t\t\t\t\t\t\t\t\t\t\t\t\t\t<span class=\"elementor-accordion-icon-closed\"><i class=\"fas fa-plus\"><\/i><\/span>\n\t\t\t\t\t\t\t\t<span class=\"elementor-accordion-icon-opened\"><i class=\"fas fa-minus\"><\/i><\/span>\n\t\t\t\t\t\t\t\t\t\t\t\t\t\t<\/span>\n\t\t\t\t\t\t\t\t\t\t\t\t<a class=\"elementor-accordion-title\" tabindex=\"0\">M\u00e1s info<\/a>\n\t\t\t\t\t<\/div>\n\t\t\t\t\t<div id=\"elementor-tab-content-6771\" class=\"elementor-tab-content elementor-clearfix\" data-tab=\"1\" role=\"region\" aria-labelledby=\"elementor-tab-title-6771\"><p><span style=\"color: #444444; font-family: Inter, sans-serif;\">M\u00e9dico de Familia. Experiencia en medicina de los estilos de vida y medioambiente. Responsable de la Agenda de Medioambiente y Superviventes de C\u00e1ncer Pedi\u00e1trico.<\/span><\/p><\/div>\n\t\t\t\t<\/div>\n\t\t\t\t\t\t\t\t\t\t<script type=\"application\/ld+json\">{\"@context\":\"https:\\\/\\\/schema.org\",\"@type\":\"FAQPage\",\"mainEntity\":[{\"@type\":\"Question\",\"name\":\"M\\u00e1s info\",\"acceptedAnswer\":{\"@type\":\"Answer\",\"text\":\"<p><span style=\\\"color: #444444; font-family: Inter, sans-serif;\\\">M\\u00e9dico de Familia. Experiencia en medicina de los estilos de vida y medioambiente. Responsable de la Agenda de Medioambiente y Superviventes de C\\u00e1ncer Pedi\\u00e1trico.<\\\/span><\\\/p>\"}}]}<\/script>\n\t\t\t\t\t<\/div>\n\t\t\t\t\t\t<\/div>\n\t\t\t\t<\/div>\n\t\t\t\t\t<\/div>\n\t\t<\/div>\n\t\t\t\t<div class=\"elementor-column elementor-col-16 elementor-top-column elementor-element elementor-element-28716a2\" data-id=\"28716a2\" data-element_type=\"column\" data-e-type=\"column\">\n\t\t\t<div class=\"elementor-widget-wrap elementor-element-populated\">\n\t\t\t\t\t\t<div class=\"elementor-element elementor-element-0067920 elementor-widget elementor-widget-image-box\" data-id=\"0067920\" data-element_type=\"widget\" data-e-type=\"widget\" data-widget_type=\"image-box.default\">\n\t\t\t\t<div class=\"elementor-widget-container\">\n\t\t\t\t\t<div class=\"elementor-image-box-wrapper\"><div class=\"elementor-image-box-content\"><h3 class=\"elementor-image-box-title\">Pernas Barahona, Almudena (2015- 2019)<\/h3><p class=\"elementor-image-box-description\">Matrona Medioambiental \/IBCL Lactancia<\/p><\/div><\/div>\t\t\t\t<\/div>\n\t\t\t\t<\/div>\n\t\t\t\t<div class=\"elementor-element elementor-element-2b6ba9e elementor-widget elementor-widget-accordion\" data-id=\"2b6ba9e\" data-element_type=\"widget\" data-e-type=\"widget\" data-widget_type=\"accordion.default\">\n\t\t\t\t<div class=\"elementor-widget-container\">\n\t\t\t\t\t\t\t<div class=\"elementor-accordion\">\n\t\t\t\t\t\t\t<div class=\"elementor-accordion-item\">\n\t\t\t\t\t<div id=\"elementor-tab-title-4551\" class=\"elementor-tab-title\" data-tab=\"1\" role=\"button\" aria-controls=\"elementor-tab-content-4551\" aria-expanded=\"false\">\n\t\t\t\t\t\t\t\t\t\t\t\t\t<span class=\"elementor-accordion-icon elementor-accordion-icon-left\" aria-hidden=\"true\">\n\t\t\t\t\t\t\t\t\t\t\t\t\t\t\t<span class=\"elementor-accordion-icon-closed\"><i class=\"fas fa-plus\"><\/i><\/span>\n\t\t\t\t\t\t\t\t<span class=\"elementor-accordion-icon-opened\"><i class=\"fas fa-minus\"><\/i><\/span>\n\t\t\t\t\t\t\t\t\t\t\t\t\t\t<\/span>\n\t\t\t\t\t\t\t\t\t\t\t\t<a class=\"elementor-accordion-title\" tabindex=\"0\">M\u00e1s info<\/a>\n\t\t\t\t\t<\/div>\n\t\t\t\t\t<div id=\"elementor-tab-content-4551\" class=\"elementor-tab-content elementor-clearfix\" data-tab=\"1\" role=\"region\" aria-labelledby=\"elementor-tab-title-4551\"><p><span style=\"color: #444444; font-family: Magra, sans-serif;\">IBCL de Lactancia. Diplomada Universitaria en Enfermer\u00eda.<\/span><br style=\"box-sizing: inherit; color: #444444; font-family: Magra, sans-serif;\" \/><span style=\"color: #444444; font-family: Magra, sans-serif;\">Responsable del programa de promoci\u00f3n y protecci\u00f3n del ecosistema de la lactancia materna.<\/span><br style=\"box-sizing: inherit; color: #444444; font-family: Magra, sans-serif;\" \/><span style=\"color: #444444; font-family: Magra, sans-serif;\">Miembro de la Coalici\u00f3n Internacional Healthy Environments for Children Alliance (HECA) \u2013 OMS.<\/span><br style=\"box-sizing: inherit; color: #444444; font-family: Magra, sans-serif;\" \/><span style=\"color: #444444; font-family: Magra, sans-serif;\">Miembro del Grupo Lactando.<\/span><br style=\"box-sizing: inherit; color: #444444; font-family: Magra, sans-serif;\" \/><span style=\"color: #444444; font-family: Magra, sans-serif;\">\u00c1reas de inter\u00e9s: Alimentaci\u00f3n infantil, crianza natural, lactancia materna, prevenci\u00f3n de enfermedades cr\u00f3nicas, ambientes saludables para la infancia.<\/span><\/p><\/div>\n\t\t\t\t<\/div>\n\t\t\t\t\t\t\t\t<\/div>\n\t\t\t\t\t\t<\/div>\n\t\t\t\t<\/div>\n\t\t\t\t\t<\/div>\n\t\t<\/div>\n\t\t\t\t<div class=\"elementor-column elementor-col-16 elementor-top-column elementor-element elementor-element-31f1c2d\" data-id=\"31f1c2d\" data-element_type=\"column\" data-e-type=\"column\">\n\t\t\t<div class=\"elementor-widget-wrap elementor-element-populated\">\n\t\t\t\t\t\t<div class=\"elementor-element elementor-element-aaa0e62 elementor-position-top elementor-widget elementor-widget-image-box\" data-id=\"aaa0e62\" data-element_type=\"widget\" data-e-type=\"widget\" data-widget_type=\"image-box.default\">\n\t\t\t\t<div class=\"elementor-widget-container\">\n\t\t\t\t\t<div class=\"elementor-image-box-wrapper\"><figure class=\"elementor-image-box-img\"><img loading=\"lazy\" decoding=\"async\" width=\"1080\" height=\"1080\" src=\"https:\/\/pehsu.org\/wp\/wp-content\/uploads\/Diseno-sin-titulo-3.png\" class=\"attachment-full size-full wp-image-3419\" alt=\"\" srcset=\"https:\/\/pehsu.org\/wp\/wp-content\/uploads\/Diseno-sin-titulo-3.png 1080w, https:\/\/pehsu.org\/wp\/wp-content\/uploads\/Diseno-sin-titulo-3-300x300.png 300w, https:\/\/pehsu.org\/wp\/wp-content\/uploads\/Diseno-sin-titulo-3-1024x1024.png 1024w, https:\/\/pehsu.org\/wp\/wp-content\/uploads\/Diseno-sin-titulo-3-150x150.png 150w\" sizes=\"(max-width: 1080px) 100vw, 1080px\" \/><\/figure><div class=\"elementor-image-box-content\"><h3 class=\"elementor-image-box-title\">Pastor Torres, Encarna (2006- 2010)<\/h3><p class=\"elementor-image-box-description\">Enfermera de ecolactancia<\/p><\/div><\/div>\t\t\t\t<\/div>\n\t\t\t\t<\/div>\n\t\t\t\t<div class=\"elementor-element elementor-element-3ce9f54 elementor-widget elementor-widget-accordion\" data-id=\"3ce9f54\" data-element_type=\"widget\" data-e-type=\"widget\" data-widget_type=\"accordion.default\">\n\t\t\t\t<div class=\"elementor-widget-container\">\n\t\t\t\t\t\t\t<div class=\"elementor-accordion\">\n\t\t\t\t\t\t\t<div class=\"elementor-accordion-item\">\n\t\t\t\t\t<div id=\"elementor-tab-title-6381\" class=\"elementor-tab-title\" data-tab=\"1\" role=\"button\" aria-controls=\"elementor-tab-content-6381\" aria-expanded=\"false\">\n\t\t\t\t\t\t\t\t\t\t\t\t\t<span class=\"elementor-accordion-icon elementor-accordion-icon-left\" aria-hidden=\"true\">\n\t\t\t\t\t\t\t\t\t\t\t\t\t\t\t<span class=\"elementor-accordion-icon-closed\"><i class=\"fas fa-plus\"><\/i><\/span>\n\t\t\t\t\t\t\t\t<span class=\"elementor-accordion-icon-opened\"><i class=\"fas fa-minus\"><\/i><\/span>\n\t\t\t\t\t\t\t\t\t\t\t\t\t\t<\/span>\n\t\t\t\t\t\t\t\t\t\t\t\t<a class=\"elementor-accordion-title\" tabindex=\"0\">M\u00e1s info<\/a>\n\t\t\t\t\t<\/div>\n\t\t\t\t\t<div id=\"elementor-tab-content-6381\" class=\"elementor-tab-content elementor-clearfix\" data-tab=\"1\" role=\"region\" aria-labelledby=\"elementor-tab-title-6381\"><p><span style=\"color: #444444; font-family: Magra, sans-serif;\">Diplomada Universitaria en Enfermer\u00eda.<\/span><br style=\"box-sizing: inherit; color: #444444; font-family: Magra, sans-serif;\" \/><span style=\"color: #444444; font-family: Magra, sans-serif;\">Consultora de Lactancia.<\/span><br style=\"box-sizing: inherit; color: #444444; font-family: Magra, sans-serif;\" \/><span style=\"color: #444444; font-family: Magra, sans-serif;\">Responsable del programa de promoci\u00f3n y protecci\u00f3n del ecosistema de la lactancia materna.<\/span><br style=\"box-sizing: inherit; color: #444444; font-family: Magra, sans-serif;\" \/><span style=\"color: #444444; font-family: Magra, sans-serif;\">Miembro de la Coalici\u00f3n Internacional Healthy Environments for Children Alliance (HECA) \u2013 OMS.<\/span><br style=\"box-sizing: inherit; color: #444444; font-family: Magra, sans-serif;\" \/><span style=\"color: #444444; font-family: Magra, sans-serif;\">Miembro del Grupo Lactando.<\/span><br style=\"box-sizing: inherit; color: #444444; font-family: Magra, sans-serif;\" \/><span style=\"color: #444444; font-family: Magra, sans-serif;\">\u00c1reas de inter\u00e9s: Alimentaci\u00f3n infantil, crianza natural, lactancia materna, prevenci\u00f3n de enfermedades cr\u00f3nicas, ambientes saludables para la infancia.<\/span><\/p><\/div>\n\t\t\t\t<\/div>\n\t\t\t\t\t\t\t\t<\/div>\n\t\t\t\t\t\t<\/div>\n\t\t\t\t<\/div>\n\t\t\t\t\t<\/div>\n\t\t<\/div>\n\t\t\t\t<div class=\"elementor-column elementor-col-16 elementor-top-column elementor-element elementor-element-d330c75\" data-id=\"d330c75\" data-element_type=\"column\" data-e-type=\"column\">\n\t\t\t<div class=\"elementor-widget-wrap elementor-element-populated\">\n\t\t\t\t\t\t<div class=\"elementor-element elementor-element-54f8a44 elementor-position-top elementor-widget elementor-widget-image-box\" data-id=\"54f8a44\" data-element_type=\"widget\" data-e-type=\"widget\" data-widget_type=\"image-box.default\">\n\t\t\t\t<div class=\"elementor-widget-container\">\n\t\t\t\t\t<div class=\"elementor-image-box-wrapper\"><figure class=\"elementor-image-box-img\"><img loading=\"lazy\" decoding=\"async\" width=\"1080\" height=\"1080\" src=\"https:\/\/pehsu.org\/wp\/wp-content\/uploads\/Diplomada-Universitaria-en-Enfermeria.-Consultora-de-Lactancia.-Responsable-del-programa-de-promocion-y-proteccion-del-ecosistema-de-la-lactancia-materna.-Miembro-de-la-Coalicion-Internacional-Hea-1.png\" class=\"attachment-full size-full wp-image-3431\" alt=\"\" srcset=\"https:\/\/pehsu.org\/wp\/wp-content\/uploads\/Diplomada-Universitaria-en-Enfermeria.-Consultora-de-Lactancia.-Responsable-del-programa-de-promocion-y-proteccion-del-ecosistema-de-la-lactancia-materna.-Miembro-de-la-Coalicion-Internacional-Hea-1.png 1080w, https:\/\/pehsu.org\/wp\/wp-content\/uploads\/Diplomada-Universitaria-en-Enfermeria.-Consultora-de-Lactancia.-Responsable-del-programa-de-promocion-y-proteccion-del-ecosistema-de-la-lactancia-materna.-Miembro-de-la-Coalicion-Internacional-Hea-1-300x300.png 300w, https:\/\/pehsu.org\/wp\/wp-content\/uploads\/Diplomada-Universitaria-en-Enfermeria.-Consultora-de-Lactancia.-Responsable-del-programa-de-promocion-y-proteccion-del-ecosistema-de-la-lactancia-materna.-Miembro-de-la-Coalicion-Internacional-Hea-1-1024x1024.png 1024w, https:\/\/pehsu.org\/wp\/wp-content\/uploads\/Diplomada-Universitaria-en-Enfermeria.-Consultora-de-Lactancia.-Responsable-del-programa-de-promocion-y-proteccion-del-ecosistema-de-la-lactancia-materna.-Miembro-de-la-Coalicion-Internacional-Hea-1-150x150.png 150w\" sizes=\"(max-width: 1080px) 100vw, 1080px\" \/><\/figure><div class=\"elementor-image-box-content\"><h3 class=\"elementor-image-box-title\">Esquerdo Laib, M\u00f3nica <br>(2010 - 2015)<\/h3><p class=\"elementor-image-box-description\">Enfermera de Ecolactancia<\/p><\/div><\/div>\t\t\t\t<\/div>\n\t\t\t\t<\/div>\n\t\t\t\t<div class=\"elementor-element elementor-element-e288994 elementor-widget elementor-widget-accordion\" data-id=\"e288994\" data-element_type=\"widget\" data-e-type=\"widget\" data-widget_type=\"accordion.default\">\n\t\t\t\t<div class=\"elementor-widget-container\">\n\t\t\t\t\t\t\t<div class=\"elementor-accordion\">\n\t\t\t\t\t\t\t<div class=\"elementor-accordion-item\">\n\t\t\t\t\t<div id=\"elementor-tab-title-2371\" class=\"elementor-tab-title\" data-tab=\"1\" role=\"button\" aria-controls=\"elementor-tab-content-2371\" aria-expanded=\"false\">\n\t\t\t\t\t\t\t\t\t\t\t\t\t<span class=\"elementor-accordion-icon elementor-accordion-icon-left\" aria-hidden=\"true\">\n\t\t\t\t\t\t\t\t\t\t\t\t\t\t\t<span class=\"elementor-accordion-icon-closed\"><i class=\"fas fa-plus\"><\/i><\/span>\n\t\t\t\t\t\t\t\t<span class=\"elementor-accordion-icon-opened\"><i class=\"fas fa-minus\"><\/i><\/span>\n\t\t\t\t\t\t\t\t\t\t\t\t\t\t<\/span>\n\t\t\t\t\t\t\t\t\t\t\t\t<a class=\"elementor-accordion-title\" tabindex=\"0\">M\u00e1s info<\/a>\n\t\t\t\t\t<\/div>\n\t\t\t\t\t<div id=\"elementor-tab-content-2371\" class=\"elementor-tab-content elementor-clearfix\" data-tab=\"1\" role=\"region\" aria-labelledby=\"elementor-tab-title-2371\"><p><span style=\"color: #444444; font-family: Magra, sans-serif;\">Diplomada Universitaria en Enfermer\u00eda.<\/span><br style=\"box-sizing: inherit; color: #444444; font-family: Magra, sans-serif;\" \/><span style=\"color: #444444; font-family: Magra, sans-serif;\">Responsable del programa de promoci\u00f3n y protecci\u00f3n del ecosistema de la lactancia materna.<\/span><br style=\"box-sizing: inherit; color: #444444; font-family: Magra, sans-serif;\" \/><span style=\"color: #444444; font-family: Magra, sans-serif;\">\u00c1reas de inter\u00e9s: Alimentaci\u00f3n infantil, crianza natural, lactancia materna, prevenci\u00f3n de enfermedades cr\u00f3nicas, ambientes saludables para la infancia.<\/span><\/p><\/div>\n\t\t\t\t<\/div>\n\t\t\t\t\t\t\t\t<\/div>\n\t\t\t\t\t\t<\/div>\n\t\t\t\t<\/div>\n\t\t\t\t\t<\/div>\n\t\t<\/div>\n\t\t\t\t\t<\/div>\n\t\t<\/section>\n\t\t\t\t<section class=\"elementor-section elementor-top-section elementor-element elementor-element-b88def2 elementor-section-boxed elementor-section-height-default elementor-section-height-default\" data-id=\"b88def2\" data-element_type=\"section\" data-e-type=\"section\">\n\t\t\t\t\t\t<div class=\"elementor-container elementor-column-gap-default\">\n\t\t\t\t\t<div class=\"elementor-column elementor-col-100 elementor-top-column elementor-element elementor-element-03e8dbb\" data-id=\"03e8dbb\" data-element_type=\"column\" data-e-type=\"column\">\n\t\t\t<div class=\"elementor-widget-wrap\">\n\t\t\t\t\t\t\t<\/div>\n\t\t<\/div>\n\t\t\t\t\t<\/div>\n\t\t<\/section>\n\t\t\t\t<section class=\"elementor-section elementor-top-section elementor-element elementor-element-fa7265a elementor-section-boxed elementor-section-height-default elementor-section-height-default\" data-id=\"fa7265a\" data-element_type=\"section\" data-e-type=\"section\">\n\t\t\t\t\t\t<div class=\"elementor-container elementor-column-gap-default\">\n\t\t\t\t\t<div class=\"elementor-column elementor-col-100 elementor-top-column elementor-element elementor-element-217140c\" data-id=\"217140c\" data-element_type=\"column\" data-e-type=\"column\">\n\t\t\t<div class=\"elementor-widget-wrap elementor-element-populated\">\n\t\t\t\t\t\t<div class=\"elementor-element elementor-element-c3531b6 elementor-widget elementor-widget-html\" data-id=\"c3531b6\" data-element_type=\"widget\" data-e-type=\"widget\" data-widget_type=\"html.default\">\n\t\t\t\t<div class=\"elementor-widget-container\">\n\t\t\t\t\t<script>\r\nvar targetElement = document.querySelector('.elementor-tab-title')\r\n\r\nvar observer = new MutationObserver(function(mutationsList) {\r\n    for (var mutation of mutationsList) {\r\n        if (mutation.type === 'attributes' && mutation.attributeName === 'class') {\r\n            if (targetElement.classList.contains('elementor-active')) {\r\n                document.querySelectorAll('.elementor-tab-title').forEach(function(tab){\r\n                    tab.classList.remove('elementor-active');\r\n                });\r\n                \r\n                document.querySelectorAll('.elementor-tab-content').forEach(function(tab){\r\n                    tab.style.display = 'none';\r\n                });\r\n\r\n                observer.disconnect();\r\n            }\r\n        }\r\n    }\r\n});\r\n\r\nobserver.observe(targetElement, { attributes: true });\r\n<\/script>\t\t\t\t<\/div>\n\t\t\t\t<\/div>\n\t\t\t\t<div class=\"elementor-element elementor-element-77b7070 elementor-widget elementor-widget-heading\" data-id=\"77b7070\" data-element_type=\"widget\" data-e-type=\"widget\" data-widget_type=\"heading.default\">\n\t\t\t\t<div class=\"elementor-widget-container\">\n\t\t\t\t\t<h2 class=\"elementor-heading-title elementor-size-default\">Ultimas entradas<\/h2>\t\t\t\t<\/div>\n\t\t\t\t<\/div>\n\t\t\t\t\t<\/div>\n\t\t<\/div>\n\t\t\t\t\t<\/div>\n\t\t<\/section>\n\t\t\t\t<section class=\"elementor-section elementor-top-section elementor-element elementor-element-50ca107 elementor-section-boxed elementor-section-height-default elementor-section-height-default\" data-id=\"50ca107\" data-element_type=\"section\" data-e-type=\"section\">\n\t\t\t\t\t\t<div class=\"elementor-container elementor-column-gap-default\">\n\t\t\t\t\t<div class=\"elementor-column elementor-col-100 elementor-top-column elementor-element elementor-element-e995bd3\" data-id=\"e995bd3\" data-element_type=\"column\" data-e-type=\"column\">\n\t\t\t<div class=\"elementor-widget-wrap elementor-element-populated\">\n\t\t\t\t\t\t<div class=\"elementor-element elementor-element-1293ea4 elementor-grid-3 elementor-grid-tablet-2 elementor-grid-mobile-1 elementor-widget elementor-widget-wpzoom-elementor-addons-posts-grid\" data-id=\"1293ea4\" data-element_type=\"widget\" data-e-type=\"widget\" data-settings=\"{&quot;columns&quot;:&quot;3&quot;,&quot;columns_tablet&quot;:&quot;2&quot;,&quot;columns_mobile&quot;:&quot;1&quot;}\" data-widget_type=\"wpzoom-elementor-addons-posts-grid.default\">\n\t\t\t\t<div class=\"elementor-widget-container\">\n\t\t\t\t\t\t\t<div \n\t\t\tclass=\"wpz-grid\" \n\t\t\tdata-uid=\"1293ea4\"\n\t\t\tdata-offset=\"3\"\n\t\t\tdata-posts-grid='{\"posts_per_page\":3,\"post_status\":\"publish\",\"paged\":1,\"post__not_in\":[],\"ignore_sticky_posts\":true,\"category_name\":\"\",\"no_found_rows\":true,\"orderby\":\"post_date\",\"order\":\"desc\",\"offset\":3,\"show_image\":\"yes\",\"post_thumbnail_size\":\"large\",\"show_title\":\"yes\",\"title_tag\":\"h3\",\"meta_data\":[\"date\",\"comments\"],\"show_excerpt\":\"yes\",\"excerpt_length\":25,\"show_read_more\":\"yes\",\"read_more_text\":\"Read More \\u00bb\",\"grid_style\":\"3\",\"total\":0}'>\n\t\t\t\t\t\t<div class=\"wpz-grid-container elementor-grid wpz-grid-desktop-3  wpz-grid-tablet-2  wpz-grid-mobile-1 \">\n\t\t\t\t\n        <article id=\"post-5997\" class=\"wpz-post post-5997 post type-post status-publish format-standard has-post-thumbnail hentry category-destacado\">\n         \n            <div class=\"post-grid-inner\">\n            \t\n                \t\t<h3 class=\"title\">\n\t\t\t<a href=\"https:\/\/pehsu.org\/wp\/?p=5997\" title=\"Hacia una cardiolog\u00eda ambiental pedi\u00e1trica: una propuesta compartida con Cardiolog\u00eda Pedi\u00e1trica de La Paz\">Hacia una cardiolog\u00eda ambiental pedi\u00e1trica: una propuesta compartida con Cardiolog\u00eda Pedi\u00e1trica de La Paz<\/a>\n\t\t<\/h3>\n\t\t                \n                \t\t<div class=\"post-grid-meta\">\n\t\t\t<span class=\"post-date\">27 marzo, 2026<\/span><span class=\"post-comments\">No hay comentarios<\/span>\t\t<\/div>\n\t\t            \t\n                \t\t\t<div class=\"post-grid-thumbnail\">\n\t\t\t\t<a href=\"https:\/\/pehsu.org\/wp\/?p=5997\" title=\"Hacia una cardiolog\u00eda ambiental pedi\u00e1trica: una propuesta compartida con Cardiolog\u00eda Pedi\u00e1trica de La Paz\">\n\t\t\t\t\t<img loading=\"lazy\" decoding=\"async\" width=\"768\" height=\"1024\" src=\"https:\/\/pehsu.org\/wp\/wp-content\/uploads\/PHOTO-2026-03-26-15-44-12-768x1024.jpg\" class=\"attachment-large size-large wp-post-image\" alt=\"\" srcset=\"https:\/\/pehsu.org\/wp\/wp-content\/uploads\/PHOTO-2026-03-26-15-44-12-768x1024.jpg 768w, https:\/\/pehsu.org\/wp\/wp-content\/uploads\/PHOTO-2026-03-26-15-44-12-225x300.jpg 225w, https:\/\/pehsu.org\/wp\/wp-content\/uploads\/PHOTO-2026-03-26-15-44-12.jpg 1200w\" sizes=\"100vw\" \/>\t\t\t\t<\/a>\n\t\t\t<\/div>\n\t\t\n                <div class=\"post-grid-text-wrap\">\n\t                <div class=\"post-grid-excerpt\"><p>El pasado 26 de marzo de 2026, Juan Antonio Ortega present\u00f3 en el Servicio de Cardiolog\u00eda Pedi\u00e1trica del Hospital Universitario La Paz la propuesta \u201cCardiolog\u00eda&hellip;<\/p>\n<\/div>\t                <a class=\"read-more-btn\" href=\"https:\/\/pehsu.org\/wp\/?p=5997\">Read More \u00bb<\/a>                <\/div>\n\n            <\/div><!-- .blog-inner -->\n           \n        <\/article>\n\n        \n        <article id=\"post-5383\" class=\"wpz-post post-5383 post type-post status-publish format-standard has-post-thumbnail hentry category-destacado\">\n         \n            <div class=\"post-grid-inner\">\n            \t\n                \t\t<h3 class=\"title\">\n\t\t\t<a href=\"https:\/\/pehsu.org\/wp\/?p=5383\" title=\"\ud83c\udf31Ir r\u00edo arriba: cuando la supervivencia empieza de verdad el d\u00eda del diagn\u00f3stico\">\ud83c\udf31Ir r\u00edo arriba: cuando la supervivencia empieza de verdad el d\u00eda del diagn\u00f3stico<\/a>\n\t\t<\/h3>\n\t\t                \n                \t\t<div class=\"post-grid-meta\">\n\t\t\t<span class=\"post-date\">20 diciembre, 2025<\/span><span class=\"post-comments\">No hay comentarios<\/span>\t\t<\/div>\n\t\t            \t\n                \t\t\t<div class=\"post-grid-thumbnail\">\n\t\t\t\t<a href=\"https:\/\/pehsu.org\/wp\/?p=5383\" title=\"\ud83c\udf31Ir r\u00edo arriba: cuando la supervivencia empieza de verdad el d\u00eda del diagn\u00f3stico\">\n\t\t\t\t\t<img loading=\"lazy\" decoding=\"async\" width=\"600\" height=\"400\" src=\"https:\/\/pehsu.org\/wp\/wp-content\/uploads\/depositphotos_349297260-stock-photo-cute-little-children-holding-hands.webp\" class=\"attachment-large size-large wp-post-image\" alt=\"\" srcset=\"https:\/\/pehsu.org\/wp\/wp-content\/uploads\/depositphotos_349297260-stock-photo-cute-little-children-holding-hands.webp 600w, https:\/\/pehsu.org\/wp\/wp-content\/uploads\/depositphotos_349297260-stock-photo-cute-little-children-holding-hands-300x200.webp 300w\" sizes=\"100vw\" \/>\t\t\t\t<\/a>\n\t\t\t<\/div>\n\t\t\n                <div class=\"post-grid-text-wrap\">\n\t                <div class=\"post-grid-excerpt\"><p>Lo m\u00e1s potente e inspirador del art\u00edculo \u201cBeyond Precision: Ambiomic Survivorship in Childhood and AYA Cancer\u201d \ud83d\udc49 https:\/\/www.mdpi.com\/2072-6694\/18\/1\/7 es la idea de mover la supervivencia&hellip;<\/p>\n<\/div>\t                <a class=\"read-more-btn\" href=\"https:\/\/pehsu.org\/wp\/?p=5383\">Read More \u00bb<\/a>                <\/div>\n\n            <\/div><!-- .blog-inner -->\n           \n        <\/article>\n\n        \n        <article id=\"post-5318\" class=\"wpz-post post-5318 post type-post status-publish format-standard has-post-thumbnail hentry category-destacado\">\n         \n            <div class=\"post-grid-inner\">\n            \t\n                \t\t<h3 class=\"title\">\n\t\t\t<a href=\"https:\/\/pehsu.org\/wp\/?p=5318\" title=\"SALUD AZUL: Una intervenci\u00f3n innovadora en el mar para cuidar la salud de la infancia\">SALUD AZUL: Una intervenci\u00f3n innovadora en el mar para cuidar la salud de la infancia<\/a>\n\t\t<\/h3>\n\t\t                \n                \t\t<div class=\"post-grid-meta\">\n\t\t\t<span class=\"post-date\">12 julio, 2025<\/span><span class=\"post-comments\">No hay comentarios<\/span>\t\t<\/div>\n\t\t            \t\n                \t\t\t<div class=\"post-grid-thumbnail\">\n\t\t\t\t<a href=\"https:\/\/pehsu.org\/wp\/?p=5318\" title=\"SALUD AZUL: Una intervenci\u00f3n innovadora en el mar para cuidar la salud de la infancia\">\n\t\t\t\t\t<img loading=\"lazy\" decoding=\"async\" width=\"683\" height=\"1024\" src=\"https:\/\/pehsu.org\/wp\/wp-content\/uploads\/DSC00158-683x1024.jpg\" class=\"attachment-large size-large wp-post-image\" alt=\"\" srcset=\"https:\/\/pehsu.org\/wp\/wp-content\/uploads\/DSC00158-683x1024.jpg 683w, https:\/\/pehsu.org\/wp\/wp-content\/uploads\/DSC00158-200x300.jpg 200w, https:\/\/pehsu.org\/wp\/wp-content\/uploads\/DSC00158-2000x3000.jpg 2000w, https:\/\/pehsu.org\/wp\/wp-content\/uploads\/DSC00158-scaled.jpg 1707w\" sizes=\"100vw\" \/>\t\t\t\t<\/a>\n\t\t\t<\/div>\n\t\t\n                <div class=\"post-grid-text-wrap\">\n\t                <div class=\"post-grid-excerpt\"><p>SALUD AZUL: Una intervenci\u00f3n innovadora en el mar para cuidar la salud de la infancia En la Unidad de Salud Medioambiental Pedi\u00e1trica (PEHSU Murcia), apostamos&hellip;<\/p>\n<\/div>\t                <a class=\"read-more-btn\" href=\"https:\/\/pehsu.org\/wp\/?p=5318\">Read More \u00bb<\/a>                <\/div>\n\n            <\/div><!-- .blog-inner -->\n           \n        <\/article>\n\n        \t\t\t<\/div>\n\n\t\t\t\t\t\t\t\t\n\t\t<\/div><!-- \/\/.wpz-grid -->\n\t\t\t\t\t\t<\/div>\n\t\t\t\t<\/div>\n\t\t\t\t\t<\/div>\n\t\t<\/div>\n\t\t\t\t\t<\/div>\n\t\t<\/section>\n\t\t\t\t<\/div>\n\t\t","protected":false},"excerpt":{"rendered":"<p>Definici\u00f3n de Pehsu PEHSU-Murcia, Winner of the Pan-European Children\u2019s Environment and Health Awards, Vienna Intergovernmental Mid-term Review (IMR) of the Children\u2019s Environment and Health Action Plan for Europe (CEHAPE), 2007 PEHSU-Murcia es una unidad cl\u00ednica situada en el Servicio de Pediatr\u00eda del Hospital Cl\u00ednico Universitario Virgen de la Arrixaca donde trabajan m\u00e9dicos de familia, pediatras, &hellip; <\/p>\n<p class=\"link-more\"><a href=\"https:\/\/pehsu.org\/wp\/?p=5318\" class=\"more-link\">Leer m\u00e1s<span class=\"screen-reader-text\"> \u00abSALUD AZUL: Una intervenci\u00f3n innovadora en el mar para cuidar la salud de la infancia\u00bb<\/span><\/a><\/p>\n","protected":false},"author":1,"featured_media":0,"parent":0,"menu_order":0,"comment_status":"closed","ping_status":"closed","template":"","meta":{"inspiro_hide_title":false,"footnotes":""},"class_list":["post-3343","page","type-page","status-publish","hentry"],"aioseo_notices":[],"_links":{"self":[{"href":"https:\/\/pehsu.org\/wp\/index.php?rest_route=\/wp\/v2\/pages\/3343","targetHints":{"allow":["GET"]}}],"collection":[{"href":"https:\/\/pehsu.org\/wp\/index.php?rest_route=\/wp\/v2\/pages"}],"about":[{"href":"https:\/\/pehsu.org\/wp\/index.php?rest_route=\/wp\/v2\/types\/page"}],"author":[{"embeddable":true,"href":"https:\/\/pehsu.org\/wp\/index.php?rest_route=\/wp\/v2\/users\/1"}],"replies":[{"embeddable":true,"href":"https:\/\/pehsu.org\/wp\/index.php?rest_route=%2Fwp%2Fv2%2Fcomments&post=3343"}],"version-history":[{"count":157,"href":"https:\/\/pehsu.org\/wp\/index.php?rest_route=\/wp\/v2\/pages\/3343\/revisions"}],"predecessor-version":[{"id":5459,"href":"https:\/\/pehsu.org\/wp\/index.php?rest_route=\/wp\/v2\/pages\/3343\/revisions\/5459"}],"wp:attachment":[{"href":"https:\/\/pehsu.org\/wp\/index.php?rest_route=%2Fwp%2Fv2%2Fmedia&parent=3343"}],"curies":[{"name":"wp","href":"https:\/\/api.w.org\/{rel}","templated":true}]}}